{"id":24512,"date":"2023-10-04T09:08:36","date_gmt":"2023-10-04T07:08:36","guid":{"rendered":"https:\/\/cedam.fr\/subplane-moebel\/"},"modified":"2023-10-06T10:01:00","modified_gmt":"2023-10-06T08:01:00","slug":"subplane-moebel","status":"publish","type":"page","link":"https:\/\/cedam.fr\/de\/subplane-moebel\/","title":{"rendered":"Subplane-M\u00f6bel"},"content":{"rendered":"\t\t<div data-elementor-type=\"wp-page\" data-elementor-id=\"24512\" class=\"elementor elementor-24512 elementor-24021\" data-elementor-post-type=\"page\">\n\t\t\t\t<div class=\"elementor-element elementor-element-e0ab670 e-flex e-con-boxed e-con e-parent\" data-id=\"e0ab670\" data-element_type=\"container\" data-e-type=\"container\">\n\t\t\t\t\t<div class=\"e-con-inner\">\n\t\t\t\t<div class=\"elementor-element elementor-element-ca9f67f elementor-widget elementor-widget-heading\" data-id=\"ca9f67f\" data-element_type=\"widget\" data-e-type=\"widget\" data-widget_type=\"heading.default\">\n\t\t\t\t<div class=\"elementor-widget-container\">\n\t\t\t\t\t<h5 class=\"elementor-heading-title elementor-size-default\">Cedam Unterbaum\u00f6bel<\/h5>\t\t\t\t<\/div>\n\t\t\t\t<\/div>\n\t\t\t\t\t<\/div>\n\t\t\t\t<\/div>\n\t\t<div class=\"elementor-element elementor-element-08dccff e-flex e-con-boxed e-con e-parent\" data-id=\"08dccff\" data-element_type=\"container\" data-e-type=\"container\">\n\t\t\t\t\t<div class=\"e-con-inner\">\n\t\t<div class=\"elementor-element elementor-element-2fc6680 e-flex e-con-boxed e-con e-child\" data-id=\"2fc6680\" data-element_type=\"container\" data-e-type=\"container\">\n\t\t\t\t\t<div class=\"e-con-inner\">\n\t\t\t\t\t<\/div>\n\t\t\t\t<\/div>\n\t\t\t\t\t<\/div>\n\t\t\t\t<\/div>\n\t\t<div class=\"elementor-element elementor-element-74f0e0d e-flex e-con-boxed e-con e-parent\" data-id=\"74f0e0d\" data-element_type=\"container\" data-e-type=\"container\">\n\t\t\t\t\t<div class=\"e-con-inner\">\n\t\t<div class=\"elementor-element elementor-element-2667a6b e-flex e-con-boxed e-con e-child\" data-id=\"2667a6b\" data-element_type=\"container\" data-e-type=\"container\">\n\t\t\t\t\t<div class=\"e-con-inner\">\n\t\t\t\t<div class=\"elementor-element elementor-element-759bc5e elementor-widget elementor-widget-text-editor\" data-id=\"759bc5e\" data-element_type=\"widget\" data-e-type=\"widget\" data-widget_type=\"text-editor.default\">\n\t\t\t\t<div class=\"elementor-widget-container\">\n\t\t\t\t\t\t\t\t\t<p><b>Was genau ist ein Waschtischunterschrank?<\/b><\/p>\n<p>Bei der Einrichtung eines Badezimmers kommt es auf jedes Detail an, um einen Raum zu schaffen, der sowohl funktional als auch angenehm ist. Zu den wichtigsten Elementen, die in dieser Gleichung eine gro\u00dfe Rolle spielen, geh\u00f6ren die Unterbaum\u00f6bel.  <br \/>Allgemein  <span style=\"font-family: var( --e-global-typography-text-font-family ), Sans-serif; font-size: var( --e-global-typography-text-font-size ); font-weight: var( --e-global-typography-text-font-weight );\"> <\/span><span style=\"font-family: var( --e-global-typography-text-font-family ), Sans-serif; font-size: var( --e-global-typography-text-font-size ); font-weight: var( --e-global-typography-text-font-weight );\">sind in der Regel so konzipiert, dass sie die Raumnutzung in einem Badezimmer maximieren, indem sie Schubladen, Regale oder Schr\u00e4nke zur Aufbewahrung von Toilettenartikeln, Handt\u00fcchern und anderen Badezimmerutensilien bieten. Sie sind in einer Vielzahl von Stilen, Gr\u00f6\u00dfen und Materialien erh\u00e4ltlich, um zu verschiedenen Badezimmereinrichtungen zu passen und spezifische Aufbewahrungsbed\u00fcrfnisse zu erf\u00fcllen.<\/span><\/p>\n\t\t\t\t\t\t\t\t<\/div>\n\t\t\t\t<\/div>\n\t\t\t\t<div class=\"elementor-element elementor-element-2a6c257 elementor-align-center elementor-widget elementor-widget-button\" data-id=\"2a6c257\" data-element_type=\"widget\" data-e-type=\"widget\" data-widget_type=\"button.default\">\n\t\t\t\t<div class=\"elementor-widget-container\">\n\t\t\t\t\t\t\t\t\t<div class=\"elementor-button-wrapper\">\n\t\t\t\t\t<a class=\"elementor-button elementor-button-link elementor-size-sm\" href=\"https:\/\/cedam.fr\/de\/sammlungen\/\">\n\t\t\t\t\t\t<span class=\"elementor-button-content-wrapper\">\n\t\t\t\t\t\t\t\t\t<span class=\"elementor-button-text\">Unsere Sammlungen<\/span>\n\t\t\t\t\t<\/span>\n\t\t\t\t\t<\/a>\n\t\t\t\t<\/div>\n\t\t\t\t\t\t\t\t<\/div>\n\t\t\t\t<\/div>\n\t\t\t\t\t<\/div>\n\t\t\t\t<\/div>\n\t\t\t\t<div class=\"elementor-element elementor-element-2d7bca1 elementor-widget elementor-widget-text-editor\" data-id=\"2d7bca1\" data-element_type=\"widget\" data-e-type=\"widget\" data-widget_type=\"text-editor.default\">\n\t\t\t\t<div class=\"elementor-widget-container\">\n\t\t\t\t\t\t\t\t\t<p>Ein Unterschrank ist viel mehr als nur ein Stauraum. Es ist auch &#8230;<\/p>\n\t\t\t\t\t\t\t\t<\/div>\n\t\t\t\t<\/div>\n\t\t\t\t\t<\/div>\n\t\t\t\t<\/div>\n\t\t\t\t<section class=\"elementor-section elementor-inner-section elementor-element elementor-element-3966377 elementor-section-boxed elementor-section-height-default elementor-section-height-default\" data-id=\"3966377\" data-element_type=\"section\" data-e-type=\"section\">\n\t\t\t\t\t\t<div class=\"elementor-container elementor-column-gap-default\">\n\t\t\t\t\t<div class=\"elementor-column elementor-col-33 elementor-inner-column elementor-element elementor-element-b14a2d1\" data-id=\"b14a2d1\" data-element_type=\"column\" data-e-type=\"column\">\n\t\t\t<div class=\"elementor-widget-wrap elementor-element-populated\">\n\t\t\t\t\t\t<div class=\"elementor-element elementor-element-4aace18 elementor-widget elementor-widget-text-editor\" data-id=\"4aace18\" data-element_type=\"widget\" data-e-type=\"widget\" data-widget_type=\"text-editor.default\">\n\t\t\t\t<div class=\"elementor-widget-container\">\n\t\t\t\t\t\t\t\t\t<p><strong>Die Optimierung Ihres Raumes :<\/strong><\/p>\n<p>Einer der offensichtlichsten Vorteile eines Unterschranks liegt in seiner F\u00e4higkeit, den verf\u00fcgbaren Platz im Badezimmer maximal auszunutzen. Durch die geschickte Installation eines Unterschranks, der mit einer Platte ausgestattet ist, k\u00f6nnen Sie eine zus\u00e4tzliche Ablagefl\u00e4che, eine Bank oder sogar einen Schminktisch schaffen.<\/p>\n\t\t\t\t\t\t\t\t<\/div>\n\t\t\t\t<\/div>\n\t\t\t\t\t<\/div>\n\t\t<\/div>\n\t\t\t\t<div class=\"elementor-column elementor-col-33 elementor-inner-column elementor-element elementor-element-d446c05\" data-id=\"d446c05\" data-element_type=\"column\" data-e-type=\"column\">\n\t\t\t<div class=\"elementor-widget-wrap elementor-element-populated\">\n\t\t\t\t\t\t<div class=\"elementor-element elementor-element-e63d1ef elementor-widget elementor-widget-text-editor\" data-id=\"e63d1ef\" data-element_type=\"widget\" data-e-type=\"widget\" data-widget_type=\"text-editor.default\">\n\t\t\t\t<div class=\"elementor-widget-container\">\n\t\t\t\t\t\t\t\t\t<p><strong>Ein pers\u00f6nlicher Stil :<\/strong><\/p>\n<p>Unterbaum\u00f6bel sind in einer Vielzahl von Stilen, Farben und Materialien erh\u00e4ltlich, sodass sie sich an jeden Geschmack und jede Badezimmereinrichtung anpassen lassen. Ob Sie einen modernen, klaren Look bevorzugen, rustikal und traditionell oder sogar zeitgen\u00f6ssisch mit einem Hauch von Industriedesign &#8211; es gibt einen Unterschrank, der Ihren \u00e4sthetischen Vorstellungen entspricht.  <\/p>\n\t\t\t\t\t\t\t\t<\/div>\n\t\t\t\t<\/div>\n\t\t\t\t\t<\/div>\n\t\t<\/div>\n\t\t\t\t<div class=\"elementor-column elementor-col-33 elementor-inner-column elementor-element elementor-element-fdf70f9\" data-id=\"fdf70f9\" data-element_type=\"column\" data-e-type=\"column\">\n\t\t\t<div class=\"elementor-widget-wrap elementor-element-populated\">\n\t\t\t\t\t\t<div class=\"elementor-element elementor-element-0feda82 elementor-widget elementor-widget-text-editor\" data-id=\"0feda82\" data-element_type=\"widget\" data-e-type=\"widget\" data-widget_type=\"text-editor.default\">\n\t\t\t\t<div class=\"elementor-widget-container\">\n\t\t\t\t\t\t\t\t\t<p><strong>Verbesserte Funktionalit\u00e4t :<\/strong><\/p>\n<p>Neben der Aufbewahrung bieten Unterbaum\u00f6bel oft zus\u00e4tzliche Funktionen, um das Erlebnis im Badezimmer zu verbessern.<\/p>\n\t\t\t\t\t\t\t\t<\/div>\n\t\t\t\t<\/div>\n\t\t\t\t\t<\/div>\n\t\t<\/div>\n\t\t\t\t\t<\/div>\n\t\t<\/section>\n\t\t<div class=\"elementor-element elementor-element-40a1452 e-flex e-con-boxed e-con e-parent\" data-id=\"40a1452\" data-element_type=\"container\" data-e-type=\"container\">\n\t\t\t\t\t<div class=\"e-con-inner\">\n\t\t\t\t<div class=\"elementor-element elementor-element-4b8c982 elementor-widget elementor-widget-gallery\" data-id=\"4b8c982\" data-element_type=\"widget\" data-e-type=\"widget\" data-settings=\"{&quot;lazyload&quot;:&quot;yes&quot;,&quot;gallery_layout&quot;:&quot;grid&quot;,&quot;columns&quot;:4,&quot;columns_tablet&quot;:2,&quot;columns_mobile&quot;:1,&quot;gap&quot;:{&quot;unit&quot;:&quot;px&quot;,&quot;size&quot;:10,&quot;sizes&quot;:[]},&quot;gap_tablet&quot;:{&quot;unit&quot;:&quot;px&quot;,&quot;size&quot;:10,&quot;sizes&quot;:[]},&quot;gap_mobile&quot;:{&quot;unit&quot;:&quot;px&quot;,&quot;size&quot;:10,&quot;sizes&quot;:[]},&quot;link_to&quot;:&quot;file&quot;,&quot;aspect_ratio&quot;:&quot;3:2&quot;,&quot;overlay_background&quot;:&quot;yes&quot;,&quot;content_hover_animation&quot;:&quot;fade-in&quot;}\" data-widget_type=\"gallery.default\">\n\t\t\t\t<div class=\"elementor-widget-container\">\n\t\t\t\t\t\t\t<div class=\"elementor-gallery__container\">\n\t\t\t\t\t\t\t<a class=\"e-gallery-item elementor-gallery-item elementor-animated-content\" href=\"https:\/\/cedam.fr\/wp-content\/uploads\/2023\/09\/LAURA-scaled.jpg\" data-elementor-open-lightbox=\"yes\" data-elementor-lightbox-slideshow=\"4b8c982\" data-elementor-lightbox-title=\"LAURA\" data-e-action-hash=\"#elementor-action%3Aaction%3Dlightbox%26settings%3DeyJpZCI6MjMyNDksInVybCI6Imh0dHBzOlwvXC9jZWRhbS5mclwvd3AtY29udGVudFwvdXBsb2Fkc1wvMjAyM1wvMDlcL0xBVVJBLXNjYWxlZC5qcGciLCJzbGlkZXNob3ciOiI0YjhjOTgyIn0%3D\">\n\t\t\t\t\t<div class=\"e-gallery-image elementor-gallery-item__image\" data-thumbnail=\"https:\/\/cedam.fr\/wp-content\/uploads\/2023\/09\/LAURA-300x205.jpg\" data-width=\"300\" data-height=\"205\" aria-label=\"\" role=\"img\" ><\/div>\n\t\t\t\t\t\t\t\t\t\t\t<div class=\"elementor-gallery-item__overlay\"><\/div>\n\t\t\t\t\t\t\t\t\t\t\t\t\t\t<\/a>\n\t\t\t\t\t\t\t<a class=\"e-gallery-item elementor-gallery-item elementor-animated-content\" href=\"https:\/\/cedam.fr\/wp-content\/uploads\/2023\/09\/zoe-amb10.jpg\" data-elementor-open-lightbox=\"yes\" data-elementor-lightbox-slideshow=\"4b8c982\" data-elementor-lightbox-title=\"LARGEUR 121 CM - CACHEMIRE PREMIUM MAT - PLAN EN MARBRE RECONSTITU\u00c9 BRILLANT (GSPLAN)\" data-e-action-hash=\"#elementor-action%3Aaction%3Dlightbox%26settings%3DeyJpZCI6MjI5MjcsInVybCI6Imh0dHBzOlwvXC9jZWRhbS5mclwvd3AtY29udGVudFwvdXBsb2Fkc1wvMjAyM1wvMDlcL3pvZS1hbWIxMC5qcGciLCJzbGlkZXNob3ciOiI0YjhjOTgyIn0%3D\">\n\t\t\t\t\t<div class=\"e-gallery-image elementor-gallery-item__image\" data-thumbnail=\"https:\/\/cedam.fr\/wp-content\/uploads\/2023\/09\/zoe-amb10-300x245.jpg\" data-width=\"300\" data-height=\"245\" aria-label=\"\" role=\"img\" ><\/div>\n\t\t\t\t\t\t\t\t\t\t\t<div class=\"elementor-gallery-item__overlay\"><\/div>\n\t\t\t\t\t\t\t\t\t\t\t\t\t\t<\/a>\n\t\t\t\t\t\t\t<a class=\"e-gallery-item elementor-gallery-item elementor-animated-content\" href=\"https:\/\/cedam.fr\/wp-content\/uploads\/2023\/09\/gloss-amb11.jpg\" data-elementor-open-lightbox=\"yes\" data-elementor-lightbox-slideshow=\"4b8c982\" data-elementor-lightbox-title=\"LARGEUR 121 CM - GRAPHITE BRILLANT AVEC POIGN\u00c9E INOX BROSS\u00c9 - VASQUE \u00c0 POSER EN SOLID SURFACE MAT (HADES)\" data-e-action-hash=\"#elementor-action%3Aaction%3Dlightbox%26settings%3DeyJpZCI6MjI4NjcsInVybCI6Imh0dHBzOlwvXC9jZWRhbS5mclwvd3AtY29udGVudFwvdXBsb2Fkc1wvMjAyM1wvMDlcL2dsb3NzLWFtYjExLmpwZyIsInNsaWRlc2hvdyI6IjRiOGM5ODIifQ%3D%3D\">\n\t\t\t\t\t<div class=\"e-gallery-image elementor-gallery-item__image\" data-thumbnail=\"https:\/\/cedam.fr\/wp-content\/uploads\/2023\/09\/gloss-amb11-300x214.jpg\" data-width=\"300\" data-height=\"214\" aria-label=\"\" role=\"img\" ><\/div>\n\t\t\t\t\t\t\t\t\t\t\t<div class=\"elementor-gallery-item__overlay\"><\/div>\n\t\t\t\t\t\t\t\t\t\t\t\t\t\t<\/a>\n\t\t\t\t\t\t\t<a class=\"e-gallery-item elementor-gallery-item elementor-animated-content\" href=\"https:\/\/cedam.fr\/wp-content\/uploads\/2023\/09\/gloss-amb18.jpg\" data-elementor-open-lightbox=\"yes\" data-elementor-lightbox-slideshow=\"4b8c982\" data-elementor-lightbox-title=\"LARGEUR 100 CM - SAUGE SATIN\u00c9 AVEC POIGN\u00c9E INOX BROSS\u00c9 - PLATEAU EN COMPACT BLANC - VASQUE FANAE BLANC BRILLANT\" data-e-action-hash=\"#elementor-action%3Aaction%3Dlightbox%26settings%3DeyJpZCI6MjI4NjUsInVybCI6Imh0dHBzOlwvXC9jZWRhbS5mclwvd3AtY29udGVudFwvdXBsb2Fkc1wvMjAyM1wvMDlcL2dsb3NzLWFtYjE4LmpwZyIsInNsaWRlc2hvdyI6IjRiOGM5ODIifQ%3D%3D\">\n\t\t\t\t\t<div class=\"e-gallery-image elementor-gallery-item__image\" data-thumbnail=\"https:\/\/cedam.fr\/wp-content\/uploads\/2023\/09\/gloss-amb18-300x214.jpg\" data-width=\"300\" data-height=\"214\" aria-label=\"\" role=\"img\" ><\/div>\n\t\t\t\t\t\t\t\t\t\t\t<div class=\"elementor-gallery-item__overlay\"><\/div>\n\t\t\t\t\t\t\t\t\t\t\t\t\t\t<\/a>\n\t\t\t\t\t\t\t<a class=\"e-gallery-item elementor-gallery-item elementor-animated-content\" href=\"https:\/\/cedam.fr\/wp-content\/uploads\/2023\/09\/ten-amb12.jpg\" data-elementor-open-lightbox=\"yes\" data-elementor-lightbox-slideshow=\"4b8c982\" data-elementor-lightbox-title=\"LARGEUR 2 X 71 EN D\u00c9CAL\u00c9 - B\u00c9TON CENDR\u00c9 - PLAN VASQUE EN C\u00c9RAMIQUE (EDPLAN)\" data-e-action-hash=\"#elementor-action%3Aaction%3Dlightbox%26settings%3DeyJpZCI6MjI4MjcsInVybCI6Imh0dHBzOlwvXC9jZWRhbS5mclwvd3AtY29udGVudFwvdXBsb2Fkc1wvMjAyM1wvMDlcL3Rlbi1hbWIxMi5qcGciLCJzbGlkZXNob3ciOiI0YjhjOTgyIn0%3D\">\n\t\t\t\t\t<div class=\"e-gallery-image elementor-gallery-item__image\" data-thumbnail=\"https:\/\/cedam.fr\/wp-content\/uploads\/2023\/09\/ten-amb12-300x242.jpg\" data-width=\"300\" data-height=\"242\" aria-label=\"\" role=\"img\" ><\/div>\n\t\t\t\t\t\t\t\t\t\t\t<div class=\"elementor-gallery-item__overlay\"><\/div>\n\t\t\t\t\t\t\t\t\t\t\t\t\t\t<\/a>\n\t\t\t\t\t\t\t<a class=\"e-gallery-item elementor-gallery-item elementor-animated-content\" href=\"https:\/\/cedam.fr\/wp-content\/uploads\/2023\/09\/Extenso-amb61.jpg\" data-elementor-open-lightbox=\"yes\" data-elementor-lightbox-slideshow=\"4b8c982\" data-elementor-lightbox-title=\"Meubles en Ch\u00eane vein\u00e9 milano et plan vasque en Solid surface blanc mat\" data-e-action-hash=\"#elementor-action%3Aaction%3Dlightbox%26settings%3DeyJpZCI6MjI3NzcsInVybCI6Imh0dHBzOlwvXC9jZWRhbS5mclwvd3AtY29udGVudFwvdXBsb2Fkc1wvMjAyM1wvMDlcL0V4dGVuc28tYW1iNjEuanBnIiwic2xpZGVzaG93IjoiNGI4Yzk4MiJ9\">\n\t\t\t\t\t<div class=\"e-gallery-image elementor-gallery-item__image\" data-thumbnail=\"https:\/\/cedam.fr\/wp-content\/uploads\/2023\/09\/Extenso-amb61-300x214.jpg\" data-width=\"300\" data-height=\"214\" aria-label=\"\" role=\"img\" ><\/div>\n\t\t\t\t\t\t\t\t\t\t\t<div class=\"elementor-gallery-item__overlay\"><\/div>\n\t\t\t\t\t\t\t\t\t\t\t\t\t\t<\/a>\n\t\t\t\t\t\t\t<a class=\"e-gallery-item elementor-gallery-item elementor-animated-content\" href=\"https:\/\/cedam.fr\/wp-content\/uploads\/2023\/09\/Extenso-amb81.jpg\" data-elementor-open-lightbox=\"yes\" data-elementor-lightbox-slideshow=\"4b8c982\" data-elementor-lightbox-title=\"Meubles en Noyer Tabac et plan vasque en gr\u00e8s c\u00e9rame Pietra Piasentina\" data-e-action-hash=\"#elementor-action%3Aaction%3Dlightbox%26settings%3DeyJpZCI6MjI3ODEsInVybCI6Imh0dHBzOlwvXC9jZWRhbS5mclwvd3AtY29udGVudFwvdXBsb2Fkc1wvMjAyM1wvMDlcL0V4dGVuc28tYW1iODEuanBnIiwic2xpZGVzaG93IjoiNGI4Yzk4MiJ9\">\n\t\t\t\t\t<div class=\"e-gallery-image elementor-gallery-item__image\" data-thumbnail=\"https:\/\/cedam.fr\/wp-content\/uploads\/2023\/09\/Extenso-amb81-300x214.jpg\" data-width=\"300\" data-height=\"214\" aria-label=\"\" role=\"img\" ><\/div>\n\t\t\t\t\t\t\t\t\t\t\t<div class=\"elementor-gallery-item__overlay\"><\/div>\n\t\t\t\t\t\t\t\t\t\t\t\t\t\t<\/a>\n\t\t\t\t\t\t\t<a class=\"e-gallery-item elementor-gallery-item elementor-animated-content\" href=\"https:\/\/cedam.fr\/wp-content\/uploads\/2023\/09\/Extenso-amb39.jpg\" data-elementor-open-lightbox=\"yes\" data-elementor-lightbox-slideshow=\"4b8c982\" data-elementor-lightbox-title=\"Meubles en Ch\u00eane vein\u00e9 milano et plan vasque Natura Marbre Marquina\" data-e-action-hash=\"#elementor-action%3Aaction%3Dlightbox%26settings%3DeyJpZCI6MjI3NzMsInVybCI6Imh0dHBzOlwvXC9jZWRhbS5mclwvd3AtY29udGVudFwvdXBsb2Fkc1wvMjAyM1wvMDlcL0V4dGVuc28tYW1iMzkuanBnIiwic2xpZGVzaG93IjoiNGI4Yzk4MiJ9\">\n\t\t\t\t\t<div class=\"e-gallery-image elementor-gallery-item__image\" data-thumbnail=\"https:\/\/cedam.fr\/wp-content\/uploads\/2023\/09\/Extenso-amb39-300x214.jpg\" data-width=\"300\" data-height=\"214\" aria-label=\"\" role=\"img\" ><\/div>\n\t\t\t\t\t\t\t\t\t\t\t<div class=\"elementor-gallery-item__overlay\"><\/div>\n\t\t\t\t\t\t\t\t\t\t\t\t\t\t<\/a>\n\t\t\t\t\t\t\t<a class=\"e-gallery-item elementor-gallery-item elementor-animated-content\" href=\"https:\/\/cedam.fr\/wp-content\/uploads\/2023\/09\/Extenso-amb104.jpg\" data-elementor-open-lightbox=\"yes\" data-elementor-lightbox-slideshow=\"4b8c982\" data-elementor-lightbox-title=\"Dressing sur-mesure en Noyer Am\u00e9ricain\" data-e-action-hash=\"#elementor-action%3Aaction%3Dlightbox%26settings%3DeyJpZCI6MjI3NTcsInVybCI6Imh0dHBzOlwvXC9jZWRhbS5mclwvd3AtY29udGVudFwvdXBsb2Fkc1wvMjAyM1wvMDlcL0V4dGVuc28tYW1iMTA0LmpwZyIsInNsaWRlc2hvdyI6IjRiOGM5ODIifQ%3D%3D\">\n\t\t\t\t\t<div class=\"e-gallery-image elementor-gallery-item__image\" data-thumbnail=\"https:\/\/cedam.fr\/wp-content\/uploads\/2023\/09\/Extenso-amb104-300x215.jpg\" data-width=\"300\" data-height=\"215\" aria-label=\"\" role=\"img\" ><\/div>\n\t\t\t\t\t\t\t\t\t\t\t<div class=\"elementor-gallery-item__overlay\"><\/div>\n\t\t\t\t\t\t\t\t\t\t\t\t\t\t<\/a>\n\t\t\t\t\t\t\t<a class=\"e-gallery-item elementor-gallery-item elementor-animated-content\" href=\"https:\/\/cedam.fr\/wp-content\/uploads\/2023\/08\/TEN03.jpg\" data-elementor-open-lightbox=\"yes\" data-elementor-lightbox-slideshow=\"4b8c982\" data-elementor-lightbox-title=\"TEN\" data-elementor-lightbox-description=\"Composition TEN, largeur 2 x 71 en d\u00e9cal\u00e9. D\u00e9cor Ch\u00eane San Remo,plan vasque en c\u00e9ramique.\" data-e-action-hash=\"#elementor-action%3Aaction%3Dlightbox%26settings%3DeyJpZCI6MjI0NDcsInVybCI6Imh0dHBzOlwvXC9jZWRhbS5mclwvd3AtY29udGVudFwvdXBsb2Fkc1wvMjAyM1wvMDhcL1RFTjAzLmpwZyIsInNsaWRlc2hvdyI6IjRiOGM5ODIifQ%3D%3D\">\n\t\t\t\t\t<div class=\"e-gallery-image elementor-gallery-item__image\" data-thumbnail=\"https:\/\/cedam.fr\/wp-content\/uploads\/2023\/08\/TEN03-300x244.jpg\" data-width=\"300\" data-height=\"244\" aria-label=\"\" role=\"img\" ><\/div>\n\t\t\t\t\t\t\t\t\t\t\t<div class=\"elementor-gallery-item__overlay\"><\/div>\n\t\t\t\t\t\t\t\t\t\t\t\t\t\t<\/a>\n\t\t\t\t\t\t\t<a class=\"e-gallery-item elementor-gallery-item elementor-animated-content\" href=\"https:\/\/cedam.fr\/wp-content\/uploads\/2023\/09\/ZOE-03.jpg\" data-elementor-open-lightbox=\"yes\" data-elementor-lightbox-slideshow=\"4b8c982\" data-elementor-lightbox-title=\"ZOE 03\" data-e-action-hash=\"#elementor-action%3Aaction%3Dlightbox%26settings%3DeyJpZCI6MjI1MTEsInVybCI6Imh0dHBzOlwvXC9jZWRhbS5mclwvd3AtY29udGVudFwvdXBsb2Fkc1wvMjAyM1wvMDlcL1pPRS0wMy5qcGciLCJzbGlkZXNob3ciOiI0YjhjOTgyIn0%3D\">\n\t\t\t\t\t<div class=\"e-gallery-image elementor-gallery-item__image\" data-thumbnail=\"https:\/\/cedam.fr\/wp-content\/uploads\/2023\/09\/ZOE-03-300x244.jpg\" data-width=\"300\" data-height=\"244\" aria-label=\"\" role=\"img\" ><\/div>\n\t\t\t\t\t\t\t\t\t\t\t<div class=\"elementor-gallery-item__overlay\"><\/div>\n\t\t\t\t\t\t\t\t\t\t\t\t\t\t<\/a>\n\t\t\t\t\t\t\t<a class=\"e-gallery-item elementor-gallery-item elementor-animated-content\" href=\"https:\/\/cedam.fr\/wp-content\/uploads\/2023\/08\/IMAGE-5-EXTENSO-640-x-520-pxl.jpg\" data-elementor-open-lightbox=\"yes\" data-elementor-lightbox-slideshow=\"4b8c982\" data-elementor-lightbox-title=\"EXTENSO-05\" data-elementor-lightbox-description=\"Composition en laque blanc satin\u00e9, poign\u00e9e prise de main.\nPlan vasque Natura en ch\u00eane Arizona. Niche et meubles de rangement gr\u00e8ge Premium mat, poign\u00e9es profil chrom\u00e9es\" data-e-action-hash=\"#elementor-action%3Aaction%3Dlightbox%26settings%3DeyJpZCI6MjI0MDMsInVybCI6Imh0dHBzOlwvXC9jZWRhbS5mclwvd3AtY29udGVudFwvdXBsb2Fkc1wvMjAyM1wvMDhcL0lNQUdFLTUtRVhURU5TTy02NDAteC01MjAtcHhsLmpwZyIsInNsaWRlc2hvdyI6IjRiOGM5ODIifQ%3D%3D\">\n\t\t\t\t\t<div class=\"e-gallery-image elementor-gallery-item__image\" data-thumbnail=\"https:\/\/cedam.fr\/wp-content\/uploads\/2023\/08\/IMAGE-5-EXTENSO-640-x-520-pxl-300x244.jpg\" data-width=\"300\" data-height=\"244\" aria-label=\"\" role=\"img\" ><\/div>\n\t\t\t\t\t\t\t\t\t\t\t<div class=\"elementor-gallery-item__overlay\"><\/div>\n\t\t\t\t\t\t\t\t\t\t\t\t\t\t<\/a>\n\t\t\t\t\t<\/div>\n\t\t\t\t\t<\/div>\n\t\t\t\t<\/div>\n\t\t\t\t\t<\/div>\n\t\t\t\t<\/div>\n\t\t<div class=\"elementor-element elementor-element-6f425ee e-flex e-con-boxed e-con e-parent\" data-id=\"6f425ee\" data-element_type=\"container\" data-e-type=\"container\">\n\t\t\t\t\t<div class=\"e-con-inner\">\n\t\t\t\t\t<\/div>\n\t\t\t\t<\/div>\n\t\t<div class=\"elementor-element elementor-element-4cb4b4a e-flex e-con-boxed e-con e-parent\" data-id=\"4cb4b4a\" data-element_type=\"container\" data-e-type=\"container\">\n\t\t\t\t\t<div class=\"e-con-inner\">\n\t\t\t\t\t<\/div>\n\t\t\t\t<\/div>\n\t\t\t\t<\/div>\n\t\t","protected":false},"excerpt":{"rendered":"<p>Cedam Unterbaum\u00f6bel Was genau ist ein Waschtischunterschrank? Bei der Einrichtung eines Badezimmers kommt es auf jedes Detail an, um einen Raum zu schaffen, der sowohl funktional als auch angenehm ist. Zu den wichtigsten Elementen, die in dieser Gleichung eine gro\u00dfe Rolle spielen, geh\u00f6ren die Unterbaum\u00f6bel. Allgemein sind in der Regel so konzipiert, dass sie die [&hellip;]<\/p>\n","protected":false},"author":2,"featured_media":22769,"parent":0,"menu_order":0,"comment_status":"closed","ping_status":"closed","template":"","meta":{"_acf_changed":false,"footnotes":""},"class_list":["post-24512","page","type-page","status-publish","has-post-thumbnail","hentry"],"acf":[],"yoast_head":"<!-- This site is optimized with the Yoast SEO plugin v27.4 - https:\/\/yoast.com\/product\/yoast-seo-wordpress\/ -->\n<title>Subplane-M\u00f6bel - Cedam<\/title>\n<meta name=\"description\" content=\"Ein Unterschrank im Badezimmer ist ein M\u00f6belst\u00fcck, das so konzipiert ist, dass es unter dem Waschbecken oder der Waschsch\u00fcssel im Badezimmer angebracht werden kann. Es handelt sich um ein wesentliches Element der Badezimmerm\u00f6bel, das sowohl Stauraum als auch eine Ablage f\u00fcr das Waschbecken bietet. Diese Unterbaum\u00f6bel sind in der Regel so konzipiert, dass sie die Raumnutzung in einem Badezimmer maximieren, indem sie Schubladen, Regale oder Schr\u00e4nke zur Aufbewahrung von Toilettenartikeln, Handt\u00fcchern und anderen Badezimmerutensilien bieten. Sie sind in einer Vielzahl von Stilen, Gr\u00f6\u00dfen und Materialien erh\u00e4ltlich, um zu verschiedenen Badezimmereinrichtungen zu passen und spezifische Aufbewahrungsbed\u00fcrfnisse zu erf\u00fcllen.\" \/>\n<meta name=\"robots\" content=\"index, follow, max-snippet:-1, max-image-preview:large, max-video-preview:-1\" \/>\n<link rel=\"canonical\" href=\"https:\/\/cedam.fr\/de\/subplane-moebel\/\" \/>\n<meta property=\"og:locale\" content=\"de_DE\" \/>\n<meta property=\"og:type\" content=\"article\" \/>\n<meta property=\"og:title\" content=\"Subplane-M\u00f6bel - Cedam\" \/>\n<meta property=\"og:description\" content=\"Ein Unterschrank im Badezimmer ist ein M\u00f6belst\u00fcck, das so konzipiert ist, dass es unter dem Waschbecken oder der Waschsch\u00fcssel im Badezimmer angebracht werden kann. Es handelt sich um ein wesentliches Element der Badezimmerm\u00f6bel, das sowohl Stauraum als auch eine Ablage f\u00fcr das Waschbecken bietet. Diese Unterbaum\u00f6bel sind in der Regel so konzipiert, dass sie die Raumnutzung in einem Badezimmer maximieren, indem sie Schubladen, Regale oder Schr\u00e4nke zur Aufbewahrung von Toilettenartikeln, Handt\u00fcchern und anderen Badezimmerutensilien bieten. Sie sind in einer Vielzahl von Stilen, Gr\u00f6\u00dfen und Materialien erh\u00e4ltlich, um zu verschiedenen Badezimmereinrichtungen zu passen und spezifische Aufbewahrungsbed\u00fcrfnisse zu erf\u00fcllen.\" \/>\n<meta property=\"og:url\" content=\"https:\/\/cedam.fr\/de\/subplane-moebel\/\" \/>\n<meta property=\"og:site_name\" content=\"Cedam\" \/>\n<meta property=\"article:modified_time\" content=\"2023-10-06T08:01:00+00:00\" \/>\n<meta property=\"og:image\" content=\"https:\/\/cedam.fr\/wp-content\/uploads\/2023\/09\/Extenso-amb33.jpg\" \/>\n\t<meta property=\"og:image:width\" content=\"1117\" \/>\n\t<meta property=\"og:image:height\" content=\"798\" \/>\n\t<meta property=\"og:image:type\" content=\"image\/jpeg\" \/>\n<meta name=\"twitter:card\" content=\"summary_large_image\" \/>\n<meta name=\"twitter:label1\" content=\"Gesch\u00e4tzte Lesezeit\" \/>\n\t<meta name=\"twitter:data1\" content=\"1\u00a0Minute\" \/>\n<script type=\"application\/ld+json\" class=\"yoast-schema-graph\">{\"@context\":\"https:\\\/\\\/schema.org\",\"@graph\":[{\"@type\":\"WebPage\",\"@id\":\"https:\\\/\\\/cedam.fr\\\/de\\\/subplane-moebel\\\/\",\"url\":\"https:\\\/\\\/cedam.fr\\\/de\\\/subplane-moebel\\\/\",\"name\":\"Subplane-M\u00f6bel - Cedam\",\"isPartOf\":{\"@id\":\"https:\\\/\\\/cedam.fr\\\/de\\\/#website\"},\"primaryImageOfPage\":{\"@id\":\"https:\\\/\\\/cedam.fr\\\/de\\\/subplane-moebel\\\/#primaryimage\"},\"image\":{\"@id\":\"https:\\\/\\\/cedam.fr\\\/de\\\/subplane-moebel\\\/#primaryimage\"},\"thumbnailUrl\":\"https:\\\/\\\/cedam.fr\\\/wp-content\\\/uploads\\\/2023\\\/09\\\/Extenso-amb33.jpg\",\"datePublished\":\"2023-10-04T07:08:36+00:00\",\"dateModified\":\"2023-10-06T08:01:00+00:00\",\"description\":\"Ein Unterschrank im Badezimmer ist ein M\u00f6belst\u00fcck, das so konzipiert ist, dass es unter dem Waschbecken oder der Waschsch\u00fcssel im Badezimmer angebracht werden kann. Es handelt sich um ein wesentliches Element der Badezimmerm\u00f6bel, das sowohl Stauraum als auch eine Ablage f\u00fcr das Waschbecken bietet. Diese Unterbaum\u00f6bel sind in der Regel so konzipiert, dass sie die Raumnutzung in einem Badezimmer maximieren, indem sie Schubladen, Regale oder Schr\u00e4nke zur Aufbewahrung von Toilettenartikeln, Handt\u00fcchern und anderen Badezimmerutensilien bieten. Sie sind in einer Vielzahl von Stilen, Gr\u00f6\u00dfen und Materialien erh\u00e4ltlich, um zu verschiedenen Badezimmereinrichtungen zu passen und spezifische Aufbewahrungsbed\u00fcrfnisse zu erf\u00fcllen.\",\"breadcrumb\":{\"@id\":\"https:\\\/\\\/cedam.fr\\\/de\\\/subplane-moebel\\\/#breadcrumb\"},\"inLanguage\":\"de\",\"potentialAction\":[{\"@type\":\"ReadAction\",\"target\":[\"https:\\\/\\\/cedam.fr\\\/de\\\/subplane-moebel\\\/\"]}]},{\"@type\":\"ImageObject\",\"inLanguage\":\"de\",\"@id\":\"https:\\\/\\\/cedam.fr\\\/de\\\/subplane-moebel\\\/#primaryimage\",\"url\":\"https:\\\/\\\/cedam.fr\\\/wp-content\\\/uploads\\\/2023\\\/09\\\/Extenso-amb33.jpg\",\"contentUrl\":\"https:\\\/\\\/cedam.fr\\\/wp-content\\\/uploads\\\/2023\\\/09\\\/Extenso-amb33.jpg\",\"width\":1117,\"height\":798},{\"@type\":\"BreadcrumbList\",\"@id\":\"https:\\\/\\\/cedam.fr\\\/de\\\/subplane-moebel\\\/#breadcrumb\",\"itemListElement\":[{\"@type\":\"ListItem\",\"position\":1,\"name\":\"Accueil\",\"item\":\"https:\\\/\\\/cedam.fr\\\/de\\\/\"},{\"@type\":\"ListItem\",\"position\":2,\"name\":\"Subplane-M\u00f6bel\"}]},{\"@type\":\"WebSite\",\"@id\":\"https:\\\/\\\/cedam.fr\\\/de\\\/#website\",\"url\":\"https:\\\/\\\/cedam.fr\\\/de\\\/\",\"name\":\"Cedam\",\"description\":\"\",\"publisher\":{\"@id\":\"https:\\\/\\\/cedam.fr\\\/de\\\/#organization\"},\"potentialAction\":[{\"@type\":\"SearchAction\",\"target\":{\"@type\":\"EntryPoint\",\"urlTemplate\":\"https:\\\/\\\/cedam.fr\\\/de\\\/?s={search_term_string}\"},\"query-input\":{\"@type\":\"PropertyValueSpecification\",\"valueRequired\":true,\"valueName\":\"search_term_string\"}}],\"inLanguage\":\"de\"},{\"@type\":\"Organization\",\"@id\":\"https:\\\/\\\/cedam.fr\\\/de\\\/#organization\",\"name\":\"Cedam\",\"url\":\"https:\\\/\\\/cedam.fr\\\/de\\\/\",\"logo\":{\"@type\":\"ImageObject\",\"inLanguage\":\"de\",\"@id\":\"https:\\\/\\\/cedam.fr\\\/de\\\/#\\\/schema\\\/logo\\\/image\\\/\",\"url\":\"https:\\\/\\\/cedam.fr\\\/wp-content\\\/uploads\\\/2023\\\/02\\\/new_logo_white.svg\",\"contentUrl\":\"https:\\\/\\\/cedam.fr\\\/wp-content\\\/uploads\\\/2023\\\/02\\\/new_logo_white.svg\",\"caption\":\"Cedam\"},\"image\":{\"@id\":\"https:\\\/\\\/cedam.fr\\\/de\\\/#\\\/schema\\\/logo\\\/image\\\/\"}}]}<\/script>\n<!-- \/ Yoast SEO plugin. -->","yoast_head_json":{"title":"Subplane-M\u00f6bel - Cedam","description":"Ein Unterschrank im Badezimmer ist ein M\u00f6belst\u00fcck, das so konzipiert ist, dass es unter dem Waschbecken oder der Waschsch\u00fcssel im Badezimmer angebracht werden kann. Es handelt sich um ein wesentliches Element der Badezimmerm\u00f6bel, das sowohl Stauraum als auch eine Ablage f\u00fcr das Waschbecken bietet. Diese Unterbaum\u00f6bel sind in der Regel so konzipiert, dass sie die Raumnutzung in einem Badezimmer maximieren, indem sie Schubladen, Regale oder Schr\u00e4nke zur Aufbewahrung von Toilettenartikeln, Handt\u00fcchern und anderen Badezimmerutensilien bieten. Sie sind in einer Vielzahl von Stilen, Gr\u00f6\u00dfen und Materialien erh\u00e4ltlich, um zu verschiedenen Badezimmereinrichtungen zu passen und spezifische Aufbewahrungsbed\u00fcrfnisse zu erf\u00fcllen.","robots":{"index":"index","follow":"follow","max-snippet":"max-snippet:-1","max-image-preview":"max-image-preview:large","max-video-preview":"max-video-preview:-1"},"canonical":"https:\/\/cedam.fr\/de\/subplane-moebel\/","og_locale":"de_DE","og_type":"article","og_title":"Subplane-M\u00f6bel - Cedam","og_description":"Ein Unterschrank im Badezimmer ist ein M\u00f6belst\u00fcck, das so konzipiert ist, dass es unter dem Waschbecken oder der Waschsch\u00fcssel im Badezimmer angebracht werden kann. Es handelt sich um ein wesentliches Element der Badezimmerm\u00f6bel, das sowohl Stauraum als auch eine Ablage f\u00fcr das Waschbecken bietet. Diese Unterbaum\u00f6bel sind in der Regel so konzipiert, dass sie die Raumnutzung in einem Badezimmer maximieren, indem sie Schubladen, Regale oder Schr\u00e4nke zur Aufbewahrung von Toilettenartikeln, Handt\u00fcchern und anderen Badezimmerutensilien bieten. Sie sind in einer Vielzahl von Stilen, Gr\u00f6\u00dfen und Materialien erh\u00e4ltlich, um zu verschiedenen Badezimmereinrichtungen zu passen und spezifische Aufbewahrungsbed\u00fcrfnisse zu erf\u00fcllen.","og_url":"https:\/\/cedam.fr\/de\/subplane-moebel\/","og_site_name":"Cedam","article_modified_time":"2023-10-06T08:01:00+00:00","og_image":[{"width":1117,"height":798,"url":"https:\/\/cedam.fr\/wp-content\/uploads\/2023\/09\/Extenso-amb33.jpg","type":"image\/jpeg"}],"twitter_card":"summary_large_image","twitter_misc":{"Gesch\u00e4tzte Lesezeit":"1\u00a0Minute"},"schema":{"@context":"https:\/\/schema.org","@graph":[{"@type":"WebPage","@id":"https:\/\/cedam.fr\/de\/subplane-moebel\/","url":"https:\/\/cedam.fr\/de\/subplane-moebel\/","name":"Subplane-M\u00f6bel - Cedam","isPartOf":{"@id":"https:\/\/cedam.fr\/de\/#website"},"primaryImageOfPage":{"@id":"https:\/\/cedam.fr\/de\/subplane-moebel\/#primaryimage"},"image":{"@id":"https:\/\/cedam.fr\/de\/subplane-moebel\/#primaryimage"},"thumbnailUrl":"https:\/\/cedam.fr\/wp-content\/uploads\/2023\/09\/Extenso-amb33.jpg","datePublished":"2023-10-04T07:08:36+00:00","dateModified":"2023-10-06T08:01:00+00:00","description":"Ein Unterschrank im Badezimmer ist ein M\u00f6belst\u00fcck, das so konzipiert ist, dass es unter dem Waschbecken oder der Waschsch\u00fcssel im Badezimmer angebracht werden kann. Es handelt sich um ein wesentliches Element der Badezimmerm\u00f6bel, das sowohl Stauraum als auch eine Ablage f\u00fcr das Waschbecken bietet. Diese Unterbaum\u00f6bel sind in der Regel so konzipiert, dass sie die Raumnutzung in einem Badezimmer maximieren, indem sie Schubladen, Regale oder Schr\u00e4nke zur Aufbewahrung von Toilettenartikeln, Handt\u00fcchern und anderen Badezimmerutensilien bieten. Sie sind in einer Vielzahl von Stilen, Gr\u00f6\u00dfen und Materialien erh\u00e4ltlich, um zu verschiedenen Badezimmereinrichtungen zu passen und spezifische Aufbewahrungsbed\u00fcrfnisse zu erf\u00fcllen.","breadcrumb":{"@id":"https:\/\/cedam.fr\/de\/subplane-moebel\/#breadcrumb"},"inLanguage":"de","potentialAction":[{"@type":"ReadAction","target":["https:\/\/cedam.fr\/de\/subplane-moebel\/"]}]},{"@type":"ImageObject","inLanguage":"de","@id":"https:\/\/cedam.fr\/de\/subplane-moebel\/#primaryimage","url":"https:\/\/cedam.fr\/wp-content\/uploads\/2023\/09\/Extenso-amb33.jpg","contentUrl":"https:\/\/cedam.fr\/wp-content\/uploads\/2023\/09\/Extenso-amb33.jpg","width":1117,"height":798},{"@type":"BreadcrumbList","@id":"https:\/\/cedam.fr\/de\/subplane-moebel\/#breadcrumb","itemListElement":[{"@type":"ListItem","position":1,"name":"Accueil","item":"https:\/\/cedam.fr\/de\/"},{"@type":"ListItem","position":2,"name":"Subplane-M\u00f6bel"}]},{"@type":"WebSite","@id":"https:\/\/cedam.fr\/de\/#website","url":"https:\/\/cedam.fr\/de\/","name":"Cedam","description":"","publisher":{"@id":"https:\/\/cedam.fr\/de\/#organization"},"potentialAction":[{"@type":"SearchAction","target":{"@type":"EntryPoint","urlTemplate":"https:\/\/cedam.fr\/de\/?s={search_term_string}"},"query-input":{"@type":"PropertyValueSpecification","valueRequired":true,"valueName":"search_term_string"}}],"inLanguage":"de"},{"@type":"Organization","@id":"https:\/\/cedam.fr\/de\/#organization","name":"Cedam","url":"https:\/\/cedam.fr\/de\/","logo":{"@type":"ImageObject","inLanguage":"de","@id":"https:\/\/cedam.fr\/de\/#\/schema\/logo\/image\/","url":"https:\/\/cedam.fr\/wp-content\/uploads\/2023\/02\/new_logo_white.svg","contentUrl":"https:\/\/cedam.fr\/wp-content\/uploads\/2023\/02\/new_logo_white.svg","caption":"Cedam"},"image":{"@id":"https:\/\/cedam.fr\/de\/#\/schema\/logo\/image\/"}}]}},"_links":{"self":[{"href":"https:\/\/cedam.fr\/de\/wp-json\/wp\/v2\/pages\/24512","targetHints":{"allow":["GET"]}}],"collection":[{"href":"https:\/\/cedam.fr\/de\/wp-json\/wp\/v2\/pages"}],"about":[{"href":"https:\/\/cedam.fr\/de\/wp-json\/wp\/v2\/types\/page"}],"author":[{"embeddable":true,"href":"https:\/\/cedam.fr\/de\/wp-json\/wp\/v2\/users\/2"}],"replies":[{"embeddable":true,"href":"https:\/\/cedam.fr\/de\/wp-json\/wp\/v2\/comments?post=24512"}],"version-history":[{"count":1,"href":"https:\/\/cedam.fr\/de\/wp-json\/wp\/v2\/pages\/24512\/revisions"}],"predecessor-version":[{"id":24513,"href":"https:\/\/cedam.fr\/de\/wp-json\/wp\/v2\/pages\/24512\/revisions\/24513"}],"wp:featuredmedia":[{"embeddable":true,"href":"https:\/\/cedam.fr\/de\/wp-json\/wp\/v2\/media\/22769"}],"wp:attachment":[{"href":"https:\/\/cedam.fr\/de\/wp-json\/wp\/v2\/media?parent=24512"}],"curies":[{"name":"wp","href":"https:\/\/api.w.org\/{rel}","templated":true}]}}