{"id":23591,"date":"2023-06-01T17:24:41","date_gmt":"2023-06-01T15:24:41","guid":{"rendered":"https:\/\/cedam.fr\/das-unternehmen\/"},"modified":"2024-07-18T16:55:17","modified_gmt":"2024-07-18T14:55:17","slug":"das-unternehmen","status":"publish","type":"page","link":"https:\/\/cedam.fr\/de\/das-unternehmen\/","title":{"rendered":"Das Unternehmen"},"content":{"rendered":"\t\t<div data-elementor-type=\"wp-page\" data-elementor-id=\"23591\" class=\"elementor elementor-23591 elementor-7051\" data-elementor-post-type=\"page\">\n\t\t\t\t\t\t<section class=\"elementor-section elementor-top-section elementor-element elementor-element-fa57973 elementor-section-height-min-height elementor-section-boxed elementor-section-height-default elementor-section-items-middle\" data-id=\"fa57973\" data-element_type=\"section\" data-e-type=\"section\" data-settings=\"{&quot;background_background&quot;:&quot;classic&quot;}\">\n\t\t\t\t\t\t\t<div class=\"elementor-background-overlay\"><\/div>\n\t\t\t\t\t\t\t<div class=\"elementor-container elementor-column-gap-default\">\n\t\t\t\t\t<div class=\"elementor-column elementor-col-100 elementor-top-column elementor-element elementor-element-55adb1a\" data-id=\"55adb1a\" data-element_type=\"column\" data-e-type=\"column\">\n\t\t\t<div class=\"elementor-widget-wrap elementor-element-populated\">\n\t\t\t\t\t\t<div class=\"elementor-element elementor-element-1f946ac elementor-widget elementor-widget-heading\" data-id=\"1f946ac\" data-element_type=\"widget\" data-e-type=\"widget\" data-widget_type=\"heading.default\">\n\t\t\t\t<div class=\"elementor-widget-container\">\n\t\t\t\t\t<h1 class=\"elementor-heading-title elementor-size-default\">Unser Unternehmen<\/h1>\t\t\t\t<\/div>\n\t\t\t\t<\/div>\n\t\t\t\t\t<\/div>\n\t\t<\/div>\n\t\t\t\t\t<\/div>\n\t\t<\/section>\n\t\t\t\t<section class=\"elementor-section elementor-top-section elementor-element elementor-element-f517291 elementor-section-boxed elementor-section-height-default elementor-section-height-default\" data-id=\"f517291\" data-element_type=\"section\" data-e-type=\"section\">\n\t\t\t\t\t\t<div class=\"elementor-container elementor-column-gap-default\">\n\t\t\t\t\t<div class=\"elementor-column elementor-col-100 elementor-top-column elementor-element elementor-element-f777606\" data-id=\"f777606\" data-element_type=\"column\" data-e-type=\"column\">\n\t\t\t<div class=\"elementor-widget-wrap elementor-element-populated\">\n\t\t\t\t\t\t<div class=\"elementor-element elementor-element-e26b775 elementor-widget elementor-widget-heading\" data-id=\"e26b775\" data-element_type=\"widget\" data-e-type=\"widget\" data-widget_type=\"heading.default\">\n\t\t\t\t<div class=\"elementor-widget-container\">\n\t\t\t\t\t<h2 class=\"elementor-heading-title elementor-size-default\">\u00fcber uns<\/h2>\t\t\t\t<\/div>\n\t\t\t\t<\/div>\n\t\t\t\t<div class=\"elementor-element elementor-element-b823426 elementor-widget elementor-widget-text-editor\" data-id=\"b823426\" data-element_type=\"widget\" data-e-type=\"widget\" data-widget_type=\"text-editor.default\">\n\t\t\t\t<div class=\"elementor-widget-container\">\n\t\t\t\t\t\t\t\t\t<p>Seit \u00fcber 30 Jahren gestaltet Cedam den Raum des Badezimmers neu, mit, jedes Jahr,<br \/>neue exklusive M\u00f6belkollektionen mit trendigen Linien, die Design, Funktionalit\u00e4t und \u00c4sthetik miteinander verbinden.<\/p>\n\t\t\t\t\t\t\t\t<\/div>\n\t\t\t\t<\/div>\n\t\t\t\t<section class=\"elementor-section elementor-inner-section elementor-element elementor-element-496f0b1 elementor-section-boxed elementor-section-height-default elementor-section-height-default elementor-invisible\" data-id=\"496f0b1\" data-element_type=\"section\" data-e-type=\"section\" data-settings=\"{&quot;background_background&quot;:&quot;classic&quot;,&quot;animation&quot;:&quot;fadeInLeft&quot;}\">\n\t\t\t\t\t\t<div class=\"elementor-container elementor-column-gap-default\">\n\t\t\t\t\t<div class=\"elementor-column elementor-col-50 elementor-inner-column elementor-element elementor-element-b17a280\" data-id=\"b17a280\" data-element_type=\"column\" data-e-type=\"column\">\n\t\t\t<div class=\"elementor-widget-wrap elementor-element-populated\">\n\t\t\t\t\t\t<div class=\"elementor-element elementor-element-3d7e0ec elementor-widget elementor-widget-image\" data-id=\"3d7e0ec\" data-element_type=\"widget\" data-e-type=\"widget\" data-widget_type=\"image.default\">\n\t\t\t\t<div class=\"elementor-widget-container\">\n\t\t\t\t\t\t\t\t\t\t\t\t\t\t\t<img fetchpriority=\"high\" decoding=\"async\" width=\"800\" height=\"477\" src=\"https:\/\/cedam.fr\/wp-content\/uploads\/2024\/07\/PHOTO-GROUPE-RVB-1024x610.jpg\" class=\"attachment-large size-large wp-image-31656\" alt=\"\" srcset=\"https:\/\/cedam.fr\/wp-content\/uploads\/2024\/07\/PHOTO-GROUPE-RVB-1024x610.jpg 1024w, https:\/\/cedam.fr\/wp-content\/uploads\/2024\/07\/PHOTO-GROUPE-RVB-300x179.jpg 300w, https:\/\/cedam.fr\/wp-content\/uploads\/2024\/07\/PHOTO-GROUPE-RVB-768x458.jpg 768w, https:\/\/cedam.fr\/wp-content\/uploads\/2024\/07\/PHOTO-GROUPE-RVB-1536x915.jpg 1536w, https:\/\/cedam.fr\/wp-content\/uploads\/2024\/07\/PHOTO-GROUPE-RVB-2048x1220.jpg 2048w\" sizes=\"(max-width: 800px) 100vw, 800px\" \/>\t\t\t\t\t\t\t\t\t\t\t\t\t\t\t<\/div>\n\t\t\t\t<\/div>\n\t\t\t\t\t<\/div>\n\t\t<\/div>\n\t\t\t\t<div class=\"elementor-column elementor-col-50 elementor-inner-column elementor-element elementor-element-a4c98d3\" data-id=\"a4c98d3\" data-element_type=\"column\" data-e-type=\"column\">\n\t\t\t<div class=\"elementor-widget-wrap elementor-element-populated\">\n\t\t\t\t\t\t<div class=\"elementor-element elementor-element-59bf5a7 elementor-widget elementor-widget-heading\" data-id=\"59bf5a7\" data-element_type=\"widget\" data-e-type=\"widget\" data-widget_type=\"heading.default\">\n\t\t\t\t<div class=\"elementor-widget-container\">\n\t\t\t\t\t<h3 class=\"elementor-heading-title elementor-size-default\">Franz\u00f6sische Herstellung<\/h3>\t\t\t\t<\/div>\n\t\t\t\t<\/div>\n\t\t\t\t<div class=\"elementor-element elementor-element-1be9338 elementor-widget elementor-widget-text-editor\" data-id=\"1be9338\" data-element_type=\"widget\" data-e-type=\"widget\" data-widget_type=\"text-editor.default\">\n\t\t\t\t<div class=\"elementor-widget-container\">\n\t\t\t\t\t\t\t\t\t<p>Unsere franz\u00f6sische Produktionsst\u00e4tte in Obernai im Elsass erm\u00f6glicht eine vollst\u00e4ndige Kontrolle der Qualit\u00e4t und eine hohe Reaktionsf\u00e4higkeit.  <br \/>Cedam ist bei den besten Spezialisten auf diesem Gebiet vertreten und liefert ein von Fachleuten und Privatpersonen anerkanntes Fachwissen, das sich auf fortschrittliche Technologien und modernste Ausr\u00fcstungen st\u00fctzt.<\/p>\n\t\t\t\t\t\t\t\t<\/div>\n\t\t\t\t<\/div>\n\t\t\t\t\t<\/div>\n\t\t<\/div>\n\t\t\t\t\t<\/div>\n\t\t<\/section>\n\t\t\t\t<section class=\"elementor-section elementor-inner-section elementor-element elementor-element-0b4ec15 elementor-section-boxed elementor-section-height-default elementor-section-height-default elementor-invisible\" data-id=\"0b4ec15\" data-element_type=\"section\" data-e-type=\"section\" data-settings=\"{&quot;background_background&quot;:&quot;classic&quot;,&quot;animation&quot;:&quot;fadeInRight&quot;}\">\n\t\t\t\t\t\t<div class=\"elementor-container elementor-column-gap-default\">\n\t\t\t\t\t<div class=\"elementor-column elementor-col-50 elementor-inner-column elementor-element elementor-element-2cd844f\" data-id=\"2cd844f\" data-element_type=\"column\" data-e-type=\"column\">\n\t\t\t<div class=\"elementor-widget-wrap elementor-element-populated\">\n\t\t\t\t\t\t<div class=\"elementor-element elementor-element-0f450c2 elementor-widget elementor-widget-heading\" data-id=\"0f450c2\" data-element_type=\"widget\" data-e-type=\"widget\" data-widget_type=\"heading.default\">\n\t\t\t\t<div class=\"elementor-widget-container\">\n\t\t\t\t\t<h3 class=\"elementor-heading-title elementor-size-default\">Unsere Aufgabe<\/h3>\t\t\t\t<\/div>\n\t\t\t\t<\/div>\n\t\t\t\t<div class=\"elementor-element elementor-element-f5f3b58 elementor-widget elementor-widget-text-editor\" data-id=\"f5f3b58\" data-element_type=\"widget\" data-e-type=\"widget\" data-widget_type=\"text-editor.default\">\n\t\t\t\t<div class=\"elementor-widget-container\">\n\t\t\t\t\t\t\t\t\t<p>Unsere Aufgabe ist es, Badezimmerm\u00f6bel zu entwerfen, herzustellen und zu vermarkten, die den vier von uns selbst aufgestellten Anforderungskriterien entsprechen:<\/p>\n<ul>\n<li>\u00c4sthetik<\/li>\n<li>Qualit\u00e4t<\/li>\n<li>Funktionalit\u00e4t<\/li>\n<li>Nachhaltigkeit<\/li>\n<\/ul>\n<p>Kreativit\u00e4t, Originalit\u00e4t und Eleganz sind die Eigenschaften, die sich im Design von Cedam durch einzigartige und authentische Kollektionen ausdr\u00fccken.<\/p>\n\t\t\t\t\t\t\t\t<\/div>\n\t\t\t\t<\/div>\n\t\t\t\t\t<\/div>\n\t\t<\/div>\n\t\t\t\t<div class=\"elementor-column elementor-col-50 elementor-inner-column elementor-element elementor-element-3e66746\" data-id=\"3e66746\" data-element_type=\"column\" data-e-type=\"column\">\n\t\t\t<div class=\"elementor-widget-wrap elementor-element-populated\">\n\t\t\t\t\t\t<div class=\"elementor-element elementor-element-24168e0 elementor-widget elementor-widget-image\" data-id=\"24168e0\" data-element_type=\"widget\" data-e-type=\"widget\" data-widget_type=\"image.default\">\n\t\t\t\t<div class=\"elementor-widget-container\">\n\t\t\t\t\t\t\t\t\t\t\t\t\t\t\t<img decoding=\"async\" width=\"800\" height=\"534\" src=\"https:\/\/cedam.fr\/wp-content\/uploads\/2024\/07\/DSC08111-copie-1024x683.jpg\" class=\"attachment-large size-large wp-image-31664\" alt=\"\" srcset=\"https:\/\/cedam.fr\/wp-content\/uploads\/2024\/07\/DSC08111-copie-1024x683.jpg 1024w, https:\/\/cedam.fr\/wp-content\/uploads\/2024\/07\/DSC08111-copie-300x200.jpg 300w, https:\/\/cedam.fr\/wp-content\/uploads\/2024\/07\/DSC08111-copie-768x512.jpg 768w, https:\/\/cedam.fr\/wp-content\/uploads\/2024\/07\/DSC08111-copie-1536x1024.jpg 1536w, https:\/\/cedam.fr\/wp-content\/uploads\/2024\/07\/DSC08111-copie-2048x1365.jpg 2048w\" sizes=\"(max-width: 800px) 100vw, 800px\" \/>\t\t\t\t\t\t\t\t\t\t\t\t\t\t\t<\/div>\n\t\t\t\t<\/div>\n\t\t\t\t\t<\/div>\n\t\t<\/div>\n\t\t\t\t\t<\/div>\n\t\t<\/section>\n\t\t\t\t<section class=\"elementor-section elementor-inner-section elementor-element elementor-element-3050eb0 elementor-section-boxed elementor-section-height-default elementor-section-height-default elementor-invisible\" data-id=\"3050eb0\" data-element_type=\"section\" data-e-type=\"section\" data-settings=\"{&quot;background_background&quot;:&quot;classic&quot;,&quot;animation&quot;:&quot;fadeInUp&quot;}\">\n\t\t\t\t\t\t<div class=\"elementor-container elementor-column-gap-default\">\n\t\t\t\t\t<div class=\"elementor-column elementor-col-50 elementor-inner-column elementor-element elementor-element-913b83d\" data-id=\"913b83d\" data-element_type=\"column\" data-e-type=\"column\">\n\t\t\t<div class=\"elementor-widget-wrap elementor-element-populated\">\n\t\t\t\t\t\t<div class=\"elementor-element elementor-element-a025584 elementor-widget elementor-widget-video\" data-id=\"a025584\" data-element_type=\"widget\" data-e-type=\"widget\" data-settings=\"{&quot;youtube_url&quot;:&quot;https:\\\/\\\/www.youtube.com\\\/watch?v=AnaZH8A1Tb0&quot;,&quot;video_type&quot;:&quot;youtube&quot;,&quot;controls&quot;:&quot;yes&quot;}\" data-widget_type=\"video.default\">\n\t\t\t\t<div class=\"elementor-widget-container\">\n\t\t\t\t\t\t\t<div class=\"elementor-wrapper elementor-open-inline\">\n\t\t\t<div class=\"elementor-video\"><\/div>\t\t<\/div>\n\t\t\t\t\t\t<\/div>\n\t\t\t\t<\/div>\n\t\t\t\t\t<\/div>\n\t\t<\/div>\n\t\t\t\t<div class=\"elementor-column elementor-col-50 elementor-inner-column elementor-element elementor-element-c72cead\" data-id=\"c72cead\" data-element_type=\"column\" data-e-type=\"column\">\n\t\t\t<div class=\"elementor-widget-wrap elementor-element-populated\">\n\t\t\t\t\t\t<div class=\"elementor-element elementor-element-fde914b elementor-widget elementor-widget-heading\" data-id=\"fde914b\" data-element_type=\"widget\" data-e-type=\"widget\" data-widget_type=\"heading.default\">\n\t\t\t\t<div class=\"elementor-widget-container\">\n\t\t\t\t\t<h3 class=\"elementor-heading-title elementor-size-default\">Pr\u00e4sentation<\/h3>\t\t\t\t<\/div>\n\t\t\t\t<\/div>\n\t\t\t\t<div class=\"elementor-element elementor-element-55ec847 elementor-widget elementor-widget-text-editor\" data-id=\"55ec847\" data-element_type=\"widget\" data-e-type=\"widget\" data-widget_type=\"text-editor.default\">\n\t\t\t\t<div class=\"elementor-widget-container\">\n\t\t\t\t\t\t\t\t\t<p>Lernen Sie unser Unternehmen in diesem Pr\u00e4sentationsvideo kennen.  <\/p>\n\t\t\t\t\t\t\t\t<\/div>\n\t\t\t\t<\/div>\n\t\t\t\t\t<\/div>\n\t\t<\/div>\n\t\t\t\t\t<\/div>\n\t\t<\/section>\n\t\t\t\t\t<\/div>\n\t\t<\/div>\n\t\t\t\t\t<\/div>\n\t\t<\/section>\n\t\t\t\t<\/div>\n\t\t","protected":false},"excerpt":{"rendered":"<p>Unser Unternehmen \u00fcber uns Seit \u00fcber 30 Jahren gestaltet Cedam den Raum des Badezimmers neu, mit, jedes Jahr,neue exklusive M\u00f6belkollektionen mit trendigen Linien, die Design, Funktionalit\u00e4t und \u00c4sthetik miteinander verbinden. Franz\u00f6sische Herstellung Unsere franz\u00f6sische Produktionsst\u00e4tte in Obernai im Elsass erm\u00f6glicht eine vollst\u00e4ndige Kontrolle der Qualit\u00e4t und eine hohe Reaktionsf\u00e4higkeit. Cedam ist bei den besten Spezialisten [&hellip;]<\/p>\n","protected":false},"author":1,"featured_media":0,"parent":0,"menu_order":0,"comment_status":"closed","ping_status":"closed","template":"","meta":{"_acf_changed":false,"footnotes":""},"class_list":["post-23591","page","type-page","status-publish","hentry"],"acf":[],"yoast_head":"<!-- This site is optimized with the Yoast SEO plugin v27.4 - https:\/\/yoast.com\/product\/yoast-seo-wordpress\/ -->\n<title>Das Unternehmen - Cedam<\/title>\n<meta name=\"description\" content=\"Seit \u00fcber 30 Jahren gestaltet Cedam den Raum des Badezimmers mit trendigen Linien neu, die Design, Funktionalit\u00e4t und \u00c4sthetik miteinander verbinden.\" \/>\n<meta name=\"robots\" content=\"index, follow, max-snippet:-1, max-image-preview:large, max-video-preview:-1\" \/>\n<link rel=\"canonical\" href=\"https:\/\/cedam.fr\/de\/das-unternehmen\/\" \/>\n<meta property=\"og:locale\" content=\"de_DE\" \/>\n<meta property=\"og:type\" content=\"article\" \/>\n<meta property=\"og:title\" content=\"Das Unternehmen - Cedam\" \/>\n<meta property=\"og:description\" content=\"Seit \u00fcber 30 Jahren gestaltet Cedam den Raum des Badezimmers mit trendigen Linien neu, die Design, Funktionalit\u00e4t und \u00c4sthetik miteinander verbinden.\" \/>\n<meta property=\"og:url\" content=\"https:\/\/cedam.fr\/de\/das-unternehmen\/\" \/>\n<meta property=\"og:site_name\" content=\"Cedam\" \/>\n<meta property=\"article:modified_time\" content=\"2024-07-18T14:55:17+00:00\" \/>\n<meta property=\"og:image\" content=\"https:\/\/cedam.fr\/wp-content\/uploads\/2024\/07\/PHOTO-GROUPE-RVB-1024x610.jpg\" \/>\n<meta name=\"twitter:card\" content=\"summary_large_image\" \/>\n<meta name=\"twitter:label1\" content=\"Gesch\u00e4tzte Lesezeit\" \/>\n\t<meta name=\"twitter:data1\" content=\"1\u00a0Minute\" \/>\n<script type=\"application\/ld+json\" class=\"yoast-schema-graph\">{\"@context\":\"https:\\\/\\\/schema.org\",\"@graph\":[{\"@type\":\"WebPage\",\"@id\":\"https:\\\/\\\/cedam.fr\\\/de\\\/das-unternehmen\\\/\",\"url\":\"https:\\\/\\\/cedam.fr\\\/de\\\/das-unternehmen\\\/\",\"name\":\"Das Unternehmen - Cedam\",\"isPartOf\":{\"@id\":\"https:\\\/\\\/cedam.fr\\\/de\\\/#website\"},\"primaryImageOfPage\":{\"@id\":\"https:\\\/\\\/cedam.fr\\\/de\\\/das-unternehmen\\\/#primaryimage\"},\"image\":{\"@id\":\"https:\\\/\\\/cedam.fr\\\/de\\\/das-unternehmen\\\/#primaryimage\"},\"thumbnailUrl\":\"https:\\\/\\\/cedam.fr\\\/wp-content\\\/uploads\\\/2024\\\/07\\\/PHOTO-GROUPE-RVB-1024x610.jpg\",\"datePublished\":\"2023-06-01T15:24:41+00:00\",\"dateModified\":\"2024-07-18T14:55:17+00:00\",\"description\":\"Seit \u00fcber 30 Jahren gestaltet Cedam den Raum des Badezimmers mit trendigen Linien neu, die Design, Funktionalit\u00e4t und \u00c4sthetik miteinander verbinden.\",\"breadcrumb\":{\"@id\":\"https:\\\/\\\/cedam.fr\\\/de\\\/das-unternehmen\\\/#breadcrumb\"},\"inLanguage\":\"de\",\"potentialAction\":[{\"@type\":\"ReadAction\",\"target\":[\"https:\\\/\\\/cedam.fr\\\/de\\\/das-unternehmen\\\/\"]}]},{\"@type\":\"ImageObject\",\"inLanguage\":\"de\",\"@id\":\"https:\\\/\\\/cedam.fr\\\/de\\\/das-unternehmen\\\/#primaryimage\",\"url\":\"https:\\\/\\\/cedam.fr\\\/wp-content\\\/uploads\\\/2024\\\/07\\\/PHOTO-GROUPE-RVB-1024x610.jpg\",\"contentUrl\":\"https:\\\/\\\/cedam.fr\\\/wp-content\\\/uploads\\\/2024\\\/07\\\/PHOTO-GROUPE-RVB-1024x610.jpg\"},{\"@type\":\"BreadcrumbList\",\"@id\":\"https:\\\/\\\/cedam.fr\\\/de\\\/das-unternehmen\\\/#breadcrumb\",\"itemListElement\":[{\"@type\":\"ListItem\",\"position\":1,\"name\":\"Accueil\",\"item\":\"https:\\\/\\\/cedam.fr\\\/de\\\/\"},{\"@type\":\"ListItem\",\"position\":2,\"name\":\"Das Unternehmen\"}]},{\"@type\":\"WebSite\",\"@id\":\"https:\\\/\\\/cedam.fr\\\/de\\\/#website\",\"url\":\"https:\\\/\\\/cedam.fr\\\/de\\\/\",\"name\":\"Cedam\",\"description\":\"\",\"publisher\":{\"@id\":\"https:\\\/\\\/cedam.fr\\\/de\\\/#organization\"},\"potentialAction\":[{\"@type\":\"SearchAction\",\"target\":{\"@type\":\"EntryPoint\",\"urlTemplate\":\"https:\\\/\\\/cedam.fr\\\/de\\\/?s={search_term_string}\"},\"query-input\":{\"@type\":\"PropertyValueSpecification\",\"valueRequired\":true,\"valueName\":\"search_term_string\"}}],\"inLanguage\":\"de\"},{\"@type\":\"Organization\",\"@id\":\"https:\\\/\\\/cedam.fr\\\/de\\\/#organization\",\"name\":\"Cedam\",\"url\":\"https:\\\/\\\/cedam.fr\\\/de\\\/\",\"logo\":{\"@type\":\"ImageObject\",\"inLanguage\":\"de\",\"@id\":\"https:\\\/\\\/cedam.fr\\\/de\\\/#\\\/schema\\\/logo\\\/image\\\/\",\"url\":\"https:\\\/\\\/cedam.fr\\\/wp-content\\\/uploads\\\/2023\\\/02\\\/new_logo_white.svg\",\"contentUrl\":\"https:\\\/\\\/cedam.fr\\\/wp-content\\\/uploads\\\/2023\\\/02\\\/new_logo_white.svg\",\"caption\":\"Cedam\"},\"image\":{\"@id\":\"https:\\\/\\\/cedam.fr\\\/de\\\/#\\\/schema\\\/logo\\\/image\\\/\"}}]}<\/script>\n<!-- \/ Yoast SEO plugin. -->","yoast_head_json":{"title":"Das Unternehmen - Cedam","description":"Seit \u00fcber 30 Jahren gestaltet Cedam den Raum des Badezimmers mit trendigen Linien neu, die Design, Funktionalit\u00e4t und \u00c4sthetik miteinander verbinden.","robots":{"index":"index","follow":"follow","max-snippet":"max-snippet:-1","max-image-preview":"max-image-preview:large","max-video-preview":"max-video-preview:-1"},"canonical":"https:\/\/cedam.fr\/de\/das-unternehmen\/","og_locale":"de_DE","og_type":"article","og_title":"Das Unternehmen - Cedam","og_description":"Seit \u00fcber 30 Jahren gestaltet Cedam den Raum des Badezimmers mit trendigen Linien neu, die Design, Funktionalit\u00e4t und \u00c4sthetik miteinander verbinden.","og_url":"https:\/\/cedam.fr\/de\/das-unternehmen\/","og_site_name":"Cedam","article_modified_time":"2024-07-18T14:55:17+00:00","og_image":[{"url":"https:\/\/cedam.fr\/wp-content\/uploads\/2024\/07\/PHOTO-GROUPE-RVB-1024x610.jpg","type":"","width":"","height":""}],"twitter_card":"summary_large_image","twitter_misc":{"Gesch\u00e4tzte Lesezeit":"1\u00a0Minute"},"schema":{"@context":"https:\/\/schema.org","@graph":[{"@type":"WebPage","@id":"https:\/\/cedam.fr\/de\/das-unternehmen\/","url":"https:\/\/cedam.fr\/de\/das-unternehmen\/","name":"Das Unternehmen - Cedam","isPartOf":{"@id":"https:\/\/cedam.fr\/de\/#website"},"primaryImageOfPage":{"@id":"https:\/\/cedam.fr\/de\/das-unternehmen\/#primaryimage"},"image":{"@id":"https:\/\/cedam.fr\/de\/das-unternehmen\/#primaryimage"},"thumbnailUrl":"https:\/\/cedam.fr\/wp-content\/uploads\/2024\/07\/PHOTO-GROUPE-RVB-1024x610.jpg","datePublished":"2023-06-01T15:24:41+00:00","dateModified":"2024-07-18T14:55:17+00:00","description":"Seit \u00fcber 30 Jahren gestaltet Cedam den Raum des Badezimmers mit trendigen Linien neu, die Design, Funktionalit\u00e4t und \u00c4sthetik miteinander verbinden.","breadcrumb":{"@id":"https:\/\/cedam.fr\/de\/das-unternehmen\/#breadcrumb"},"inLanguage":"de","potentialAction":[{"@type":"ReadAction","target":["https:\/\/cedam.fr\/de\/das-unternehmen\/"]}]},{"@type":"ImageObject","inLanguage":"de","@id":"https:\/\/cedam.fr\/de\/das-unternehmen\/#primaryimage","url":"https:\/\/cedam.fr\/wp-content\/uploads\/2024\/07\/PHOTO-GROUPE-RVB-1024x610.jpg","contentUrl":"https:\/\/cedam.fr\/wp-content\/uploads\/2024\/07\/PHOTO-GROUPE-RVB-1024x610.jpg"},{"@type":"BreadcrumbList","@id":"https:\/\/cedam.fr\/de\/das-unternehmen\/#breadcrumb","itemListElement":[{"@type":"ListItem","position":1,"name":"Accueil","item":"https:\/\/cedam.fr\/de\/"},{"@type":"ListItem","position":2,"name":"Das Unternehmen"}]},{"@type":"WebSite","@id":"https:\/\/cedam.fr\/de\/#website","url":"https:\/\/cedam.fr\/de\/","name":"Cedam","description":"","publisher":{"@id":"https:\/\/cedam.fr\/de\/#organization"},"potentialAction":[{"@type":"SearchAction","target":{"@type":"EntryPoint","urlTemplate":"https:\/\/cedam.fr\/de\/?s={search_term_string}"},"query-input":{"@type":"PropertyValueSpecification","valueRequired":true,"valueName":"search_term_string"}}],"inLanguage":"de"},{"@type":"Organization","@id":"https:\/\/cedam.fr\/de\/#organization","name":"Cedam","url":"https:\/\/cedam.fr\/de\/","logo":{"@type":"ImageObject","inLanguage":"de","@id":"https:\/\/cedam.fr\/de\/#\/schema\/logo\/image\/","url":"https:\/\/cedam.fr\/wp-content\/uploads\/2023\/02\/new_logo_white.svg","contentUrl":"https:\/\/cedam.fr\/wp-content\/uploads\/2023\/02\/new_logo_white.svg","caption":"Cedam"},"image":{"@id":"https:\/\/cedam.fr\/de\/#\/schema\/logo\/image\/"}}]}},"_links":{"self":[{"href":"https:\/\/cedam.fr\/de\/wp-json\/wp\/v2\/pages\/23591","targetHints":{"allow":["GET"]}}],"collection":[{"href":"https:\/\/cedam.fr\/de\/wp-json\/wp\/v2\/pages"}],"about":[{"href":"https:\/\/cedam.fr\/de\/wp-json\/wp\/v2\/types\/page"}],"author":[{"embeddable":true,"href":"https:\/\/cedam.fr\/de\/wp-json\/wp\/v2\/users\/1"}],"replies":[{"embeddable":true,"href":"https:\/\/cedam.fr\/de\/wp-json\/wp\/v2\/comments?post=23591"}],"version-history":[{"count":2,"href":"https:\/\/cedam.fr\/de\/wp-json\/wp\/v2\/pages\/23591\/revisions"}],"predecessor-version":[{"id":31669,"href":"https:\/\/cedam.fr\/de\/wp-json\/wp\/v2\/pages\/23591\/revisions\/31669"}],"wp:attachment":[{"href":"https:\/\/cedam.fr\/de\/wp-json\/wp\/v2\/media?parent=23591"}],"curies":[{"name":"wp","href":"https:\/\/api.w.org\/{rel}","templated":true}]}}