{"id":23583,"date":"2023-06-02T12:12:25","date_gmt":"2023-06-02T10:12:25","guid":{"rendered":"https:\/\/cedam.fr\/geschichte\/"},"modified":"2023-09-29T09:18:56","modified_gmt":"2023-09-29T07:18:56","slug":"geschichte","status":"publish","type":"page","link":"https:\/\/cedam.fr\/de\/geschichte\/","title":{"rendered":"Geschichte"},"content":{"rendered":"\t\t<div data-elementor-type=\"wp-page\" data-elementor-id=\"23583\" class=\"elementor elementor-23583 elementor-7414\" data-elementor-post-type=\"page\">\n\t\t\t\t\t\t<section class=\"elementor-section elementor-top-section elementor-element elementor-element-fa57973 elementor-section-height-min-height elementor-section-boxed elementor-section-height-default elementor-section-items-middle\" data-id=\"fa57973\" data-element_type=\"section\" data-e-type=\"section\" data-settings=\"{&quot;background_background&quot;:&quot;classic&quot;}\">\n\t\t\t\t\t\t\t<div class=\"elementor-background-overlay\"><\/div>\n\t\t\t\t\t\t\t<div class=\"elementor-container elementor-column-gap-default\">\n\t\t\t\t\t<div class=\"elementor-column elementor-col-100 elementor-top-column elementor-element elementor-element-55adb1a\" data-id=\"55adb1a\" data-element_type=\"column\" data-e-type=\"column\">\n\t\t\t<div class=\"elementor-widget-wrap elementor-element-populated\">\n\t\t\t\t\t\t\t<\/div>\n\t\t<\/div>\n\t\t\t\t\t<\/div>\n\t\t<\/section>\n\t\t\t\t<section class=\"elementor-section elementor-top-section elementor-element elementor-element-f517291 elementor-section-boxed elementor-section-height-default elementor-section-height-default\" data-id=\"f517291\" data-element_type=\"section\" data-e-type=\"section\">\n\t\t\t\t\t\t<div class=\"elementor-container elementor-column-gap-default\">\n\t\t\t\t\t<div class=\"elementor-column elementor-col-100 elementor-top-column elementor-element elementor-element-f777606\" data-id=\"f777606\" data-element_type=\"column\" data-e-type=\"column\">\n\t\t\t<div class=\"elementor-widget-wrap elementor-element-populated\">\n\t\t\t\t\t\t<section class=\"elementor-section elementor-inner-section elementor-element elementor-element-d20e949 elementor-section-boxed elementor-section-height-default elementor-section-height-default elementor-invisible\" data-id=\"d20e949\" data-element_type=\"section\" data-e-type=\"section\" data-settings=\"{&quot;background_background&quot;:&quot;classic&quot;,&quot;animation&quot;:&quot;fadeInLeft&quot;}\">\n\t\t\t\t\t\t<div class=\"elementor-container elementor-column-gap-extended\">\n\t\t\t\t\t<div class=\"elementor-column elementor-col-100 elementor-inner-column elementor-element elementor-element-463e3ef\" data-id=\"463e3ef\" data-element_type=\"column\" data-e-type=\"column\" data-settings=\"{&quot;background_background&quot;:&quot;classic&quot;,&quot;animation&quot;:&quot;none&quot;}\">\n\t\t\t<div class=\"elementor-widget-wrap elementor-element-populated\">\n\t\t\t\t\t\t<div class=\"elementor-element elementor-element-acad555 elementor-position-left elementor-vertical-align-top elementor-widget elementor-widget-image-box\" data-id=\"acad555\" data-element_type=\"widget\" data-e-type=\"widget\" data-widget_type=\"image-box.default\">\n\t\t\t\t<div class=\"elementor-widget-container\">\n\t\t\t\t\t<div class=\"elementor-image-box-wrapper\"><figure class=\"elementor-image-box-img\"><img fetchpriority=\"high\" decoding=\"async\" width=\"242\" height=\"220\" src=\"https:\/\/cedam.fr\/wp-content\/uploads\/2023\/06\/historique-1990.jpg\" class=\"attachment-full size-full wp-image-21553\" alt=\"\" \/><\/figure><div class=\"elementor-image-box-content\"><h3 class=\"elementor-image-box-title\">1990<\/h3><p class=\"elementor-image-box-description\"><ul>\n<li>\nGr\u00fcndung des Unternehmens CEDAM durch Herrn <strong>Claude Bloch<\/strong>\n<\/li><li>Bau des <strong>ersten Geb\u00e4udes mit 4.500 m2<\/strong> in 1, rue de l'expansion in Obernai, in dem sich die Gesch\u00e4ftsb\u00fcros, der F&amp;E-Bereich, ein 1.200 m2 gro\u00dfer Ausstellungsraum sowie ein Teil der Produktion befinden.\n<\/li>\n<li>Entwicklung der <strong>ersten Badezimmerm\u00f6bel als Bausatz<\/strong>.\n<\/li>\n<li>Schaffung eines exklusiven Sortiments f\u00fcr die Marke Leroy Merlin<\/li>\n<\/ul><\/p><\/div><\/div>\t\t\t\t<\/div>\n\t\t\t\t<\/div>\n\t\t\t\t\t<\/div>\n\t\t<\/div>\n\t\t\t\t\t<\/div>\n\t\t<\/section>\n\t\t\t\t<section class=\"elementor-section elementor-inner-section elementor-element elementor-element-abef75c elementor-section-boxed elementor-section-height-default elementor-section-height-default elementor-invisible\" data-id=\"abef75c\" data-element_type=\"section\" data-e-type=\"section\" data-settings=\"{&quot;background_background&quot;:&quot;classic&quot;,&quot;animation&quot;:&quot;fadeInRight&quot;}\">\n\t\t\t\t\t\t<div class=\"elementor-container elementor-column-gap-extended\">\n\t\t\t\t\t<div class=\"elementor-column elementor-col-100 elementor-inner-column elementor-element elementor-element-93e5cd4\" data-id=\"93e5cd4\" data-element_type=\"column\" data-e-type=\"column\" data-settings=\"{&quot;background_background&quot;:&quot;classic&quot;,&quot;animation&quot;:&quot;none&quot;}\">\n\t\t\t<div class=\"elementor-widget-wrap elementor-element-populated\">\n\t\t\t\t\t\t<div class=\"elementor-element elementor-element-7567b49 elementor-position-left elementor-vertical-align-top elementor-widget elementor-widget-image-box\" data-id=\"7567b49\" data-element_type=\"widget\" data-e-type=\"widget\" data-widget_type=\"image-box.default\">\n\t\t\t\t<div class=\"elementor-widget-container\">\n\t\t\t\t\t<div class=\"elementor-image-box-wrapper\"><figure class=\"elementor-image-box-img\"><img decoding=\"async\" width=\"242\" height=\"220\" src=\"https:\/\/cedam.fr\/wp-content\/uploads\/2023\/06\/historique-1996_0.jpg\" class=\"attachment-full size-full wp-image-21579\" alt=\"\" \/><\/figure><div class=\"elementor-image-box-content\"><h3 class=\"elementor-image-box-title\">1996<\/h3><p class=\"elementor-image-box-description\"><ul>\n<li>\nEntwicklung einer <strong>exklusiven Badm\u00f6belserie f\u00fcr die Marke Hygena<\/strong>\n<\/li><li>Entwicklung von <strong>K\u00fcchenm\u00f6belserien f\u00fcr Hygena<\/strong>\n<\/li>\n<li>Bau einer <strong>neuen 6.000 m2 gro\u00dfen Lager- und Produktionshalle<\/strong><\/li>\n<\/ul><\/p><\/div><\/div>\t\t\t\t<\/div>\n\t\t\t\t<\/div>\n\t\t\t\t\t<\/div>\n\t\t<\/div>\n\t\t\t\t\t<\/div>\n\t\t<\/section>\n\t\t\t\t<section class=\"elementor-section elementor-inner-section elementor-element elementor-element-d0843a5 elementor-section-boxed elementor-section-height-default elementor-section-height-default elementor-invisible\" data-id=\"d0843a5\" data-element_type=\"section\" data-e-type=\"section\" data-settings=\"{&quot;background_background&quot;:&quot;classic&quot;,&quot;animation&quot;:&quot;fadeInLeft&quot;}\">\n\t\t\t\t\t\t<div class=\"elementor-container elementor-column-gap-extended\">\n\t\t\t\t\t<div class=\"elementor-column elementor-col-100 elementor-inner-column elementor-element elementor-element-6e6bc31\" data-id=\"6e6bc31\" data-element_type=\"column\" data-e-type=\"column\" data-settings=\"{&quot;background_background&quot;:&quot;classic&quot;,&quot;animation&quot;:&quot;none&quot;}\">\n\t\t\t<div class=\"elementor-widget-wrap elementor-element-populated\">\n\t\t\t\t\t\t<div class=\"elementor-element elementor-element-4aa653e elementor-position-left elementor-vertical-align-top elementor-widget elementor-widget-image-box\" data-id=\"4aa653e\" data-element_type=\"widget\" data-e-type=\"widget\" data-widget_type=\"image-box.default\">\n\t\t\t\t<div class=\"elementor-widget-container\">\n\t\t\t\t\t<div class=\"elementor-image-box-wrapper\"><figure class=\"elementor-image-box-img\"><img decoding=\"async\" width=\"242\" height=\"220\" src=\"https:\/\/cedam.fr\/wp-content\/uploads\/2023\/06\/historique-2007.jpg\" class=\"attachment-full size-full wp-image-21581\" alt=\"\" \/><\/figure><div class=\"elementor-image-box-content\"><h3 class=\"elementor-image-box-title\">2007<\/h3><p class=\"elementor-image-box-description\"><ul>\n<li>\nBau einer <strong>neuen Produktionshalle mit einer Fl\u00e4che von 3.500 m2 <\/strong>, um mit der Entwicklung des Unternehmens Schritt halten zu k\u00f6nnen.\nDie gesamte \u00fcberdachte Fl\u00e4che erh\u00f6ht sich auf 15.000 m2\n<\/li>\n<\/ul>\n<\/p><\/div><\/div>\t\t\t\t<\/div>\n\t\t\t\t<\/div>\n\t\t\t\t\t<\/div>\n\t\t<\/div>\n\t\t\t\t\t<\/div>\n\t\t<\/section>\n\t\t\t\t<section class=\"elementor-section elementor-inner-section elementor-element elementor-element-f3a2ba6 elementor-section-boxed elementor-section-height-default elementor-section-height-default elementor-invisible\" data-id=\"f3a2ba6\" data-element_type=\"section\" data-e-type=\"section\" data-settings=\"{&quot;background_background&quot;:&quot;classic&quot;,&quot;animation&quot;:&quot;fadeInRight&quot;}\">\n\t\t\t\t\t\t<div class=\"elementor-container elementor-column-gap-extended\">\n\t\t\t\t\t<div class=\"elementor-column elementor-col-100 elementor-inner-column elementor-element elementor-element-bafe08a\" data-id=\"bafe08a\" data-element_type=\"column\" data-e-type=\"column\" data-settings=\"{&quot;background_background&quot;:&quot;classic&quot;,&quot;animation&quot;:&quot;none&quot;}\">\n\t\t\t<div class=\"elementor-widget-wrap elementor-element-populated\">\n\t\t\t\t\t\t<div class=\"elementor-element elementor-element-5afc182 elementor-position-left elementor-vertical-align-top elementor-widget elementor-widget-image-box\" data-id=\"5afc182\" data-element_type=\"widget\" data-e-type=\"widget\" data-widget_type=\"image-box.default\">\n\t\t\t\t<div class=\"elementor-widget-container\">\n\t\t\t\t\t<div class=\"elementor-image-box-wrapper\"><figure class=\"elementor-image-box-img\"><img loading=\"lazy\" decoding=\"async\" width=\"242\" height=\"220\" src=\"https:\/\/cedam.fr\/wp-content\/uploads\/2023\/06\/historique-2008.jpg\" class=\"attachment-full size-full wp-image-21583\" alt=\"\" \/><\/figure><div class=\"elementor-image-box-content\"><h3 class=\"elementor-image-box-title\">2008<\/h3><p class=\"elementor-image-box-description\"><ul>\n<li>\nEinrichtung eines<strong> Flie\u00dfbands f\u00fcr die Montage von M\u00f6beln<\/strong>.\n<\/li><li>Einf\u00fchrung neuer montierter Badezimmerserien f\u00fcr das Gro\u00dfhandelsnetz\n<\/li>\n<\/ul><\/p><\/div><\/div>\t\t\t\t<\/div>\n\t\t\t\t<\/div>\n\t\t\t\t\t<\/div>\n\t\t<\/div>\n\t\t\t\t\t<\/div>\n\t\t<\/section>\n\t\t\t\t<section class=\"elementor-section elementor-inner-section elementor-element elementor-element-11ced06 elementor-section-boxed elementor-section-height-default elementor-section-height-default elementor-invisible\" data-id=\"11ced06\" data-element_type=\"section\" data-e-type=\"section\" data-settings=\"{&quot;background_background&quot;:&quot;classic&quot;,&quot;animation&quot;:&quot;fadeInLeft&quot;}\">\n\t\t\t\t\t\t<div class=\"elementor-container elementor-column-gap-extended\">\n\t\t\t\t\t<div class=\"elementor-column elementor-col-100 elementor-inner-column elementor-element elementor-element-29cf669\" data-id=\"29cf669\" data-element_type=\"column\" data-e-type=\"column\" data-settings=\"{&quot;background_background&quot;:&quot;classic&quot;,&quot;animation&quot;:&quot;none&quot;}\">\n\t\t\t<div class=\"elementor-widget-wrap elementor-element-populated\">\n\t\t\t\t\t\t<div class=\"elementor-element elementor-element-27bd473 elementor-position-left elementor-vertical-align-top elementor-widget elementor-widget-image-box\" data-id=\"27bd473\" data-element_type=\"widget\" data-e-type=\"widget\" data-widget_type=\"image-box.default\">\n\t\t\t\t<div class=\"elementor-widget-container\">\n\t\t\t\t\t<div class=\"elementor-image-box-wrapper\"><figure class=\"elementor-image-box-img\"><img loading=\"lazy\" decoding=\"async\" width=\"242\" height=\"220\" src=\"https:\/\/cedam.fr\/wp-content\/uploads\/2023\/06\/historique-2009.jpg\" class=\"attachment-full size-full wp-image-21585\" alt=\"\" \/><\/figure><div class=\"elementor-image-box-content\"><h3 class=\"elementor-image-box-title\">2009<\/h3><p class=\"elementor-image-box-description\"><ul>\n<li>\nErneuerung des <strong>500m2 gro\u00dfen Showrooms<\/strong> am Standort Obernai\n<\/li>\n<\/ul>\n<\/p><\/div><\/div>\t\t\t\t<\/div>\n\t\t\t\t<\/div>\n\t\t\t\t\t<\/div>\n\t\t<\/div>\n\t\t\t\t\t<\/div>\n\t\t<\/section>\n\t\t\t\t<section class=\"elementor-section elementor-inner-section elementor-element elementor-element-e171c11 elementor-section-boxed elementor-section-height-default elementor-section-height-default elementor-invisible\" data-id=\"e171c11\" data-element_type=\"section\" data-e-type=\"section\" data-settings=\"{&quot;background_background&quot;:&quot;classic&quot;,&quot;animation&quot;:&quot;fadeInRight&quot;}\">\n\t\t\t\t\t\t<div class=\"elementor-container elementor-column-gap-extended\">\n\t\t\t\t\t<div class=\"elementor-column elementor-col-100 elementor-inner-column elementor-element elementor-element-9b5e903\" data-id=\"9b5e903\" data-element_type=\"column\" data-e-type=\"column\" data-settings=\"{&quot;background_background&quot;:&quot;classic&quot;,&quot;animation&quot;:&quot;none&quot;}\">\n\t\t\t<div class=\"elementor-widget-wrap elementor-element-populated\">\n\t\t\t\t\t\t<div class=\"elementor-element elementor-element-dc3bcb4 elementor-position-left elementor-vertical-align-top elementor-widget elementor-widget-image-box\" data-id=\"dc3bcb4\" data-element_type=\"widget\" data-e-type=\"widget\" data-widget_type=\"image-box.default\">\n\t\t\t\t<div class=\"elementor-widget-container\">\n\t\t\t\t\t<div class=\"elementor-image-box-wrapper\"><figure class=\"elementor-image-box-img\"><img loading=\"lazy\" decoding=\"async\" width=\"242\" height=\"220\" src=\"https:\/\/cedam.fr\/wp-content\/uploads\/2023\/06\/historique-2010.jpg\" class=\"attachment-full size-full wp-image-21587\" alt=\"\" \/><\/figure><div class=\"elementor-image-box-content\"><h3 class=\"elementor-image-box-title\">2010<\/h3><p class=\"elementor-image-box-description\"><ul>\n<li>\nEinf\u00fchrung eines <strong>neuen ERP-Systems<\/strong> mit Barcode-Lesung auf jedem Artikel  \n<\/li><li>Einf\u00fchrung von <strong>Express-Produkten<\/strong> mit einer Lieferzeit von 15 Tagen\n<\/li>\n<li>Einrichtung einer <strong>Montagelinie f\u00fcr ma\u00dfgefertigte Schiebet\u00fcren<\/strong><\/li>\n<\/ul><\/p><\/div><\/div>\t\t\t\t<\/div>\n\t\t\t\t<\/div>\n\t\t\t\t\t<\/div>\n\t\t<\/div>\n\t\t\t\t\t<\/div>\n\t\t<\/section>\n\t\t\t\t<section class=\"elementor-section elementor-inner-section elementor-element elementor-element-5bd767a elementor-section-boxed elementor-section-height-default elementor-section-height-default elementor-invisible\" data-id=\"5bd767a\" data-element_type=\"section\" data-e-type=\"section\" data-settings=\"{&quot;background_background&quot;:&quot;classic&quot;,&quot;animation&quot;:&quot;fadeInLeft&quot;}\">\n\t\t\t\t\t\t<div class=\"elementor-container elementor-column-gap-extended\">\n\t\t\t\t\t<div class=\"elementor-column elementor-col-100 elementor-inner-column elementor-element elementor-element-348fbbe\" data-id=\"348fbbe\" data-element_type=\"column\" data-e-type=\"column\" data-settings=\"{&quot;background_background&quot;:&quot;classic&quot;,&quot;animation&quot;:&quot;none&quot;}\">\n\t\t\t<div class=\"elementor-widget-wrap elementor-element-populated\">\n\t\t\t\t\t\t<div class=\"elementor-element elementor-element-cb16dd4 elementor-position-left elementor-vertical-align-top elementor-widget elementor-widget-image-box\" data-id=\"cb16dd4\" data-element_type=\"widget\" data-e-type=\"widget\" data-widget_type=\"image-box.default\">\n\t\t\t\t<div class=\"elementor-widget-container\">\n\t\t\t\t\t<div class=\"elementor-image-box-wrapper\"><figure class=\"elementor-image-box-img\"><img loading=\"lazy\" decoding=\"async\" width=\"242\" height=\"220\" src=\"https:\/\/cedam.fr\/wp-content\/uploads\/2023\/06\/historique-2011.jpg\" class=\"attachment-full size-full wp-image-21589\" alt=\"\" \/><\/figure><div class=\"elementor-image-box-content\"><h3 class=\"elementor-image-box-title\">2011<\/h3><p class=\"elementor-image-box-description\"><ul>\n<li>\nMarkteinf\u00fchrung einer <strong>neuen Produktreihe f\u00fcr Aufbewahrung\/Ankleide und Schiebet\u00fcren<\/strong>\n<\/li>\n<\/ul>\n<\/p><\/div><\/div>\t\t\t\t<\/div>\n\t\t\t\t<\/div>\n\t\t\t\t\t<\/div>\n\t\t<\/div>\n\t\t\t\t\t<\/div>\n\t\t<\/section>\n\t\t\t\t<section class=\"elementor-section elementor-inner-section elementor-element elementor-element-5ec85a7 elementor-section-boxed elementor-section-height-default elementor-section-height-default elementor-invisible\" data-id=\"5ec85a7\" data-element_type=\"section\" data-e-type=\"section\" data-settings=\"{&quot;background_background&quot;:&quot;classic&quot;,&quot;animation&quot;:&quot;fadeInRight&quot;}\">\n\t\t\t\t\t\t<div class=\"elementor-container elementor-column-gap-extended\">\n\t\t\t\t\t<div class=\"elementor-column elementor-col-100 elementor-inner-column elementor-element elementor-element-5e66a27\" data-id=\"5e66a27\" data-element_type=\"column\" data-e-type=\"column\" data-settings=\"{&quot;background_background&quot;:&quot;classic&quot;,&quot;animation&quot;:&quot;none&quot;}\">\n\t\t\t<div class=\"elementor-widget-wrap elementor-element-populated\">\n\t\t\t\t\t\t<div class=\"elementor-element elementor-element-a0a0894 elementor-position-left elementor-vertical-align-top elementor-widget elementor-widget-image-box\" data-id=\"a0a0894\" data-element_type=\"widget\" data-e-type=\"widget\" data-widget_type=\"image-box.default\">\n\t\t\t\t<div class=\"elementor-widget-container\">\n\t\t\t\t\t<div class=\"elementor-image-box-wrapper\"><figure class=\"elementor-image-box-img\"><img loading=\"lazy\" decoding=\"async\" width=\"242\" height=\"220\" src=\"https:\/\/cedam.fr\/wp-content\/uploads\/2023\/06\/historique-2014_0.jpg\" class=\"attachment-full size-full wp-image-21591\" alt=\"\" \/><\/figure><div class=\"elementor-image-box-content\"><h3 class=\"elementor-image-box-title\">2014<\/h3><p class=\"elementor-image-box-description\"><ul>\n<li>Integration eines neuen Sanit\u00e4rangebots mit <strong>Badewannen, Duschwannen, Duschabtrennungen.<\/strong>..<\/li>\n<\/ul><\/p><\/div><\/div>\t\t\t\t<\/div>\n\t\t\t\t<\/div>\n\t\t\t\t\t<\/div>\n\t\t<\/div>\n\t\t\t\t\t<\/div>\n\t\t<\/section>\n\t\t\t\t<section class=\"elementor-section elementor-inner-section elementor-element elementor-element-b453192 elementor-section-boxed elementor-section-height-default elementor-section-height-default elementor-invisible\" data-id=\"b453192\" data-element_type=\"section\" data-e-type=\"section\" data-settings=\"{&quot;background_background&quot;:&quot;classic&quot;,&quot;animation&quot;:&quot;fadeInLeft&quot;}\">\n\t\t\t\t\t\t<div class=\"elementor-container elementor-column-gap-extended\">\n\t\t\t\t\t<div class=\"elementor-column elementor-col-100 elementor-inner-column elementor-element elementor-element-e32969f\" data-id=\"e32969f\" data-element_type=\"column\" data-e-type=\"column\" data-settings=\"{&quot;background_background&quot;:&quot;classic&quot;,&quot;animation&quot;:&quot;none&quot;}\">\n\t\t\t<div class=\"elementor-widget-wrap elementor-element-populated\">\n\t\t\t\t\t\t<div class=\"elementor-element elementor-element-8eb721b elementor-position-left elementor-vertical-align-top elementor-widget elementor-widget-image-box\" data-id=\"8eb721b\" data-element_type=\"widget\" data-e-type=\"widget\" data-widget_type=\"image-box.default\">\n\t\t\t\t<div class=\"elementor-widget-container\">\n\t\t\t\t\t<div class=\"elementor-image-box-wrapper\"><figure class=\"elementor-image-box-img\"><img loading=\"lazy\" decoding=\"async\" width=\"242\" height=\"220\" src=\"https:\/\/cedam.fr\/wp-content\/uploads\/2023\/06\/historique-2015_0.jpg\" class=\"attachment-full size-full wp-image-21593\" alt=\"\" \/><\/figure><div class=\"elementor-image-box-content\"><h3 class=\"elementor-image-box-title\">2015<\/h3><p class=\"elementor-image-box-description\"><ul>\n<li>\nMarkteinf\u00fchrung einer <strong>Reihe von Sanit\u00e4rzubeh\u00f6r<\/strong> der Marke <strong>Smedbo<\/strong>\n<\/li>\n<li>\nEinf\u00fchrung einer neuen, vollst\u00e4ndig ma\u00dfgeschneiderten Produktreihe: das Modell <strong>Extenso<\/strong> <\/li>\n<\/ul>\n<\/p><\/div><\/div>\t\t\t\t<\/div>\n\t\t\t\t<\/div>\n\t\t\t\t\t<\/div>\n\t\t<\/div>\n\t\t\t\t\t<\/div>\n\t\t<\/section>\n\t\t\t\t<section class=\"elementor-section elementor-inner-section elementor-element elementor-element-b9a0616 elementor-section-boxed elementor-section-height-default elementor-section-height-default elementor-invisible\" data-id=\"b9a0616\" data-element_type=\"section\" data-e-type=\"section\" data-settings=\"{&quot;background_background&quot;:&quot;classic&quot;,&quot;animation&quot;:&quot;fadeInRight&quot;}\">\n\t\t\t\t\t\t<div class=\"elementor-container elementor-column-gap-extended\">\n\t\t\t\t\t<div class=\"elementor-column elementor-col-100 elementor-inner-column elementor-element elementor-element-cb1165f\" data-id=\"cb1165f\" data-element_type=\"column\" data-e-type=\"column\" data-settings=\"{&quot;background_background&quot;:&quot;classic&quot;,&quot;animation&quot;:&quot;none&quot;}\">\n\t\t\t<div class=\"elementor-widget-wrap elementor-element-populated\">\n\t\t\t\t\t\t<div class=\"elementor-element elementor-element-247316a elementor-position-left elementor-vertical-align-top elementor-widget elementor-widget-image-box\" data-id=\"247316a\" data-element_type=\"widget\" data-e-type=\"widget\" data-widget_type=\"image-box.default\">\n\t\t\t\t<div class=\"elementor-widget-container\">\n\t\t\t\t\t<div class=\"elementor-image-box-wrapper\"><figure class=\"elementor-image-box-img\"><img loading=\"lazy\" decoding=\"async\" width=\"242\" height=\"220\" src=\"https:\/\/cedam.fr\/wp-content\/uploads\/2023\/06\/historique-2016_0.jpg\" class=\"attachment-full size-full wp-image-21595\" alt=\"\" \/><\/figure><div class=\"elementor-image-box-content\"><h3 class=\"elementor-image-box-title\">2016<\/h3><p class=\"elementor-image-box-description\"><ul>\n<li>Einrichtung eines <strong>Maschinenparks der neuesten Generation der<\/strong> Marke Homag (automatisiertes Lager, PU-Kantenanleimmaschine, Bearbeitungszentrum, D\u00fcbellochmaschine)<\/li> \n<\/ul><\/p><\/div><\/div>\t\t\t\t<\/div>\n\t\t\t\t<\/div>\n\t\t\t\t\t<\/div>\n\t\t<\/div>\n\t\t\t\t\t<\/div>\n\t\t<\/section>\n\t\t\t\t<section class=\"elementor-section elementor-inner-section elementor-element elementor-element-40e6599 elementor-section-boxed elementor-section-height-default elementor-section-height-default elementor-invisible\" data-id=\"40e6599\" data-element_type=\"section\" data-e-type=\"section\" data-settings=\"{&quot;background_background&quot;:&quot;classic&quot;,&quot;animation&quot;:&quot;fadeInLeft&quot;}\">\n\t\t\t\t\t\t<div class=\"elementor-container elementor-column-gap-extended\">\n\t\t\t\t\t<div class=\"elementor-column elementor-col-100 elementor-inner-column elementor-element elementor-element-b5b27f9\" data-id=\"b5b27f9\" data-element_type=\"column\" data-e-type=\"column\" data-settings=\"{&quot;background_background&quot;:&quot;classic&quot;,&quot;animation&quot;:&quot;none&quot;}\">\n\t\t\t<div class=\"elementor-widget-wrap elementor-element-populated\">\n\t\t\t\t\t\t<div class=\"elementor-element elementor-element-79a1291 elementor-position-left elementor-vertical-align-top elementor-widget elementor-widget-image-box\" data-id=\"79a1291\" data-element_type=\"widget\" data-e-type=\"widget\" data-widget_type=\"image-box.default\">\n\t\t\t\t<div class=\"elementor-widget-container\">\n\t\t\t\t\t<div class=\"elementor-image-box-wrapper\"><figure class=\"elementor-image-box-img\"><img loading=\"lazy\" decoding=\"async\" width=\"242\" height=\"220\" src=\"https:\/\/cedam.fr\/wp-content\/uploads\/2023\/06\/historique-2020.jpg\" class=\"attachment-full size-full wp-image-21597\" alt=\"\" \/><\/figure><div class=\"elementor-image-box-content\"><h3 class=\"elementor-image-box-title\">2020<\/h3><p class=\"elementor-image-box-description\"><ul>\n<li>\nEntwicklung eines<strong>kompletten ma\u00dfgeschneiderten Einrichtungsprogramms<\/strong>, um mehr Aufbewahrungsm\u00f6glichkeiten zu bieten und Jagd auf jeden verlorenen Platz im Badezimmer zu machen.\n<\/li>\n<\/ul>\n<\/p><\/div><\/div>\t\t\t\t<\/div>\n\t\t\t\t<\/div>\n\t\t\t\t\t<\/div>\n\t\t<\/div>\n\t\t\t\t\t<\/div>\n\t\t<\/section>\n\t\t\t\t<section class=\"elementor-section elementor-inner-section elementor-element elementor-element-376da0d elementor-section-boxed elementor-section-height-default elementor-section-height-default elementor-invisible\" data-id=\"376da0d\" data-element_type=\"section\" data-e-type=\"section\" data-settings=\"{&quot;background_background&quot;:&quot;classic&quot;,&quot;animation&quot;:&quot;fadeInRight&quot;}\">\n\t\t\t\t\t\t<div class=\"elementor-container elementor-column-gap-extended\">\n\t\t\t\t\t<div class=\"elementor-column elementor-col-100 elementor-inner-column elementor-element elementor-element-a8ae36f\" data-id=\"a8ae36f\" data-element_type=\"column\" data-e-type=\"column\" data-settings=\"{&quot;background_background&quot;:&quot;classic&quot;,&quot;animation&quot;:&quot;none&quot;}\">\n\t\t\t<div class=\"elementor-widget-wrap elementor-element-populated\">\n\t\t\t\t\t\t<div class=\"elementor-element elementor-element-990ab60 elementor-position-left elementor-vertical-align-top elementor-widget elementor-widget-image-box\" data-id=\"990ab60\" data-element_type=\"widget\" data-e-type=\"widget\" data-widget_type=\"image-box.default\">\n\t\t\t\t<div class=\"elementor-widget-container\">\n\t\t\t\t\t<div class=\"elementor-image-box-wrapper\"><figure class=\"elementor-image-box-img\"><img loading=\"lazy\" decoding=\"async\" width=\"242\" height=\"220\" src=\"https:\/\/cedam.fr\/wp-content\/uploads\/2023\/06\/historique-2020-2.jpg\" class=\"attachment-full size-full wp-image-21599\" alt=\"\" \/><\/figure><div class=\"elementor-image-box-content\"><h3 class=\"elementor-image-box-title\">2020<\/h3><p class=\"elementor-image-box-description\"><ul>\n<li>Bau einer Lagerhalle von 6000m2<\/li> \n<\/ul><\/p><\/div><\/div>\t\t\t\t<\/div>\n\t\t\t\t<\/div>\n\t\t\t\t\t<\/div>\n\t\t<\/div>\n\t\t\t\t\t<\/div>\n\t\t<\/section>\n\t\t\t\t\t<\/div>\n\t\t<\/div>\n\t\t\t\t\t<\/div>\n\t\t<\/section>\n\t\t\t\t<\/div>\n\t\t","protected":false},"excerpt":{"rendered":"<p>1990 Gr\u00fcndung des Unternehmens CEDAM durch Herrn Claude Bloch Bau des ersten Geb\u00e4udes mit 4.500 m2 in 1, rue de l&#8217;expansion in Obernai, in dem sich die Gesch\u00e4ftsb\u00fcros, der F&amp;E-Bereich, ein 1.200 m2 gro\u00dfer Ausstellungsraum sowie ein Teil der Produktion befinden. Entwicklung der ersten Badezimmerm\u00f6bel als Bausatz. Schaffung eines exklusiven Sortiments f\u00fcr die Marke Leroy [&hellip;]<\/p>\n","protected":false},"author":4,"featured_media":0,"parent":0,"menu_order":0,"comment_status":"closed","ping_status":"closed","template":"","meta":{"_acf_changed":false,"footnotes":""},"class_list":["post-23583","page","type-page","status-publish","hentry"],"acf":[],"yoast_head":"<!-- This site is optimized with the Yoast SEO plugin v27.4 - https:\/\/yoast.com\/product\/yoast-seo-wordpress\/ -->\n<title>Geschichte - Cedam<\/title>\n<meta name=\"description\" content=\"Seit \u00fcber 30 Jahren gestaltet Cedam den Raum des Badezimmers mit trendigen Linien neu, die Design, Funktionalit\u00e4t und \u00c4sthetik miteinander verbinden.\" \/>\n<meta name=\"robots\" content=\"index, follow, max-snippet:-1, max-image-preview:large, max-video-preview:-1\" \/>\n<link rel=\"canonical\" href=\"https:\/\/cedam.fr\/de\/geschichte\/\" \/>\n<meta property=\"og:locale\" content=\"de_DE\" \/>\n<meta property=\"og:type\" content=\"article\" \/>\n<meta property=\"og:title\" content=\"Geschichte - Cedam\" \/>\n<meta property=\"og:description\" content=\"Seit \u00fcber 30 Jahren gestaltet Cedam den Raum des Badezimmers mit trendigen Linien neu, die Design, Funktionalit\u00e4t und \u00c4sthetik miteinander verbinden.\" \/>\n<meta property=\"og:url\" content=\"https:\/\/cedam.fr\/de\/geschichte\/\" \/>\n<meta property=\"og:site_name\" content=\"Cedam\" \/>\n<meta property=\"article:modified_time\" content=\"2023-09-29T07:18:56+00:00\" \/>\n<meta property=\"og:image\" content=\"https:\/\/cedam.fr\/wp-content\/uploads\/2023\/06\/historique-1990.jpg\" \/>\n<meta name=\"twitter:card\" content=\"summary_large_image\" \/>\n<meta name=\"twitter:label1\" content=\"Gesch\u00e4tzte Lesezeit\" \/>\n\t<meta name=\"twitter:data1\" content=\"1\u00a0Minute\" \/>\n<script type=\"application\/ld+json\" class=\"yoast-schema-graph\">{\"@context\":\"https:\\\/\\\/schema.org\",\"@graph\":[{\"@type\":\"WebPage\",\"@id\":\"https:\\\/\\\/cedam.fr\\\/de\\\/geschichte\\\/\",\"url\":\"https:\\\/\\\/cedam.fr\\\/de\\\/geschichte\\\/\",\"name\":\"Geschichte - Cedam\",\"isPartOf\":{\"@id\":\"https:\\\/\\\/cedam.fr\\\/de\\\/#website\"},\"primaryImageOfPage\":{\"@id\":\"https:\\\/\\\/cedam.fr\\\/de\\\/geschichte\\\/#primaryimage\"},\"image\":{\"@id\":\"https:\\\/\\\/cedam.fr\\\/de\\\/geschichte\\\/#primaryimage\"},\"thumbnailUrl\":\"https:\\\/\\\/cedam.fr\\\/wp-content\\\/uploads\\\/2023\\\/06\\\/historique-1990.jpg\",\"datePublished\":\"2023-06-02T10:12:25+00:00\",\"dateModified\":\"2023-09-29T07:18:56+00:00\",\"description\":\"Seit \u00fcber 30 Jahren gestaltet Cedam den Raum des Badezimmers mit trendigen Linien neu, die Design, Funktionalit\u00e4t und \u00c4sthetik miteinander verbinden.\",\"breadcrumb\":{\"@id\":\"https:\\\/\\\/cedam.fr\\\/de\\\/geschichte\\\/#breadcrumb\"},\"inLanguage\":\"de\",\"potentialAction\":[{\"@type\":\"ReadAction\",\"target\":[\"https:\\\/\\\/cedam.fr\\\/de\\\/geschichte\\\/\"]}]},{\"@type\":\"ImageObject\",\"inLanguage\":\"de\",\"@id\":\"https:\\\/\\\/cedam.fr\\\/de\\\/geschichte\\\/#primaryimage\",\"url\":\"https:\\\/\\\/cedam.fr\\\/wp-content\\\/uploads\\\/2023\\\/06\\\/historique-1990.jpg\",\"contentUrl\":\"https:\\\/\\\/cedam.fr\\\/wp-content\\\/uploads\\\/2023\\\/06\\\/historique-1990.jpg\"},{\"@type\":\"BreadcrumbList\",\"@id\":\"https:\\\/\\\/cedam.fr\\\/de\\\/geschichte\\\/#breadcrumb\",\"itemListElement\":[{\"@type\":\"ListItem\",\"position\":1,\"name\":\"Accueil\",\"item\":\"https:\\\/\\\/cedam.fr\\\/de\\\/\"},{\"@type\":\"ListItem\",\"position\":2,\"name\":\"Geschichte\"}]},{\"@type\":\"WebSite\",\"@id\":\"https:\\\/\\\/cedam.fr\\\/de\\\/#website\",\"url\":\"https:\\\/\\\/cedam.fr\\\/de\\\/\",\"name\":\"Cedam\",\"description\":\"\",\"publisher\":{\"@id\":\"https:\\\/\\\/cedam.fr\\\/de\\\/#organization\"},\"potentialAction\":[{\"@type\":\"SearchAction\",\"target\":{\"@type\":\"EntryPoint\",\"urlTemplate\":\"https:\\\/\\\/cedam.fr\\\/de\\\/?s={search_term_string}\"},\"query-input\":{\"@type\":\"PropertyValueSpecification\",\"valueRequired\":true,\"valueName\":\"search_term_string\"}}],\"inLanguage\":\"de\"},{\"@type\":\"Organization\",\"@id\":\"https:\\\/\\\/cedam.fr\\\/de\\\/#organization\",\"name\":\"Cedam\",\"url\":\"https:\\\/\\\/cedam.fr\\\/de\\\/\",\"logo\":{\"@type\":\"ImageObject\",\"inLanguage\":\"de\",\"@id\":\"https:\\\/\\\/cedam.fr\\\/de\\\/#\\\/schema\\\/logo\\\/image\\\/\",\"url\":\"https:\\\/\\\/cedam.fr\\\/wp-content\\\/uploads\\\/2023\\\/02\\\/new_logo_white.svg\",\"contentUrl\":\"https:\\\/\\\/cedam.fr\\\/wp-content\\\/uploads\\\/2023\\\/02\\\/new_logo_white.svg\",\"caption\":\"Cedam\"},\"image\":{\"@id\":\"https:\\\/\\\/cedam.fr\\\/de\\\/#\\\/schema\\\/logo\\\/image\\\/\"}}]}<\/script>\n<!-- \/ Yoast SEO plugin. -->","yoast_head_json":{"title":"Geschichte - Cedam","description":"Seit \u00fcber 30 Jahren gestaltet Cedam den Raum des Badezimmers mit trendigen Linien neu, die Design, Funktionalit\u00e4t und \u00c4sthetik miteinander verbinden.","robots":{"index":"index","follow":"follow","max-snippet":"max-snippet:-1","max-image-preview":"max-image-preview:large","max-video-preview":"max-video-preview:-1"},"canonical":"https:\/\/cedam.fr\/de\/geschichte\/","og_locale":"de_DE","og_type":"article","og_title":"Geschichte - Cedam","og_description":"Seit \u00fcber 30 Jahren gestaltet Cedam den Raum des Badezimmers mit trendigen Linien neu, die Design, Funktionalit\u00e4t und \u00c4sthetik miteinander verbinden.","og_url":"https:\/\/cedam.fr\/de\/geschichte\/","og_site_name":"Cedam","article_modified_time":"2023-09-29T07:18:56+00:00","og_image":[{"url":"https:\/\/cedam.fr\/wp-content\/uploads\/2023\/06\/historique-1990.jpg","type":"","width":"","height":""}],"twitter_card":"summary_large_image","twitter_misc":{"Gesch\u00e4tzte Lesezeit":"1\u00a0Minute"},"schema":{"@context":"https:\/\/schema.org","@graph":[{"@type":"WebPage","@id":"https:\/\/cedam.fr\/de\/geschichte\/","url":"https:\/\/cedam.fr\/de\/geschichte\/","name":"Geschichte - Cedam","isPartOf":{"@id":"https:\/\/cedam.fr\/de\/#website"},"primaryImageOfPage":{"@id":"https:\/\/cedam.fr\/de\/geschichte\/#primaryimage"},"image":{"@id":"https:\/\/cedam.fr\/de\/geschichte\/#primaryimage"},"thumbnailUrl":"https:\/\/cedam.fr\/wp-content\/uploads\/2023\/06\/historique-1990.jpg","datePublished":"2023-06-02T10:12:25+00:00","dateModified":"2023-09-29T07:18:56+00:00","description":"Seit \u00fcber 30 Jahren gestaltet Cedam den Raum des Badezimmers mit trendigen Linien neu, die Design, Funktionalit\u00e4t und \u00c4sthetik miteinander verbinden.","breadcrumb":{"@id":"https:\/\/cedam.fr\/de\/geschichte\/#breadcrumb"},"inLanguage":"de","potentialAction":[{"@type":"ReadAction","target":["https:\/\/cedam.fr\/de\/geschichte\/"]}]},{"@type":"ImageObject","inLanguage":"de","@id":"https:\/\/cedam.fr\/de\/geschichte\/#primaryimage","url":"https:\/\/cedam.fr\/wp-content\/uploads\/2023\/06\/historique-1990.jpg","contentUrl":"https:\/\/cedam.fr\/wp-content\/uploads\/2023\/06\/historique-1990.jpg"},{"@type":"BreadcrumbList","@id":"https:\/\/cedam.fr\/de\/geschichte\/#breadcrumb","itemListElement":[{"@type":"ListItem","position":1,"name":"Accueil","item":"https:\/\/cedam.fr\/de\/"},{"@type":"ListItem","position":2,"name":"Geschichte"}]},{"@type":"WebSite","@id":"https:\/\/cedam.fr\/de\/#website","url":"https:\/\/cedam.fr\/de\/","name":"Cedam","description":"","publisher":{"@id":"https:\/\/cedam.fr\/de\/#organization"},"potentialAction":[{"@type":"SearchAction","target":{"@type":"EntryPoint","urlTemplate":"https:\/\/cedam.fr\/de\/?s={search_term_string}"},"query-input":{"@type":"PropertyValueSpecification","valueRequired":true,"valueName":"search_term_string"}}],"inLanguage":"de"},{"@type":"Organization","@id":"https:\/\/cedam.fr\/de\/#organization","name":"Cedam","url":"https:\/\/cedam.fr\/de\/","logo":{"@type":"ImageObject","inLanguage":"de","@id":"https:\/\/cedam.fr\/de\/#\/schema\/logo\/image\/","url":"https:\/\/cedam.fr\/wp-content\/uploads\/2023\/02\/new_logo_white.svg","contentUrl":"https:\/\/cedam.fr\/wp-content\/uploads\/2023\/02\/new_logo_white.svg","caption":"Cedam"},"image":{"@id":"https:\/\/cedam.fr\/de\/#\/schema\/logo\/image\/"}}]}},"_links":{"self":[{"href":"https:\/\/cedam.fr\/de\/wp-json\/wp\/v2\/pages\/23583","targetHints":{"allow":["GET"]}}],"collection":[{"href":"https:\/\/cedam.fr\/de\/wp-json\/wp\/v2\/pages"}],"about":[{"href":"https:\/\/cedam.fr\/de\/wp-json\/wp\/v2\/types\/page"}],"author":[{"embeddable":true,"href":"https:\/\/cedam.fr\/de\/wp-json\/wp\/v2\/users\/4"}],"replies":[{"embeddable":true,"href":"https:\/\/cedam.fr\/de\/wp-json\/wp\/v2\/comments?post=23583"}],"version-history":[{"count":1,"href":"https:\/\/cedam.fr\/de\/wp-json\/wp\/v2\/pages\/23583\/revisions"}],"predecessor-version":[{"id":23584,"href":"https:\/\/cedam.fr\/de\/wp-json\/wp\/v2\/pages\/23583\/revisions\/23584"}],"wp:attachment":[{"href":"https:\/\/cedam.fr\/de\/wp-json\/wp\/v2\/media?parent=23583"}],"curies":[{"name":"wp","href":"https:\/\/api.w.org\/{rel}","templated":true}]}}