{"id":23358,"date":"2023-07-17T16:55:36","date_gmt":"2023-07-17T14:55:36","guid":{"rendered":"https:\/\/cedam.fr\/unsere-waschkuechenmoebel\/"},"modified":"2023-09-29T09:08:24","modified_gmt":"2023-09-29T07:08:24","slug":"unsere-waschkuechenmoebel","status":"publish","type":"page","link":"https:\/\/cedam.fr\/de\/unsere-waschkuechenmoebel\/","title":{"rendered":"Unsere Waschk\u00fcchenm\u00f6bel"},"content":{"rendered":"\t\t<div data-elementor-type=\"wp-page\" data-elementor-id=\"23358\" class=\"elementor elementor-23358 elementor-15656\" data-elementor-post-type=\"page\">\n\t\t\t\t\t\t<section class=\"elementor-section elementor-top-section elementor-element elementor-element-35ce628 elementor-section-boxed elementor-section-height-default elementor-section-height-default\" data-id=\"35ce628\" data-element_type=\"section\" data-e-type=\"section\">\n\t\t\t\t\t\t<div class=\"elementor-container elementor-column-gap-default\">\n\t\t\t\t\t<div class=\"elementor-column elementor-col-100 elementor-top-column elementor-element elementor-element-c837db3\" data-id=\"c837db3\" data-element_type=\"column\" data-e-type=\"column\">\n\t\t\t<div class=\"elementor-widget-wrap elementor-element-populated\">\n\t\t\t\t\t\t<div class=\"elementor-element elementor-element-73500e1 elementor-align-left elementor-widget elementor-widget-breadcrumbs\" data-id=\"73500e1\" data-element_type=\"widget\" data-e-type=\"widget\" data-widget_type=\"breadcrumbs.default\">\n\t\t\t\t<div class=\"elementor-widget-container\">\n\t\t\t\t\t<p id=\"breadcrumbs\"><span><span><a href=\"https:\/\/cedam.fr\/de\/\">Accueil<\/a><\/span><\/span><\/p>\t\t\t\t<\/div>\n\t\t\t\t<\/div>\n\t\t\t\t\t<\/div>\n\t\t<\/div>\n\t\t\t\t\t<\/div>\n\t\t<\/section>\n\t\t\t\t<section class=\"elementor-section elementor-top-section elementor-element elementor-element-8d3243a elementor-section-boxed elementor-section-height-default elementor-section-height-default\" data-id=\"8d3243a\" data-element_type=\"section\" data-e-type=\"section\">\n\t\t\t\t\t\t<div class=\"elementor-container elementor-column-gap-default\">\n\t\t\t\t\t<div class=\"elementor-column elementor-col-100 elementor-top-column elementor-element elementor-element-2ff2e31\" data-id=\"2ff2e31\" data-element_type=\"column\" data-e-type=\"column\">\n\t\t\t<div class=\"elementor-widget-wrap elementor-element-populated\">\n\t\t\t\t\t\t<div class=\"elementor-element elementor-element-2ae9cb1 elementor-widget elementor-widget-heading\" data-id=\"2ae9cb1\" data-element_type=\"widget\" data-e-type=\"widget\" data-widget_type=\"heading.default\">\n\t\t\t\t<div class=\"elementor-widget-container\">\n\t\t\t\t\t<h2 class=\"elementor-heading-title elementor-size-default\">Unsere Waschk\u00fcchenm\u00f6bel<\/h2>\t\t\t\t<\/div>\n\t\t\t\t<\/div>\n\t\t\t\t\t<\/div>\n\t\t<\/div>\n\t\t\t\t\t<\/div>\n\t\t<\/section>\n\t\t\t\t<section class=\"elementor-section elementor-top-section elementor-element elementor-element-1355f78 elementor-reverse-tablet elementor-reverse-mobile elementor-section-boxed elementor-section-height-default elementor-section-height-default\" data-id=\"1355f78\" data-element_type=\"section\" data-e-type=\"section\" data-settings=\"{&quot;background_background&quot;:&quot;classic&quot;}\">\n\t\t\t\t\t\t<div class=\"elementor-container elementor-column-gap-default\">\n\t\t\t\t\t<div class=\"elementor-column elementor-col-50 elementor-top-column elementor-element elementor-element-88a7b4c elementor-invisible\" data-id=\"88a7b4c\" data-element_type=\"column\" data-e-type=\"column\" data-settings=\"{&quot;animation&quot;:&quot;fadeInLeft&quot;}\">\n\t\t\t<div class=\"elementor-widget-wrap elementor-element-populated\">\n\t\t\t\t\t\t<div class=\"elementor-element elementor-element-f58b3cd elementor-widget elementor-widget-image\" data-id=\"f58b3cd\" data-element_type=\"widget\" data-e-type=\"widget\" data-widget_type=\"image.default\">\n\t\t\t\t<div class=\"elementor-widget-container\">\n\t\t\t\t\t\t\t\t\t\t\t\t\t\t\t<img fetchpriority=\"high\" decoding=\"async\" width=\"700\" height=\"500\" src=\"https:\/\/cedam.fr\/wp-content\/uploads\/2023\/07\/buanderie-img-nos-meubles.png\" class=\"attachment-large size-large wp-image-22333\" alt=\"\" srcset=\"https:\/\/cedam.fr\/wp-content\/uploads\/2023\/07\/buanderie-img-nos-meubles.png 700w, https:\/\/cedam.fr\/wp-content\/uploads\/2023\/07\/buanderie-img-nos-meubles-300x214.png 300w\" sizes=\"(max-width: 700px) 100vw, 700px\" \/>\t\t\t\t\t\t\t\t\t\t\t\t\t\t\t<\/div>\n\t\t\t\t<\/div>\n\t\t\t\t\t<\/div>\n\t\t<\/div>\n\t\t\t\t<div class=\"elementor-column elementor-col-50 elementor-top-column elementor-element elementor-element-44f8be7 elementor-invisible\" data-id=\"44f8be7\" data-element_type=\"column\" data-e-type=\"column\" data-settings=\"{&quot;animation&quot;:&quot;fadeInRight&quot;}\">\n\t\t\t<div class=\"elementor-widget-wrap elementor-element-populated\">\n\t\t\t\t\t\t<div class=\"elementor-element elementor-element-e6ee76a elementor-widget elementor-widget-heading\" data-id=\"e6ee76a\" data-element_type=\"widget\" data-e-type=\"widget\" data-widget_type=\"heading.default\">\n\t\t\t\t<div class=\"elementor-widget-container\">\n\t\t\t\t\t<h3 class=\"elementor-heading-title elementor-size-default\">Tiefe 68 cm, Breite 70 cm<\/h3>\t\t\t\t<\/div>\n\t\t\t\t<\/div>\n\t\t\t\t<div class=\"elementor-element elementor-element-9767bd0 elementor-widget elementor-widget-text-editor\" data-id=\"9767bd0\" data-element_type=\"widget\" data-e-type=\"widget\" data-widget_type=\"text-editor.default\">\n\t\t\t\t<div class=\"elementor-widget-container\">\n\t\t\t\t\t\t\t\t\t<p>Die S\u00e4ule enth\u00e4lt verstellbare Kufen (+\/- 25 mm mit Sechskantschl\u00fcssel), um eine Nivellierung zu gew\u00e4hrleisten. Dieses Element muss unbedingt auf den Boden gestellt und mit den mitgelieferten Winkeln an der Wand befestigt werden. Maschinens\u00e4ulen enthalten keine R\u00fcckseiten, um das Anschlie\u00dfen von Rohren zu erleichtern.<\/p>\n<p>Aus Gr\u00fcnden des Transports und der einfachen Handhabung werden diese Elemente als Bausatz geliefert, der bei der Installation zusammengebaut wird. Alle notwendigen Beschl\u00e4ge werden mitgeliefert (au\u00dfer Schrauben\/D\u00fcbel f\u00fcr die Wandbefestigung, die je nach Wandtyp angepasst werden m\u00fcssen).<\/p>\n<p><strong>S\u00e4ule f\u00fcr die Integration von Standardger\u00e4ten Breite 60cm:<br \/>Im unteren Teil:<\/strong> f\u00fcr die Waschmaschine, Einbauh\u00f6he 860mm, Tiefe max. 650mm (inkl. Schl\u00e4uche). Um eine \u00dcberlastung der S\u00e4ule zu vermeiden, steht dieses Ger\u00e4t auf dem Boden. Der Sockel umfasst eine untere Bel\u00fcftung. Er ist abnehmbar, um einen vollst\u00e4ndigen Zugang zum Ger\u00e4t zu gew\u00e4hrleisten (z. B. bei der Reinigung des Filters). Die Hochbel\u00fcftung erfolgt \u00fcber den technischen Hohlraum. Bei einer vollst\u00e4ndigen Einbettung ist ein hoher L\u00fcfter erforderlich, um die Luftzirkulation zu gew\u00e4hrleisten.<\/p>\n<p><strong>Oben:<\/strong> f\u00fcr Kondensationstrockner, Einbauh\u00f6he 860 mm, Tiefe max. 650 mm.<\/p>\n\t\t\t\t\t\t\t\t<\/div>\n\t\t\t\t<\/div>\n\t\t\t\t\t<\/div>\n\t\t<\/div>\n\t\t\t\t\t<\/div>\n\t\t<\/section>\n\t\t\t\t<section class=\"elementor-section elementor-top-section elementor-element elementor-element-753a2cb elementor-section-boxed elementor-section-height-default elementor-section-height-default\" data-id=\"753a2cb\" data-element_type=\"section\" data-e-type=\"section\">\n\t\t\t\t\t\t<div class=\"elementor-container elementor-column-gap-default\">\n\t\t\t\t\t<div class=\"elementor-column elementor-col-100 elementor-top-column elementor-element elementor-element-88cea0c\" data-id=\"88cea0c\" data-element_type=\"column\" data-e-type=\"column\">\n\t\t\t<div class=\"elementor-widget-wrap elementor-element-populated\">\n\t\t\t\t\t\t<div class=\"elementor-element elementor-element-9ff728f elementor-widget elementor-widget-image\" data-id=\"9ff728f\" data-element_type=\"widget\" data-e-type=\"widget\" data-widget_type=\"image.default\">\n\t\t\t\t<div class=\"elementor-widget-container\">\n\t\t\t\t\t\t\t\t\t\t\t\t\t\t\t<img decoding=\"async\" width=\"800\" height=\"457\" src=\"https:\/\/cedam.fr\/wp-content\/uploads\/2023\/07\/buanderie-nos-meubles-2-1024x585.png\" class=\"attachment-large size-large wp-image-22335\" alt=\"\" srcset=\"https:\/\/cedam.fr\/wp-content\/uploads\/2023\/07\/buanderie-nos-meubles-2-1024x585.png 1024w, https:\/\/cedam.fr\/wp-content\/uploads\/2023\/07\/buanderie-nos-meubles-2-300x171.png 300w, https:\/\/cedam.fr\/wp-content\/uploads\/2023\/07\/buanderie-nos-meubles-2-768x439.png 768w, https:\/\/cedam.fr\/wp-content\/uploads\/2023\/07\/buanderie-nos-meubles-2.png 1300w\" sizes=\"(max-width: 800px) 100vw, 800px\" \/>\t\t\t\t\t\t\t\t\t\t\t\t\t\t\t<\/div>\n\t\t\t\t<\/div>\n\t\t\t\t<div class=\"elementor-element elementor-element-ca71485 elementor-widget elementor-widget-text-editor\" data-id=\"ca71485\" data-element_type=\"widget\" data-e-type=\"widget\" data-widget_type=\"text-editor.default\">\n\t\t\t\t<div class=\"elementor-widget-container\">\n\t\t\t\t\t\t\t\t\t<p><strong><em>Nicht kompatibel mit Gro\u00dfraummaschinen!<\/em><\/strong><\/p>\n\t\t\t\t\t\t\t\t<\/div>\n\t\t\t\t<\/div>\n\t\t\t\t\t<\/div>\n\t\t<\/div>\n\t\t\t\t\t<\/div>\n\t\t<\/section>\n\t\t\t\t<section class=\"elementor-section elementor-top-section elementor-element elementor-element-81761aa elementor-section-boxed elementor-section-height-default elementor-section-height-default\" data-id=\"81761aa\" data-element_type=\"section\" data-e-type=\"section\">\n\t\t\t\t\t\t<div class=\"elementor-container elementor-column-gap-default\">\n\t\t\t\t\t<div class=\"elementor-column elementor-col-100 elementor-top-column elementor-element elementor-element-798d057\" data-id=\"798d057\" data-element_type=\"column\" data-e-type=\"column\">\n\t\t\t<div class=\"elementor-widget-wrap elementor-element-populated\">\n\t\t\t\t\t\t<div class=\"elementor-element elementor-element-6b28c76 elementor-widget elementor-widget-heading\" data-id=\"6b28c76\" data-element_type=\"widget\" data-e-type=\"widget\" data-widget_type=\"heading.default\">\n\t\t\t\t<div class=\"elementor-widget-container\">\n\t\t\t\t\t<h3 class=\"elementor-heading-title elementor-size-default\">S\u00e4ule 2 T\u00fcren<\/h3>\t\t\t\t<\/div>\n\t\t\t\t<\/div>\n\t\t\t\t<div class=\"elementor-element elementor-element-53b5cd2 elementor-widget elementor-widget-text-editor\" data-id=\"53b5cd2\" data-element_type=\"widget\" data-e-type=\"widget\" data-widget_type=\"text-editor.default\">\n\t\t\t\t<div class=\"elementor-widget-container\">\n\t\t\t\t\t\t\t\t\t<p>Die S\u00e4ule enth\u00e4lt einen Bel\u00fcfter, der im unteren Teil in den Sockel integriert ist. Um eine gute Luftzirkulation zu erm\u00f6glichen, musst du kontrollieren, ob die Luft im oberen Bereich entweichen kann. F\u00fcr die S\u00e4ule H 88 cm: Sehen Sie einen Bel\u00fcfter vor, der in die Abdeckplatte integriert wird. Die S\u00e4ule H 196 cm enth\u00e4lt einen technischen Hohlraum. Ein Bel\u00fcfter im oberen Bereich ist nur erforderlich, wenn die S\u00e4ule eingebaut wird.<\/p>\n\t\t\t\t\t\t\t\t<\/div>\n\t\t\t\t<\/div>\n\t\t\t\t<section class=\"elementor-section elementor-inner-section elementor-element elementor-element-642e49d elementor-section-boxed elementor-section-height-default elementor-section-height-default\" data-id=\"642e49d\" data-element_type=\"section\" data-e-type=\"section\">\n\t\t\t\t\t\t<div class=\"elementor-container elementor-column-gap-default\">\n\t\t\t\t\t<div class=\"elementor-column elementor-col-50 elementor-inner-column elementor-element elementor-element-83b0a22\" data-id=\"83b0a22\" data-element_type=\"column\" data-e-type=\"column\">\n\t\t\t<div class=\"elementor-widget-wrap elementor-element-populated\">\n\t\t\t\t\t\t<div class=\"elementor-element elementor-element-756cfef elementor-widget elementor-widget-image\" data-id=\"756cfef\" data-element_type=\"widget\" data-e-type=\"widget\" data-widget_type=\"image.default\">\n\t\t\t\t<div class=\"elementor-widget-container\">\n\t\t\t\t\t\t\t\t\t\t\t\t\t\t\t<img decoding=\"async\" width=\"400\" height=\"400\" src=\"https:\/\/cedam.fr\/wp-content\/uploads\/2023\/07\/porte-deux-colonnes-1.png\" class=\"attachment-large size-large wp-image-22339\" alt=\"\" srcset=\"https:\/\/cedam.fr\/wp-content\/uploads\/2023\/07\/porte-deux-colonnes-1.png 400w, https:\/\/cedam.fr\/wp-content\/uploads\/2023\/07\/porte-deux-colonnes-1-300x300.png 300w, https:\/\/cedam.fr\/wp-content\/uploads\/2023\/07\/porte-deux-colonnes-1-150x150.png 150w\" sizes=\"(max-width: 400px) 100vw, 400px\" \/>\t\t\t\t\t\t\t\t\t\t\t\t\t\t\t<\/div>\n\t\t\t\t<\/div>\n\t\t\t\t<div class=\"elementor-element elementor-element-b78a726 elementor-widget elementor-widget-text-editor\" data-id=\"b78a726\" data-element_type=\"widget\" data-e-type=\"widget\" data-widget_type=\"text-editor.default\">\n\t\t\t\t<div class=\"elementor-widget-container\">\n\t\t\t\t\t\t\t\t\t<p>H\u00f6he 88 cm<br \/>700 x 882 x 680<br \/><span style=\"color: #e3b66d;\"><strong>RGA.C1M.P70.L70&#8230;<\/strong><\/span><\/p>\n<p>F\u00fcr 1 Maschine, vorgesehen f\u00fcr die Ausrichtung auf den Korpus H\u00f6he 88 cm, der mit einer Abdeckplatte abgedeckt werden soll. Einen Bel\u00fcfter vorsehen.<\/p>\n\t\t\t\t\t\t\t\t<\/div>\n\t\t\t\t<\/div>\n\t\t\t\t\t<\/div>\n\t\t<\/div>\n\t\t\t\t<div class=\"elementor-column elementor-col-50 elementor-inner-column elementor-element elementor-element-31fab13\" data-id=\"31fab13\" data-element_type=\"column\" data-e-type=\"column\">\n\t\t\t<div class=\"elementor-widget-wrap elementor-element-populated\">\n\t\t\t\t\t\t<div class=\"elementor-element elementor-element-df8e3d4 elementor-widget elementor-widget-image\" data-id=\"df8e3d4\" data-element_type=\"widget\" data-e-type=\"widget\" data-widget_type=\"image.default\">\n\t\t\t\t<div class=\"elementor-widget-container\">\n\t\t\t\t\t\t\t\t\t\t\t\t\t\t\t<img loading=\"lazy\" decoding=\"async\" width=\"400\" height=\"400\" src=\"https:\/\/cedam.fr\/wp-content\/uploads\/2023\/07\/porte-deux-colonnes-2.png\" class=\"attachment-large size-large wp-image-22341\" alt=\"\" srcset=\"https:\/\/cedam.fr\/wp-content\/uploads\/2023\/07\/porte-deux-colonnes-2.png 400w, https:\/\/cedam.fr\/wp-content\/uploads\/2023\/07\/porte-deux-colonnes-2-300x300.png 300w, https:\/\/cedam.fr\/wp-content\/uploads\/2023\/07\/porte-deux-colonnes-2-150x150.png 150w\" sizes=\"(max-width: 400px) 100vw, 400px\" \/>\t\t\t\t\t\t\t\t\t\t\t\t\t\t\t<\/div>\n\t\t\t\t<\/div>\n\t\t\t\t<div class=\"elementor-element elementor-element-9ce727c elementor-widget elementor-widget-text-editor\" data-id=\"9ce727c\" data-element_type=\"widget\" data-e-type=\"widget\" data-widget_type=\"text-editor.default\">\n\t\t\t\t<div class=\"elementor-widget-container\">\n\t\t\t\t\t\t\t\t\t<p>H\u00f6he 196 cm<br \/>700 x 1960 x 680<br \/><span style=\"color: #e3b66d;\"><strong>RGC.C2M.P70.L70&#8230;<\/strong><\/span><\/p>\n<p>F\u00fcr 2 Maschinen, 1 hohes Fach<\/p>\n\t\t\t\t\t\t\t\t<\/div>\n\t\t\t\t<\/div>\n\t\t\t\t\t<\/div>\n\t\t<\/div>\n\t\t\t\t\t<\/div>\n\t\t<\/section>\n\t\t\t\t\t<\/div>\n\t\t<\/div>\n\t\t\t\t\t<\/div>\n\t\t<\/section>\n\t\t\t\t<\/div>\n\t\t","protected":false},"excerpt":{"rendered":"<p>Unsere Waschk\u00fcchenm\u00f6bel Tiefe 68 cm, Breite 70 cm Die S\u00e4ule enth\u00e4lt verstellbare Kufen (+\/- 25 mm mit Sechskantschl\u00fcssel), um eine Nivellierung zu gew\u00e4hrleisten. Dieses Element muss unbedingt auf den Boden gestellt und mit den mitgelieferten Winkeln an der Wand befestigt werden. Maschinens\u00e4ulen enthalten keine R\u00fcckseiten, um das Anschlie\u00dfen von Rohren zu erleichtern. Aus Gr\u00fcnden des [&hellip;]<\/p>\n","protected":false},"author":1,"featured_media":0,"parent":0,"menu_order":0,"comment_status":"closed","ping_status":"closed","template":"","meta":{"_acf_changed":false,"footnotes":""},"class_list":["post-23358","page","type-page","status-publish","hentry"],"acf":[],"yoast_head":"<!-- This site is optimized with the Yoast SEO plugin v27.4 - https:\/\/yoast.com\/product\/yoast-seo-wordpress\/ -->\n<title>Unsere Waschk\u00fcchenm\u00f6bel, CEDAM<\/title>\n<meta name=\"description\" content=\"Entdecken Sie unsere M\u00f6bel aus der Waschk\u00fcchen-Kollektion von Cedam, dem franz\u00f6sischen Hersteller von vollst\u00e4ndig anpassbaren M\u00f6beln.\" \/>\n<meta name=\"robots\" content=\"index, follow, max-snippet:-1, max-image-preview:large, max-video-preview:-1\" \/>\n<link rel=\"canonical\" href=\"https:\/\/cedam.fr\/de\/unsere-waschkuechenmoebel\/\" \/>\n<meta property=\"og:locale\" content=\"de_DE\" \/>\n<meta property=\"og:type\" content=\"article\" \/>\n<meta property=\"og:title\" content=\"Unsere Waschk\u00fcchenm\u00f6bel, CEDAM\" \/>\n<meta property=\"og:description\" content=\"Entdecken Sie unsere M\u00f6bel aus der Waschk\u00fcchen-Kollektion von Cedam, dem franz\u00f6sischen Hersteller von vollst\u00e4ndig anpassbaren M\u00f6beln.\" \/>\n<meta property=\"og:url\" content=\"https:\/\/cedam.fr\/de\/unsere-waschkuechenmoebel\/\" \/>\n<meta property=\"og:site_name\" content=\"Cedam\" \/>\n<meta property=\"article:modified_time\" content=\"2023-09-29T07:08:24+00:00\" \/>\n<meta property=\"og:image\" content=\"https:\/\/cedam.fr\/wp-content\/uploads\/2023\/07\/buanderie-img-nos-meubles.png\" \/>\n<meta name=\"twitter:card\" content=\"summary_large_image\" \/>\n<meta name=\"twitter:label1\" content=\"Gesch\u00e4tzte Lesezeit\" \/>\n\t<meta name=\"twitter:data1\" content=\"2\u00a0Minuten\" \/>\n<script type=\"application\/ld+json\" class=\"yoast-schema-graph\">{\"@context\":\"https:\\\/\\\/schema.org\",\"@graph\":[{\"@type\":\"WebPage\",\"@id\":\"https:\\\/\\\/cedam.fr\\\/de\\\/unsere-waschkuechenmoebel\\\/\",\"url\":\"https:\\\/\\\/cedam.fr\\\/de\\\/unsere-waschkuechenmoebel\\\/\",\"name\":\"Unsere Waschk\u00fcchenm\u00f6bel, CEDAM\",\"isPartOf\":{\"@id\":\"https:\\\/\\\/cedam.fr\\\/de\\\/#website\"},\"primaryImageOfPage\":{\"@id\":\"https:\\\/\\\/cedam.fr\\\/de\\\/unsere-waschkuechenmoebel\\\/#primaryimage\"},\"image\":{\"@id\":\"https:\\\/\\\/cedam.fr\\\/de\\\/unsere-waschkuechenmoebel\\\/#primaryimage\"},\"thumbnailUrl\":\"https:\\\/\\\/cedam.fr\\\/wp-content\\\/uploads\\\/2023\\\/07\\\/buanderie-img-nos-meubles.png\",\"datePublished\":\"2023-07-17T14:55:36+00:00\",\"dateModified\":\"2023-09-29T07:08:24+00:00\",\"description\":\"Entdecken Sie unsere M\u00f6bel aus der Waschk\u00fcchen-Kollektion von Cedam, dem franz\u00f6sischen Hersteller von vollst\u00e4ndig anpassbaren M\u00f6beln.\",\"breadcrumb\":{\"@id\":\"https:\\\/\\\/cedam.fr\\\/de\\\/unsere-waschkuechenmoebel\\\/#breadcrumb\"},\"inLanguage\":\"de\",\"potentialAction\":[{\"@type\":\"ReadAction\",\"target\":[\"https:\\\/\\\/cedam.fr\\\/de\\\/unsere-waschkuechenmoebel\\\/\"]}]},{\"@type\":\"ImageObject\",\"inLanguage\":\"de\",\"@id\":\"https:\\\/\\\/cedam.fr\\\/de\\\/unsere-waschkuechenmoebel\\\/#primaryimage\",\"url\":\"https:\\\/\\\/cedam.fr\\\/wp-content\\\/uploads\\\/2023\\\/07\\\/buanderie-img-nos-meubles.png\",\"contentUrl\":\"https:\\\/\\\/cedam.fr\\\/wp-content\\\/uploads\\\/2023\\\/07\\\/buanderie-img-nos-meubles.png\"},{\"@type\":\"BreadcrumbList\",\"@id\":\"https:\\\/\\\/cedam.fr\\\/de\\\/unsere-waschkuechenmoebel\\\/#breadcrumb\",\"itemListElement\":[{\"@type\":\"ListItem\",\"position\":1,\"name\":\"Accueil\",\"item\":\"https:\\\/\\\/cedam.fr\\\/de\\\/\"},{\"@type\":\"ListItem\",\"position\":2,\"name\":\"Unsere Waschk\u00fcchenm\u00f6bel\"}]},{\"@type\":\"WebSite\",\"@id\":\"https:\\\/\\\/cedam.fr\\\/de\\\/#website\",\"url\":\"https:\\\/\\\/cedam.fr\\\/de\\\/\",\"name\":\"Cedam\",\"description\":\"\",\"publisher\":{\"@id\":\"https:\\\/\\\/cedam.fr\\\/de\\\/#organization\"},\"potentialAction\":[{\"@type\":\"SearchAction\",\"target\":{\"@type\":\"EntryPoint\",\"urlTemplate\":\"https:\\\/\\\/cedam.fr\\\/de\\\/?s={search_term_string}\"},\"query-input\":{\"@type\":\"PropertyValueSpecification\",\"valueRequired\":true,\"valueName\":\"search_term_string\"}}],\"inLanguage\":\"de\"},{\"@type\":\"Organization\",\"@id\":\"https:\\\/\\\/cedam.fr\\\/de\\\/#organization\",\"name\":\"Cedam\",\"url\":\"https:\\\/\\\/cedam.fr\\\/de\\\/\",\"logo\":{\"@type\":\"ImageObject\",\"inLanguage\":\"de\",\"@id\":\"https:\\\/\\\/cedam.fr\\\/de\\\/#\\\/schema\\\/logo\\\/image\\\/\",\"url\":\"https:\\\/\\\/cedam.fr\\\/wp-content\\\/uploads\\\/2023\\\/02\\\/new_logo_white.svg\",\"contentUrl\":\"https:\\\/\\\/cedam.fr\\\/wp-content\\\/uploads\\\/2023\\\/02\\\/new_logo_white.svg\",\"caption\":\"Cedam\"},\"image\":{\"@id\":\"https:\\\/\\\/cedam.fr\\\/de\\\/#\\\/schema\\\/logo\\\/image\\\/\"}}]}<\/script>\n<!-- \/ Yoast SEO plugin. -->","yoast_head_json":{"title":"Unsere Waschk\u00fcchenm\u00f6bel, CEDAM","description":"Entdecken Sie unsere M\u00f6bel aus der Waschk\u00fcchen-Kollektion von Cedam, dem franz\u00f6sischen Hersteller von vollst\u00e4ndig anpassbaren M\u00f6beln.","robots":{"index":"index","follow":"follow","max-snippet":"max-snippet:-1","max-image-preview":"max-image-preview:large","max-video-preview":"max-video-preview:-1"},"canonical":"https:\/\/cedam.fr\/de\/unsere-waschkuechenmoebel\/","og_locale":"de_DE","og_type":"article","og_title":"Unsere Waschk\u00fcchenm\u00f6bel, CEDAM","og_description":"Entdecken Sie unsere M\u00f6bel aus der Waschk\u00fcchen-Kollektion von Cedam, dem franz\u00f6sischen Hersteller von vollst\u00e4ndig anpassbaren M\u00f6beln.","og_url":"https:\/\/cedam.fr\/de\/unsere-waschkuechenmoebel\/","og_site_name":"Cedam","article_modified_time":"2023-09-29T07:08:24+00:00","og_image":[{"url":"https:\/\/cedam.fr\/wp-content\/uploads\/2023\/07\/buanderie-img-nos-meubles.png","type":"","width":"","height":""}],"twitter_card":"summary_large_image","twitter_misc":{"Gesch\u00e4tzte Lesezeit":"2\u00a0Minuten"},"schema":{"@context":"https:\/\/schema.org","@graph":[{"@type":"WebPage","@id":"https:\/\/cedam.fr\/de\/unsere-waschkuechenmoebel\/","url":"https:\/\/cedam.fr\/de\/unsere-waschkuechenmoebel\/","name":"Unsere Waschk\u00fcchenm\u00f6bel, CEDAM","isPartOf":{"@id":"https:\/\/cedam.fr\/de\/#website"},"primaryImageOfPage":{"@id":"https:\/\/cedam.fr\/de\/unsere-waschkuechenmoebel\/#primaryimage"},"image":{"@id":"https:\/\/cedam.fr\/de\/unsere-waschkuechenmoebel\/#primaryimage"},"thumbnailUrl":"https:\/\/cedam.fr\/wp-content\/uploads\/2023\/07\/buanderie-img-nos-meubles.png","datePublished":"2023-07-17T14:55:36+00:00","dateModified":"2023-09-29T07:08:24+00:00","description":"Entdecken Sie unsere M\u00f6bel aus der Waschk\u00fcchen-Kollektion von Cedam, dem franz\u00f6sischen Hersteller von vollst\u00e4ndig anpassbaren M\u00f6beln.","breadcrumb":{"@id":"https:\/\/cedam.fr\/de\/unsere-waschkuechenmoebel\/#breadcrumb"},"inLanguage":"de","potentialAction":[{"@type":"ReadAction","target":["https:\/\/cedam.fr\/de\/unsere-waschkuechenmoebel\/"]}]},{"@type":"ImageObject","inLanguage":"de","@id":"https:\/\/cedam.fr\/de\/unsere-waschkuechenmoebel\/#primaryimage","url":"https:\/\/cedam.fr\/wp-content\/uploads\/2023\/07\/buanderie-img-nos-meubles.png","contentUrl":"https:\/\/cedam.fr\/wp-content\/uploads\/2023\/07\/buanderie-img-nos-meubles.png"},{"@type":"BreadcrumbList","@id":"https:\/\/cedam.fr\/de\/unsere-waschkuechenmoebel\/#breadcrumb","itemListElement":[{"@type":"ListItem","position":1,"name":"Accueil","item":"https:\/\/cedam.fr\/de\/"},{"@type":"ListItem","position":2,"name":"Unsere Waschk\u00fcchenm\u00f6bel"}]},{"@type":"WebSite","@id":"https:\/\/cedam.fr\/de\/#website","url":"https:\/\/cedam.fr\/de\/","name":"Cedam","description":"","publisher":{"@id":"https:\/\/cedam.fr\/de\/#organization"},"potentialAction":[{"@type":"SearchAction","target":{"@type":"EntryPoint","urlTemplate":"https:\/\/cedam.fr\/de\/?s={search_term_string}"},"query-input":{"@type":"PropertyValueSpecification","valueRequired":true,"valueName":"search_term_string"}}],"inLanguage":"de"},{"@type":"Organization","@id":"https:\/\/cedam.fr\/de\/#organization","name":"Cedam","url":"https:\/\/cedam.fr\/de\/","logo":{"@type":"ImageObject","inLanguage":"de","@id":"https:\/\/cedam.fr\/de\/#\/schema\/logo\/image\/","url":"https:\/\/cedam.fr\/wp-content\/uploads\/2023\/02\/new_logo_white.svg","contentUrl":"https:\/\/cedam.fr\/wp-content\/uploads\/2023\/02\/new_logo_white.svg","caption":"Cedam"},"image":{"@id":"https:\/\/cedam.fr\/de\/#\/schema\/logo\/image\/"}}]}},"_links":{"self":[{"href":"https:\/\/cedam.fr\/de\/wp-json\/wp\/v2\/pages\/23358","targetHints":{"allow":["GET"]}}],"collection":[{"href":"https:\/\/cedam.fr\/de\/wp-json\/wp\/v2\/pages"}],"about":[{"href":"https:\/\/cedam.fr\/de\/wp-json\/wp\/v2\/types\/page"}],"author":[{"embeddable":true,"href":"https:\/\/cedam.fr\/de\/wp-json\/wp\/v2\/users\/1"}],"replies":[{"embeddable":true,"href":"https:\/\/cedam.fr\/de\/wp-json\/wp\/v2\/comments?post=23358"}],"version-history":[{"count":1,"href":"https:\/\/cedam.fr\/de\/wp-json\/wp\/v2\/pages\/23358\/revisions"}],"predecessor-version":[{"id":23360,"href":"https:\/\/cedam.fr\/de\/wp-json\/wp\/v2\/pages\/23358\/revisions\/23360"}],"wp:attachment":[{"href":"https:\/\/cedam.fr\/de\/wp-json\/wp\/v2\/media?parent=23358"}],"curies":[{"name":"wp","href":"https:\/\/api.w.org\/{rel}","templated":true}]}}