{"id":23297,"date":"2023-09-25T15:17:25","date_gmt":"2023-09-25T13:17:25","guid":{"rendered":"https:\/\/cedam.fr\/waschtischunterschraenke\/"},"modified":"2025-02-24T10:05:10","modified_gmt":"2025-02-24T09:05:10","slug":"waschtischunterschraenke","status":"publish","type":"page","link":"https:\/\/cedam.fr\/de\/waschtischunterschraenke\/","title":{"rendered":"Waschtischunterschr\u00e4nke"},"content":{"rendered":"\t\t<div data-elementor-type=\"wp-page\" data-elementor-id=\"23297\" class=\"elementor elementor-23297 elementor-23194\" data-elementor-post-type=\"page\">\n\t\t\t\t\t\t<section class=\"elementor-section elementor-top-section elementor-element elementor-element-f88021b elementor-section-full_width elementor-section-height-default elementor-section-height-default\" data-id=\"f88021b\" data-element_type=\"section\" data-e-type=\"section\">\n\t\t\t\t\t\t<div class=\"elementor-container elementor-column-gap-default\">\n\t\t\t\t\t<div class=\"elementor-column elementor-col-100 elementor-top-column elementor-element elementor-element-3c6b7f3\" data-id=\"3c6b7f3\" data-element_type=\"column\" data-e-type=\"column\">\n\t\t\t<div class=\"elementor-widget-wrap elementor-element-populated\">\n\t\t\t\t\t\t<div class=\"elementor-element elementor-element-ac1d83e slider_collections elementor--h-position-center elementor--v-position-middle elementor-pagination-position-inside elementor-widget elementor-widget-slides\" data-id=\"ac1d83e\" data-element_type=\"widget\" data-e-type=\"widget\" data-settings=\"{&quot;navigation&quot;:&quot;dots&quot;,&quot;autoplay_speed&quot;:7000,&quot;transition_speed&quot;:2000,&quot;autoplay&quot;:&quot;yes&quot;,&quot;pause_on_hover&quot;:&quot;yes&quot;,&quot;pause_on_interaction&quot;:&quot;yes&quot;,&quot;infinite&quot;:&quot;yes&quot;,&quot;transition&quot;:&quot;slide&quot;}\" data-widget_type=\"slides.default\">\n\t\t\t\t<div class=\"elementor-widget-container\">\n\t\t\t\t\t\t\t\t\t<div class=\"elementor-swiper\">\n\t\t\t\t\t<div class=\"elementor-slides-wrapper elementor-main-swiper swiper\" role=\"region\" aria-roledescription=\"carousel\" aria-label=\"Slider\" dir=\"ltr\" data-animation=\"fadeInUp\">\n\t\t\t\t<div class=\"swiper-wrapper elementor-slides\">\n\t\t\t\t\t\t\t\t\t\t<div class=\"elementor-repeater-item-6e1043b swiper-slide\" role=\"group\" aria-roledescription=\"slide\"><div class=\"swiper-slide-bg\" role=\"img\" aria-label=\"LARGEUR 120 CM - TERRACOTTA MAT - PLAN VASQUE EN MARBRE RECONSTITU\u00c9 MAT (TEPLAN)\"><\/div><div class=\"swiper-slide-inner\" ><div class=\"swiper-slide-contents\"><div class=\"elementor-slide-heading\">Waschtischuntersetzer<\/div><div class=\"elementor-slide-description\"><p>M\u00f6bel<\/p>\n<\/div><\/div><\/div><\/div>\t\t\t\t<\/div>\n\t\t\t\t\t\t\t<\/div>\n\t\t\t\t<\/div>\n\t\t\t\t\t\t\t\t<\/div>\n\t\t\t\t<\/div>\n\t\t\t\t\t<\/div>\n\t\t<\/div>\n\t\t\t\t\t<\/div>\n\t\t<\/section>\n\t\t\t\t<section class=\"elementor-section elementor-top-section elementor-element elementor-element-07c524a elementor-section-boxed elementor-section-height-default elementor-section-height-default\" data-id=\"07c524a\" data-element_type=\"section\" data-e-type=\"section\">\n\t\t\t\t\t\t<div class=\"elementor-container elementor-column-gap-default\">\n\t\t\t\t\t<div class=\"elementor-column elementor-col-100 elementor-top-column elementor-element elementor-element-7a57777\" data-id=\"7a57777\" data-element_type=\"column\" data-e-type=\"column\">\n\t\t\t<div class=\"elementor-widget-wrap elementor-element-populated\">\n\t\t\t\t\t\t<div class=\"elementor-element elementor-element-9bfb1dc elementor-align-left elementor-widget elementor-widget-breadcrumbs\" data-id=\"9bfb1dc\" data-element_type=\"widget\" data-e-type=\"widget\" data-widget_type=\"breadcrumbs.default\">\n\t\t\t\t<div class=\"elementor-widget-container\">\n\t\t\t\t\t<p id=\"breadcrumbs\"><span><span><a href=\"https:\/\/cedam.fr\/de\/\">Accueil<\/a><\/span><\/span><\/p>\t\t\t\t<\/div>\n\t\t\t\t<\/div>\n\t\t\t\t\t<\/div>\n\t\t<\/div>\n\t\t\t\t\t<\/div>\n\t\t<\/section>\n\t\t\t\t<section class=\"elementor-section elementor-top-section elementor-element elementor-element-4a4bc6b elementor-section-boxed elementor-section-height-default elementor-section-height-default\" data-id=\"4a4bc6b\" data-element_type=\"section\" data-e-type=\"section\">\n\t\t\t\t\t\t<div class=\"elementor-container elementor-column-gap-default\">\n\t\t\t\t\t<div class=\"elementor-column elementor-col-100 elementor-top-column elementor-element elementor-element-726b1d6\" data-id=\"726b1d6\" data-element_type=\"column\" data-e-type=\"column\">\n\t\t\t<div class=\"elementor-widget-wrap elementor-element-populated\">\n\t\t\t\t\t\t<div class=\"elementor-element elementor-element-da55bbc elementor-widget elementor-widget-heading\" data-id=\"da55bbc\" data-element_type=\"widget\" data-e-type=\"widget\" data-widget_type=\"heading.default\">\n\t\t\t\t<div class=\"elementor-widget-container\">\n\t\t\t\t\t<h2 class=\"elementor-heading-title elementor-size-default\"><span>Cedam Waschtischunterschr\u00e4nke<span style=\"color: var( --e-global-color-4830c0a );font-family: var( --e-global-typography-6dd87f2-font-family ), Sans-serif;font-size: var( --e-global-typography-6dd87f2-font-size );font-weight: var( --e-global-typography-6dd87f2-font-weight );letter-spacing: var( --e-global-typography-6dd87f2-letter-spacing );text-transform: var( --e-global-typography-6dd87f2-text-transform )\"><\/span><\/span><\/h2>\t\t\t\t<\/div>\n\t\t\t\t<\/div>\n\t\t\t\t<div class=\"elementor-element elementor-element-ec222e8 elementor-widget elementor-widget-text-editor\" data-id=\"ec222e8\" data-element_type=\"widget\" data-e-type=\"widget\" data-widget_type=\"text-editor.default\">\n\t\t\t\t<div class=\"elementor-widget-container\">\n\t\t\t\t\t\t\t\t\t<p>Die perfekte Kombination aus Funktionalit\u00e4t und \u00c4sthetik in Ihrem Badezimmer.<\/p>\n<p>Entdecken Sie gleich unsere Kollektionen,<\/p>\n\t\t\t\t\t\t\t\t<\/div>\n\t\t\t\t<\/div>\n\t\t\t\t<div class=\"elementor-element elementor-element-fb65e94 elementor-align-center elementor-widget elementor-widget-button\" data-id=\"fb65e94\" data-element_type=\"widget\" data-e-type=\"widget\" data-widget_type=\"button.default\">\n\t\t\t\t<div class=\"elementor-widget-container\">\n\t\t\t\t\t\t\t\t\t<div class=\"elementor-button-wrapper\">\n\t\t\t\t\t<a class=\"elementor-button elementor-button-link elementor-size-sm\" href=\"https:\/\/cedam.fr\/de\/sammlungen\/\">\n\t\t\t\t\t\t<span class=\"elementor-button-content-wrapper\">\n\t\t\t\t\t\t\t\t\t<span class=\"elementor-button-text\">Unsere Sammlungen<\/span>\n\t\t\t\t\t<\/span>\n\t\t\t\t\t<\/a>\n\t\t\t\t<\/div>\n\t\t\t\t\t\t\t\t<\/div>\n\t\t\t\t<\/div>\n\t\t\t\t<div class=\"elementor-element elementor-element-416f21b elementor-widget elementor-widget-text-editor\" data-id=\"416f21b\" data-element_type=\"widget\" data-e-type=\"widget\" data-widget_type=\"text-editor.default\">\n\t\t\t\t<div class=\"elementor-widget-container\">\n\t\t\t\t\t\t\t\t\t<p><b>Was genau ist ein Waschtischunterschrank?<\/b><\/p>\n<p>Bei der Einrichtung eines Badezimmers kommt es auf jedes Detail an, um einen Raum zu schaffen, der sowohl funktional als auch angenehm ist. Zu den wichtigsten Elementen, die in dieser Gleichung eine gro\u00dfe Rolle spielen, geh\u00f6ren Waschtischunterschr\u00e4nke. Diese M\u00f6belst\u00fccke, die speziell f\u00fcr die Anbringung unter einem Waschbecken oder einer Waschsch\u00fcssel entworfen wurden, f\u00fcgen dem modernen Badezimmer eine entscheidende Dimension hinzu.<\/p>\n\t\t\t\t\t\t\t\t<\/div>\n\t\t\t\t<\/div>\n\t\t\t\t<div class=\"elementor-element elementor-element-d9397e0 elementor-widget elementor-widget-text-editor\" data-id=\"d9397e0\" data-element_type=\"widget\" data-e-type=\"widget\" data-widget_type=\"text-editor.default\">\n\t\t\t\t<div class=\"elementor-widget-container\">\n\t\t\t\t\t\t\t\t\t<p>Ein Waschtischunterschrank ist viel mehr als nur ein Stauraum. Es ist auch &#8230;<\/p>\n\t\t\t\t\t\t\t\t<\/div>\n\t\t\t\t<\/div>\n\t\t\t\t<section class=\"elementor-section elementor-inner-section elementor-element elementor-element-4710d5d elementor-section-boxed elementor-section-height-default elementor-section-height-default\" data-id=\"4710d5d\" data-element_type=\"section\" data-e-type=\"section\">\n\t\t\t\t\t\t<div class=\"elementor-container elementor-column-gap-default\">\n\t\t\t\t\t<div class=\"elementor-column elementor-col-33 elementor-inner-column elementor-element elementor-element-8f7d5ee\" data-id=\"8f7d5ee\" data-element_type=\"column\" data-e-type=\"column\">\n\t\t\t<div class=\"elementor-widget-wrap elementor-element-populated\">\n\t\t\t\t\t\t<div class=\"elementor-element elementor-element-a3ed02f elementor-widget elementor-widget-text-editor\" data-id=\"a3ed02f\" data-element_type=\"widget\" data-e-type=\"widget\" data-widget_type=\"text-editor.default\">\n\t\t\t\t<div class=\"elementor-widget-container\">\n\t\t\t\t\t\t\t\t\t<p><strong>Die Optimierung Ihres Raumes :<\/strong><\/p>\n<p>Einer der offensichtlichsten Vorteile eines Waschtischunterschranks ist seine F\u00e4higkeit, die Raumnutzung im Badezimmer zu maximieren. Durch die intelligente Platzierung eines M\u00f6belst\u00fccks unter dem Waschbecken k\u00f6nnen Sie den ansonsten ungenutzten Raum nutzen und Ablagefl\u00e4chen f\u00fcr Gegenst\u00e4nde wie Handt\u00fccher, Toilettenartikel, Haartrockner und vieles mehr schaffen. Dies h\u00e4lt das Badezimmer sauber und ordentlich und vermeidet Unordnung auf den Theken oder in den Wandregalen.<\/p>\n\t\t\t\t\t\t\t\t<\/div>\n\t\t\t\t<\/div>\n\t\t\t\t\t<\/div>\n\t\t<\/div>\n\t\t\t\t<div class=\"elementor-column elementor-col-33 elementor-inner-column elementor-element elementor-element-caac580\" data-id=\"caac580\" data-element_type=\"column\" data-e-type=\"column\">\n\t\t\t<div class=\"elementor-widget-wrap elementor-element-populated\">\n\t\t\t\t\t\t<div class=\"elementor-element elementor-element-3c0a0c6 elementor-widget elementor-widget-text-editor\" data-id=\"3c0a0c6\" data-element_type=\"widget\" data-e-type=\"widget\" data-widget_type=\"text-editor.default\">\n\t\t\t\t<div class=\"elementor-widget-container\">\n\t\t\t\t\t\t\t\t\t<p><strong>Ein pers\u00f6nlicher Stil :<\/strong><\/p>\n<p>Waschtischunterschr\u00e4nke gibt es in einer Vielzahl von Stilen, Formen, Farben und Materialien, sodass sie f\u00fcr jeden Geschmack und jede Badezimmereinrichtung geeignet sind. Ob Sie einen modernen, klaren Look bevorzugen, rustikal und traditionell oder sogar zeitgen\u00f6ssisch mit einem Hauch von Industriedesign &#8211; es gibt einen Waschtischunterschrank, der Ihren \u00e4sthetischen Vorstellungen entspricht.&nbsp;<\/p>\t\t\t\t\t\t\t\t<\/div>\n\t\t\t\t<\/div>\n\t\t\t\t\t<\/div>\n\t\t<\/div>\n\t\t\t\t<div class=\"elementor-column elementor-col-33 elementor-inner-column elementor-element elementor-element-5e6d874\" data-id=\"5e6d874\" data-element_type=\"column\" data-e-type=\"column\">\n\t\t\t<div class=\"elementor-widget-wrap elementor-element-populated\">\n\t\t\t\t\t\t<div class=\"elementor-element elementor-element-0c8cb75 elementor-widget elementor-widget-text-editor\" data-id=\"0c8cb75\" data-element_type=\"widget\" data-e-type=\"widget\" data-widget_type=\"text-editor.default\">\n\t\t\t\t<div class=\"elementor-widget-container\">\n\t\t\t\t\t\t\t\t\t<p><strong>Verbesserte Funktionalit\u00e4t :<\/strong><\/p>\n<p>Neben der Aufbewahrung bieten Waschtischunterschr\u00e4nke oft zus\u00e4tzliche Funktionen, um das Erlebnis im Badezimmer zu verbessern. Einige Modelle sind mit sanft schlie\u00dfenden Schubladen, verstellbaren F\u00e4chern und sogar mit eingebauten Steckdosen ausgestattet, um die Nutzung der Sch\u00f6nheitsger\u00e4te zu erleichtern. Diese Eigenschaften verleihen Ihrer t\u00e4glichen Routine einen Hauch von Luxus.<\/p>\t\t\t\t\t\t\t\t<\/div>\n\t\t\t\t<\/div>\n\t\t\t\t\t<\/div>\n\t\t<\/div>\n\t\t\t\t\t<\/div>\n\t\t<\/section>\n\t\t\t\t\t<\/div>\n\t\t<\/div>\n\t\t\t\t\t<\/div>\n\t\t<\/section>\n\t\t<div class=\"elementor-element elementor-element-46d6189 e-flex e-con-boxed e-con e-parent\" data-id=\"46d6189\" data-element_type=\"container\" data-e-type=\"container\">\n\t\t\t\t\t<div class=\"e-con-inner\">\n\t\t\t\t<div class=\"elementor-element elementor-element-8ebaf84 elementor-widget elementor-widget-gallery\" data-id=\"8ebaf84\" data-element_type=\"widget\" data-e-type=\"widget\" data-settings=\"{&quot;lazyload&quot;:&quot;yes&quot;,&quot;gallery_layout&quot;:&quot;grid&quot;,&quot;columns&quot;:4,&quot;columns_tablet&quot;:2,&quot;columns_mobile&quot;:1,&quot;gap&quot;:{&quot;unit&quot;:&quot;px&quot;,&quot;size&quot;:10,&quot;sizes&quot;:[]},&quot;gap_tablet&quot;:{&quot;unit&quot;:&quot;px&quot;,&quot;size&quot;:10,&quot;sizes&quot;:[]},&quot;gap_mobile&quot;:{&quot;unit&quot;:&quot;px&quot;,&quot;size&quot;:10,&quot;sizes&quot;:[]},&quot;link_to&quot;:&quot;file&quot;,&quot;aspect_ratio&quot;:&quot;3:2&quot;,&quot;overlay_background&quot;:&quot;yes&quot;,&quot;content_hover_animation&quot;:&quot;fade-in&quot;}\" data-widget_type=\"gallery.default\">\n\t\t\t\t<div class=\"elementor-widget-container\">\n\t\t\t\t\t\t\t<div class=\"elementor-gallery__container\">\n\t\t\t\t\t\t\t<a class=\"e-gallery-item elementor-gallery-item elementor-animated-content\" href=\"https:\/\/cedam.fr\/wp-content\/uploads\/2023\/09\/filo-zoom3.jpg\" data-elementor-open-lightbox=\"yes\" data-elementor-lightbox-slideshow=\"8ebaf84\" data-elementor-lightbox-title=\"LARGEUR 100 CM - NOYER AM\u00c9RICAIN - PLAN VASQUE EN C\u00c9RAMIQUE NOIR MAT (FIPLAN)\" data-e-action-hash=\"#elementor-action%3Aaction%3Dlightbox%26settings%3DeyJpZCI6MjI5NDUsInVybCI6Imh0dHBzOlwvXC9jZWRhbS5mclwvd3AtY29udGVudFwvdXBsb2Fkc1wvMjAyM1wvMDlcL2ZpbG8tem9vbTMuanBnIiwic2xpZGVzaG93IjoiOGViYWY4NCJ9\">\n\t\t\t\t\t<div class=\"e-gallery-image elementor-gallery-item__image\" data-thumbnail=\"https:\/\/cedam.fr\/wp-content\/uploads\/2023\/09\/filo-zoom3-300x281.jpg\" data-width=\"300\" data-height=\"281\" aria-label=\"\" role=\"img\" ><\/div>\n\t\t\t\t\t\t\t\t\t\t\t<div class=\"elementor-gallery-item__overlay\"><\/div>\n\t\t\t\t\t\t\t\t\t\t\t\t\t\t<\/a>\n\t\t\t\t\t\t\t<a class=\"e-gallery-item elementor-gallery-item elementor-animated-content\" href=\"https:\/\/cedam.fr\/wp-content\/uploads\/2023\/09\/montana-zoom2.jpg\" data-elementor-open-lightbox=\"yes\" data-elementor-lightbox-slideshow=\"8ebaf84\" data-elementor-lightbox-title=\"LARGEUR 140 CM - MEUBLE NOYER TABAC - PLAN VASQUE EN MARBRE RECONSTITU\u00c9 MAT\" data-e-action-hash=\"#elementor-action%3Aaction%3Dlightbox%26settings%3DeyJpZCI6MjI5MzEsInVybCI6Imh0dHBzOlwvXC9jZWRhbS5mclwvd3AtY29udGVudFwvdXBsb2Fkc1wvMjAyM1wvMDlcL21vbnRhbmEtem9vbTIuanBnIiwic2xpZGVzaG93IjoiOGViYWY4NCJ9\">\n\t\t\t\t\t<div class=\"e-gallery-image elementor-gallery-item__image\" data-thumbnail=\"https:\/\/cedam.fr\/wp-content\/uploads\/2023\/09\/montana-zoom2-300x300.jpg\" data-width=\"300\" data-height=\"300\" aria-label=\"\" role=\"img\" ><\/div>\n\t\t\t\t\t\t\t\t\t\t\t<div class=\"elementor-gallery-item__overlay\"><\/div>\n\t\t\t\t\t\t\t\t\t\t\t\t\t\t<\/a>\n\t\t\t\t\t\t\t<a class=\"e-gallery-item elementor-gallery-item elementor-animated-content\" href=\"https:\/\/cedam.fr\/wp-content\/uploads\/2023\/09\/CURL-amb09.jpg\" data-elementor-open-lightbox=\"yes\" data-elementor-lightbox-slideshow=\"8ebaf84\" data-elementor-lightbox-title=\"LARGEUR 126 CM - MYRTILLE SATIN\u00c9 - PLAN VASQUE EN MARBRE RECONSTITU\u00c9 BRILLANT GAUCHE\" data-e-action-hash=\"#elementor-action%3Aaction%3Dlightbox%26settings%3DeyJpZCI6MjI4NzUsInVybCI6Imh0dHBzOlwvXC9jZWRhbS5mclwvd3AtY29udGVudFwvdXBsb2Fkc1wvMjAyM1wvMDlcL0NVUkwtYW1iMDkuanBnIiwic2xpZGVzaG93IjoiOGViYWY4NCJ9\">\n\t\t\t\t\t<div class=\"e-gallery-image elementor-gallery-item__image\" data-thumbnail=\"https:\/\/cedam.fr\/wp-content\/uploads\/2023\/09\/CURL-amb09-300x214.jpg\" data-width=\"300\" data-height=\"214\" aria-label=\"\" role=\"img\" ><\/div>\n\t\t\t\t\t\t\t\t\t\t\t<div class=\"elementor-gallery-item__overlay\"><\/div>\n\t\t\t\t\t\t\t\t\t\t\t\t\t\t<\/a>\n\t\t\t\t\t\t\t<a class=\"e-gallery-item elementor-gallery-item elementor-animated-content\" href=\"https:\/\/cedam.fr\/wp-content\/uploads\/2023\/09\/montana-amb02.jpg\" data-elementor-open-lightbox=\"yes\" data-elementor-lightbox-slideshow=\"8ebaf84\" data-elementor-lightbox-title=\"LARGEUR 140 CM - MEUBLE NOYER TABAC - PLAN VASQUE EN MARBRE RECONSTITU\u00c9 MAT\" data-e-action-hash=\"#elementor-action%3Aaction%3Dlightbox%26settings%3DeyJpZCI6MjI5MjksInVybCI6Imh0dHBzOlwvXC9jZWRhbS5mclwvd3AtY29udGVudFwvdXBsb2Fkc1wvMjAyM1wvMDlcL21vbnRhbmEtYW1iMDIuanBnIiwic2xpZGVzaG93IjoiOGViYWY4NCJ9\">\n\t\t\t\t\t<div class=\"e-gallery-image elementor-gallery-item__image\" data-thumbnail=\"https:\/\/cedam.fr\/wp-content\/uploads\/2023\/09\/montana-amb02-300x214.jpg\" data-width=\"300\" data-height=\"214\" aria-label=\"\" role=\"img\" ><\/div>\n\t\t\t\t\t\t\t\t\t\t\t<div class=\"elementor-gallery-item__overlay\"><\/div>\n\t\t\t\t\t\t\t\t\t\t\t\t\t\t<\/a>\n\t\t\t\t\t\t\t<a class=\"e-gallery-item elementor-gallery-item elementor-animated-content\" href=\"https:\/\/cedam.fr\/wp-content\/uploads\/2023\/09\/filo-amb2.jpg\" data-elementor-open-lightbox=\"yes\" data-elementor-lightbox-slideshow=\"8ebaf84\" data-elementor-lightbox-title=\"LARGEUR 100 CM - NOYER AM\u00c9RICAIN - PLAN VASQUE EN C\u00c9RAMIQUE NOIR MAT (FIPLAN)\" data-e-action-hash=\"#elementor-action%3Aaction%3Dlightbox%26settings%3DeyJpZCI6MjI5NDMsInVybCI6Imh0dHBzOlwvXC9jZWRhbS5mclwvd3AtY29udGVudFwvdXBsb2Fkc1wvMjAyM1wvMDlcL2ZpbG8tYW1iMi5qcGciLCJzbGlkZXNob3ciOiI4ZWJhZjg0In0%3D\">\n\t\t\t\t\t<div class=\"e-gallery-image elementor-gallery-item__image\" data-thumbnail=\"https:\/\/cedam.fr\/wp-content\/uploads\/2023\/09\/filo-amb2-300x281.jpg\" data-width=\"300\" data-height=\"281\" aria-label=\"\" role=\"img\" ><\/div>\n\t\t\t\t\t\t\t\t\t\t\t<div class=\"elementor-gallery-item__overlay\"><\/div>\n\t\t\t\t\t\t\t\t\t\t\t\t\t\t<\/a>\n\t\t\t\t\t\t\t<a class=\"e-gallery-item elementor-gallery-item elementor-animated-content\" href=\"https:\/\/cedam.fr\/wp-content\/uploads\/2023\/09\/Elite-amb10.jpg\" data-elementor-open-lightbox=\"yes\" data-elementor-lightbox-slideshow=\"8ebaf84\" data-elementor-lightbox-title=\"LARGEUR 121 CM - SABLE SATIN\u00c9 - PLAN VASQUE EN MARBRE RECONSTITU\u00c9 MAT (GSPLAN)\" data-e-action-hash=\"#elementor-action%3Aaction%3Dlightbox%26settings%3DeyJpZCI6MjI4MTksInVybCI6Imh0dHBzOlwvXC9jZWRhbS5mclwvd3AtY29udGVudFwvdXBsb2Fkc1wvMjAyM1wvMDlcL0VsaXRlLWFtYjEwLmpwZyIsInNsaWRlc2hvdyI6IjhlYmFmODQifQ%3D%3D\">\n\t\t\t\t\t<div class=\"e-gallery-image elementor-gallery-item__image\" data-thumbnail=\"https:\/\/cedam.fr\/wp-content\/uploads\/2023\/09\/Elite-amb10-300x214.jpg\" data-width=\"300\" data-height=\"214\" aria-label=\"\" role=\"img\" ><\/div>\n\t\t\t\t\t\t\t\t\t\t\t<div class=\"elementor-gallery-item__overlay\"><\/div>\n\t\t\t\t\t\t\t\t\t\t\t\t\t\t<\/a>\n\t\t\t\t\t\t\t<a class=\"e-gallery-item elementor-gallery-item elementor-animated-content\" href=\"https:\/\/cedam.fr\/wp-content\/uploads\/2023\/09\/Toscane-amb10.jpg\" data-elementor-open-lightbox=\"yes\" data-elementor-lightbox-slideshow=\"8ebaf84\" data-elementor-lightbox-title=\"LARGEUR 121 CM - CH\u00caNE FUM\u00c9 - PLAN VASQUE EN MARBRE RECONSTITU\u00c9 MAT (TEPLAN)\" data-e-action-hash=\"#elementor-action%3Aaction%3Dlightbox%26settings%3DeyJpZCI6MjI4MDcsInVybCI6Imh0dHBzOlwvXC9jZWRhbS5mclwvd3AtY29udGVudFwvdXBsb2Fkc1wvMjAyM1wvMDlcL1Rvc2NhbmUtYW1iMTAuanBnIiwic2xpZGVzaG93IjoiOGViYWY4NCJ9\">\n\t\t\t\t\t<div class=\"e-gallery-image elementor-gallery-item__image\" data-thumbnail=\"https:\/\/cedam.fr\/wp-content\/uploads\/2023\/09\/Toscane-amb10-300x214.jpg\" data-width=\"300\" data-height=\"214\" aria-label=\"\" role=\"img\" ><\/div>\n\t\t\t\t\t\t\t\t\t\t\t<div class=\"elementor-gallery-item__overlay\"><\/div>\n\t\t\t\t\t\t\t\t\t\t\t\t\t\t<\/a>\n\t\t\t\t\t\t\t<a class=\"e-gallery-item elementor-gallery-item elementor-animated-content\" href=\"https:\/\/cedam.fr\/wp-content\/uploads\/2023\/09\/Toscane-amb09.jpg\" data-elementor-open-lightbox=\"yes\" data-elementor-lightbox-slideshow=\"8ebaf84\" data-elementor-lightbox-title=\"LARGEUR 121 CM - CH\u00caNE FUM\u00c9 - PLAN VASQUE EN MARBRE RECONSTITU\u00c9 MAT (TEPLAN)\" data-e-action-hash=\"#elementor-action%3Aaction%3Dlightbox%26settings%3DeyJpZCI6MjI4MDUsInVybCI6Imh0dHBzOlwvXC9jZWRhbS5mclwvd3AtY29udGVudFwvdXBsb2Fkc1wvMjAyM1wvMDlcL1Rvc2NhbmUtYW1iMDkuanBnIiwic2xpZGVzaG93IjoiOGViYWY4NCJ9\">\n\t\t\t\t\t<div class=\"e-gallery-image elementor-gallery-item__image\" data-thumbnail=\"https:\/\/cedam.fr\/wp-content\/uploads\/2023\/09\/Toscane-amb09-300x214.jpg\" data-width=\"300\" data-height=\"214\" aria-label=\"\" role=\"img\" ><\/div>\n\t\t\t\t\t\t\t\t\t\t\t<div class=\"elementor-gallery-item__overlay\"><\/div>\n\t\t\t\t\t\t\t\t\t\t\t\t\t\t<\/a>\n\t\t\t\t\t<\/div>\n\t\t\t\t\t<\/div>\n\t\t\t\t<\/div>\n\t\t\t\t\t<\/div>\n\t\t\t\t<\/div>\n\t\t\t\t<\/div>\n\t\t","protected":false},"excerpt":{"rendered":"<p>Waschtischuntersetzer M\u00f6bel Cedam Waschtischunterschr\u00e4nke Die perfekte Kombination aus Funktionalit\u00e4t und \u00c4sthetik in Ihrem Badezimmer. Entdecken Sie gleich unsere Kollektionen, Unsere Sammlungen Was genau ist ein Waschtischunterschrank? Bei der Einrichtung eines Badezimmers kommt es auf jedes Detail an, um einen Raum zu schaffen, der sowohl funktional als auch angenehm ist. Zu den wichtigsten Elementen, die in [&hellip;]<\/p>\n","protected":false},"author":2,"featured_media":22947,"parent":0,"menu_order":0,"comment_status":"closed","ping_status":"closed","template":"","meta":{"_acf_changed":false,"footnotes":""},"class_list":["post-23297","page","type-page","status-publish","has-post-thumbnail","hentry"],"acf":[],"yoast_head":"<!-- This site is optimized with the Yoast SEO plugin v27.4 - https:\/\/yoast.com\/product\/yoast-seo-wordpress\/ -->\n<title>Waschtischunterschr\u00e4nke - Cedam<\/title>\n<meta name=\"description\" content=\"Ein Waschbeckenunterschrank ist ein M\u00f6belst\u00fcck, das speziell f\u00fcr die Platzierung unter einem Waschbecken oder einer Waschsch\u00fcssel in einem Badezimmer entworfen wurde. Es soll unter dem Waschbecken praktischen Stauraum bieten, meist in Form von Schr\u00e4nken, Schubladen oder Regalen, in denen Sie Toilettenartikel, Handt\u00fccher und andere Badezimmerutensilien aufbewahren k\u00f6nnen. Waschtischunterschr\u00e4nke gibt es in einer Vielzahl von Stilen, Gr\u00f6\u00dfen und Materialien, die zu verschiedenen Arten von Badezimmereinrichtungen und Aufbewahrungsbed\u00fcrfnissen passen. Sie tragen dazu bei, die Raumnutzung in einem Badezimmer zu maximieren, w\u00e4hrend sie gleichzeitig ein \u00e4sthetisches und funktionales Aussehen bieten.D\" \/>\n<meta name=\"robots\" content=\"index, follow, max-snippet:-1, max-image-preview:large, max-video-preview:-1\" \/>\n<link rel=\"canonical\" href=\"https:\/\/cedam.fr\/de\/waschtischunterschraenke\/\" \/>\n<meta property=\"og:locale\" content=\"de_DE\" \/>\n<meta property=\"og:type\" content=\"article\" \/>\n<meta property=\"og:title\" content=\"Waschtischunterschr\u00e4nke - Cedam\" \/>\n<meta property=\"og:description\" content=\"Ein Waschbeckenunterschrank ist ein M\u00f6belst\u00fcck, das speziell f\u00fcr die Platzierung unter einem Waschbecken oder einer Waschsch\u00fcssel in einem Badezimmer entworfen wurde. Es soll unter dem Waschbecken praktischen Stauraum bieten, meist in Form von Schr\u00e4nken, Schubladen oder Regalen, in denen Sie Toilettenartikel, Handt\u00fccher und andere Badezimmerutensilien aufbewahren k\u00f6nnen. Waschtischunterschr\u00e4nke gibt es in einer Vielzahl von Stilen, Gr\u00f6\u00dfen und Materialien, die zu verschiedenen Arten von Badezimmereinrichtungen und Aufbewahrungsbed\u00fcrfnissen passen. Sie tragen dazu bei, die Raumnutzung in einem Badezimmer zu maximieren, w\u00e4hrend sie gleichzeitig ein \u00e4sthetisches und funktionales Aussehen bieten.D\" \/>\n<meta property=\"og:url\" content=\"https:\/\/cedam.fr\/de\/waschtischunterschraenke\/\" \/>\n<meta property=\"og:site_name\" content=\"Cedam\" \/>\n<meta property=\"article:modified_time\" content=\"2025-02-24T09:05:10+00:00\" \/>\n<meta property=\"og:image\" content=\"https:\/\/cedam.fr\/wp-content\/uploads\/2023\/09\/filo-amb3.jpg\" \/>\n\t<meta property=\"og:image:width\" content=\"851\" \/>\n\t<meta property=\"og:image:height\" content=\"798\" \/>\n\t<meta property=\"og:image:type\" content=\"image\/jpeg\" \/>\n<meta name=\"twitter:card\" content=\"summary_large_image\" \/>\n<meta name=\"twitter:label1\" content=\"Gesch\u00e4tzte Lesezeit\" \/>\n\t<meta name=\"twitter:data1\" content=\"1\u00a0Minute\" \/>\n<script type=\"application\/ld+json\" class=\"yoast-schema-graph\">{\"@context\":\"https:\\\/\\\/schema.org\",\"@graph\":[{\"@type\":\"WebPage\",\"@id\":\"https:\\\/\\\/cedam.fr\\\/de\\\/waschtischunterschraenke\\\/\",\"url\":\"https:\\\/\\\/cedam.fr\\\/de\\\/waschtischunterschraenke\\\/\",\"name\":\"Waschtischunterschr\u00e4nke - Cedam\",\"isPartOf\":{\"@id\":\"https:\\\/\\\/cedam.fr\\\/de\\\/#website\"},\"primaryImageOfPage\":{\"@id\":\"https:\\\/\\\/cedam.fr\\\/de\\\/waschtischunterschraenke\\\/#primaryimage\"},\"image\":{\"@id\":\"https:\\\/\\\/cedam.fr\\\/de\\\/waschtischunterschraenke\\\/#primaryimage\"},\"thumbnailUrl\":\"https:\\\/\\\/cedam.fr\\\/wp-content\\\/uploads\\\/2023\\\/09\\\/filo-amb3.jpg\",\"datePublished\":\"2023-09-25T13:17:25+00:00\",\"dateModified\":\"2025-02-24T09:05:10+00:00\",\"description\":\"Ein Waschbeckenunterschrank ist ein M\u00f6belst\u00fcck, das speziell f\u00fcr die Platzierung unter einem Waschbecken oder einer Waschsch\u00fcssel in einem Badezimmer entworfen wurde. Es soll unter dem Waschbecken praktischen Stauraum bieten, meist in Form von Schr\u00e4nken, Schubladen oder Regalen, in denen Sie Toilettenartikel, Handt\u00fccher und andere Badezimmerutensilien aufbewahren k\u00f6nnen. Waschtischunterschr\u00e4nke gibt es in einer Vielzahl von Stilen, Gr\u00f6\u00dfen und Materialien, die zu verschiedenen Arten von Badezimmereinrichtungen und Aufbewahrungsbed\u00fcrfnissen passen. Sie tragen dazu bei, die Raumnutzung in einem Badezimmer zu maximieren, w\u00e4hrend sie gleichzeitig ein \u00e4sthetisches und funktionales Aussehen bieten.D\",\"breadcrumb\":{\"@id\":\"https:\\\/\\\/cedam.fr\\\/de\\\/waschtischunterschraenke\\\/#breadcrumb\"},\"inLanguage\":\"de\",\"potentialAction\":[{\"@type\":\"ReadAction\",\"target\":[\"https:\\\/\\\/cedam.fr\\\/de\\\/waschtischunterschraenke\\\/\"]}]},{\"@type\":\"ImageObject\",\"inLanguage\":\"de\",\"@id\":\"https:\\\/\\\/cedam.fr\\\/de\\\/waschtischunterschraenke\\\/#primaryimage\",\"url\":\"https:\\\/\\\/cedam.fr\\\/wp-content\\\/uploads\\\/2023\\\/09\\\/filo-amb3.jpg\",\"contentUrl\":\"https:\\\/\\\/cedam.fr\\\/wp-content\\\/uploads\\\/2023\\\/09\\\/filo-amb3.jpg\",\"width\":851,\"height\":798},{\"@type\":\"BreadcrumbList\",\"@id\":\"https:\\\/\\\/cedam.fr\\\/de\\\/waschtischunterschraenke\\\/#breadcrumb\",\"itemListElement\":[{\"@type\":\"ListItem\",\"position\":1,\"name\":\"Accueil\",\"item\":\"https:\\\/\\\/cedam.fr\\\/de\\\/\"},{\"@type\":\"ListItem\",\"position\":2,\"name\":\"Waschtischunterschr\u00e4nke\"}]},{\"@type\":\"WebSite\",\"@id\":\"https:\\\/\\\/cedam.fr\\\/de\\\/#website\",\"url\":\"https:\\\/\\\/cedam.fr\\\/de\\\/\",\"name\":\"Cedam\",\"description\":\"\",\"publisher\":{\"@id\":\"https:\\\/\\\/cedam.fr\\\/de\\\/#organization\"},\"potentialAction\":[{\"@type\":\"SearchAction\",\"target\":{\"@type\":\"EntryPoint\",\"urlTemplate\":\"https:\\\/\\\/cedam.fr\\\/de\\\/?s={search_term_string}\"},\"query-input\":{\"@type\":\"PropertyValueSpecification\",\"valueRequired\":true,\"valueName\":\"search_term_string\"}}],\"inLanguage\":\"de\"},{\"@type\":\"Organization\",\"@id\":\"https:\\\/\\\/cedam.fr\\\/de\\\/#organization\",\"name\":\"Cedam\",\"url\":\"https:\\\/\\\/cedam.fr\\\/de\\\/\",\"logo\":{\"@type\":\"ImageObject\",\"inLanguage\":\"de\",\"@id\":\"https:\\\/\\\/cedam.fr\\\/de\\\/#\\\/schema\\\/logo\\\/image\\\/\",\"url\":\"https:\\\/\\\/cedam.fr\\\/wp-content\\\/uploads\\\/2023\\\/02\\\/new_logo_white.svg\",\"contentUrl\":\"https:\\\/\\\/cedam.fr\\\/wp-content\\\/uploads\\\/2023\\\/02\\\/new_logo_white.svg\",\"caption\":\"Cedam\"},\"image\":{\"@id\":\"https:\\\/\\\/cedam.fr\\\/de\\\/#\\\/schema\\\/logo\\\/image\\\/\"}}]}<\/script>\n<!-- \/ Yoast SEO plugin. -->","yoast_head_json":{"title":"Waschtischunterschr\u00e4nke - Cedam","description":"Ein Waschbeckenunterschrank ist ein M\u00f6belst\u00fcck, das speziell f\u00fcr die Platzierung unter einem Waschbecken oder einer Waschsch\u00fcssel in einem Badezimmer entworfen wurde. Es soll unter dem Waschbecken praktischen Stauraum bieten, meist in Form von Schr\u00e4nken, Schubladen oder Regalen, in denen Sie Toilettenartikel, Handt\u00fccher und andere Badezimmerutensilien aufbewahren k\u00f6nnen. Waschtischunterschr\u00e4nke gibt es in einer Vielzahl von Stilen, Gr\u00f6\u00dfen und Materialien, die zu verschiedenen Arten von Badezimmereinrichtungen und Aufbewahrungsbed\u00fcrfnissen passen. Sie tragen dazu bei, die Raumnutzung in einem Badezimmer zu maximieren, w\u00e4hrend sie gleichzeitig ein \u00e4sthetisches und funktionales Aussehen bieten.D","robots":{"index":"index","follow":"follow","max-snippet":"max-snippet:-1","max-image-preview":"max-image-preview:large","max-video-preview":"max-video-preview:-1"},"canonical":"https:\/\/cedam.fr\/de\/waschtischunterschraenke\/","og_locale":"de_DE","og_type":"article","og_title":"Waschtischunterschr\u00e4nke - Cedam","og_description":"Ein Waschbeckenunterschrank ist ein M\u00f6belst\u00fcck, das speziell f\u00fcr die Platzierung unter einem Waschbecken oder einer Waschsch\u00fcssel in einem Badezimmer entworfen wurde. Es soll unter dem Waschbecken praktischen Stauraum bieten, meist in Form von Schr\u00e4nken, Schubladen oder Regalen, in denen Sie Toilettenartikel, Handt\u00fccher und andere Badezimmerutensilien aufbewahren k\u00f6nnen. Waschtischunterschr\u00e4nke gibt es in einer Vielzahl von Stilen, Gr\u00f6\u00dfen und Materialien, die zu verschiedenen Arten von Badezimmereinrichtungen und Aufbewahrungsbed\u00fcrfnissen passen. Sie tragen dazu bei, die Raumnutzung in einem Badezimmer zu maximieren, w\u00e4hrend sie gleichzeitig ein \u00e4sthetisches und funktionales Aussehen bieten.D","og_url":"https:\/\/cedam.fr\/de\/waschtischunterschraenke\/","og_site_name":"Cedam","article_modified_time":"2025-02-24T09:05:10+00:00","og_image":[{"width":851,"height":798,"url":"https:\/\/cedam.fr\/wp-content\/uploads\/2023\/09\/filo-amb3.jpg","type":"image\/jpeg"}],"twitter_card":"summary_large_image","twitter_misc":{"Gesch\u00e4tzte Lesezeit":"1\u00a0Minute"},"schema":{"@context":"https:\/\/schema.org","@graph":[{"@type":"WebPage","@id":"https:\/\/cedam.fr\/de\/waschtischunterschraenke\/","url":"https:\/\/cedam.fr\/de\/waschtischunterschraenke\/","name":"Waschtischunterschr\u00e4nke - Cedam","isPartOf":{"@id":"https:\/\/cedam.fr\/de\/#website"},"primaryImageOfPage":{"@id":"https:\/\/cedam.fr\/de\/waschtischunterschraenke\/#primaryimage"},"image":{"@id":"https:\/\/cedam.fr\/de\/waschtischunterschraenke\/#primaryimage"},"thumbnailUrl":"https:\/\/cedam.fr\/wp-content\/uploads\/2023\/09\/filo-amb3.jpg","datePublished":"2023-09-25T13:17:25+00:00","dateModified":"2025-02-24T09:05:10+00:00","description":"Ein Waschbeckenunterschrank ist ein M\u00f6belst\u00fcck, das speziell f\u00fcr die Platzierung unter einem Waschbecken oder einer Waschsch\u00fcssel in einem Badezimmer entworfen wurde. Es soll unter dem Waschbecken praktischen Stauraum bieten, meist in Form von Schr\u00e4nken, Schubladen oder Regalen, in denen Sie Toilettenartikel, Handt\u00fccher und andere Badezimmerutensilien aufbewahren k\u00f6nnen. Waschtischunterschr\u00e4nke gibt es in einer Vielzahl von Stilen, Gr\u00f6\u00dfen und Materialien, die zu verschiedenen Arten von Badezimmereinrichtungen und Aufbewahrungsbed\u00fcrfnissen passen. Sie tragen dazu bei, die Raumnutzung in einem Badezimmer zu maximieren, w\u00e4hrend sie gleichzeitig ein \u00e4sthetisches und funktionales Aussehen bieten.D","breadcrumb":{"@id":"https:\/\/cedam.fr\/de\/waschtischunterschraenke\/#breadcrumb"},"inLanguage":"de","potentialAction":[{"@type":"ReadAction","target":["https:\/\/cedam.fr\/de\/waschtischunterschraenke\/"]}]},{"@type":"ImageObject","inLanguage":"de","@id":"https:\/\/cedam.fr\/de\/waschtischunterschraenke\/#primaryimage","url":"https:\/\/cedam.fr\/wp-content\/uploads\/2023\/09\/filo-amb3.jpg","contentUrl":"https:\/\/cedam.fr\/wp-content\/uploads\/2023\/09\/filo-amb3.jpg","width":851,"height":798},{"@type":"BreadcrumbList","@id":"https:\/\/cedam.fr\/de\/waschtischunterschraenke\/#breadcrumb","itemListElement":[{"@type":"ListItem","position":1,"name":"Accueil","item":"https:\/\/cedam.fr\/de\/"},{"@type":"ListItem","position":2,"name":"Waschtischunterschr\u00e4nke"}]},{"@type":"WebSite","@id":"https:\/\/cedam.fr\/de\/#website","url":"https:\/\/cedam.fr\/de\/","name":"Cedam","description":"","publisher":{"@id":"https:\/\/cedam.fr\/de\/#organization"},"potentialAction":[{"@type":"SearchAction","target":{"@type":"EntryPoint","urlTemplate":"https:\/\/cedam.fr\/de\/?s={search_term_string}"},"query-input":{"@type":"PropertyValueSpecification","valueRequired":true,"valueName":"search_term_string"}}],"inLanguage":"de"},{"@type":"Organization","@id":"https:\/\/cedam.fr\/de\/#organization","name":"Cedam","url":"https:\/\/cedam.fr\/de\/","logo":{"@type":"ImageObject","inLanguage":"de","@id":"https:\/\/cedam.fr\/de\/#\/schema\/logo\/image\/","url":"https:\/\/cedam.fr\/wp-content\/uploads\/2023\/02\/new_logo_white.svg","contentUrl":"https:\/\/cedam.fr\/wp-content\/uploads\/2023\/02\/new_logo_white.svg","caption":"Cedam"},"image":{"@id":"https:\/\/cedam.fr\/de\/#\/schema\/logo\/image\/"}}]}},"_links":{"self":[{"href":"https:\/\/cedam.fr\/de\/wp-json\/wp\/v2\/pages\/23297","targetHints":{"allow":["GET"]}}],"collection":[{"href":"https:\/\/cedam.fr\/de\/wp-json\/wp\/v2\/pages"}],"about":[{"href":"https:\/\/cedam.fr\/de\/wp-json\/wp\/v2\/types\/page"}],"author":[{"embeddable":true,"href":"https:\/\/cedam.fr\/de\/wp-json\/wp\/v2\/users\/2"}],"replies":[{"embeddable":true,"href":"https:\/\/cedam.fr\/de\/wp-json\/wp\/v2\/comments?post=23297"}],"version-history":[{"count":2,"href":"https:\/\/cedam.fr\/de\/wp-json\/wp\/v2\/pages\/23297\/revisions"}],"predecessor-version":[{"id":24519,"href":"https:\/\/cedam.fr\/de\/wp-json\/wp\/v2\/pages\/23297\/revisions\/24519"}],"wp:featuredmedia":[{"embeddable":true,"href":"https:\/\/cedam.fr\/de\/wp-json\/wp\/v2\/media\/22947"}],"wp:attachment":[{"href":"https:\/\/cedam.fr\/de\/wp-json\/wp\/v2\/media?parent=23297"}],"curies":[{"name":"wp","href":"https:\/\/api.w.org\/{rel}","templated":true}]}}